{"version":"1.0","provider_name":"Doyenn\u00e9 Grand Angoul\u00eame","provider_url":"https:\/\/charente.catholique.fr\/grand-angouleme","author_name":"Sylvaine","author_url":"https:\/\/charente.catholique.fr\/grand-angouleme\/author\/sylvainelacrouts\/","title":"Rencontre avec Jos\u00e9 Arregi - Doyenn\u00e9 Grand Angoul\u00eame","type":"rich","width":600,"height":338,"html":"<blockquote class=\"wp-embedded-content\" data-secret=\"Au1A4qluxk\"><a href=\"https:\/\/charente.catholique.fr\/grand-angouleme\/agenda\/rencontre-avec-jose-arregi\/\">Rencontre avec Jos\u00e9 Arregi<\/a><\/blockquote><iframe sandbox=\"allow-scripts\" security=\"restricted\" src=\"https:\/\/charente.catholique.fr\/grand-angouleme\/agenda\/rencontre-avec-jose-arregi\/embed\/#?secret=Au1A4qluxk\" width=\"600\" height=\"338\" title=\"\u00ab\u00a0Rencontre avec Jos\u00e9 Arregi\u00a0\u00bb &#8212; Doyenn\u00e9 Grand Angoul\u00eame\" data-secret=\"Au1A4qluxk\" frameborder=\"0\" marginwidth=\"0\" marginheight=\"0\" scrolling=\"no\" class=\"wp-embedded-content\"><\/iframe><script type=\"text\/javascript\">\n\/* <![CDATA[ *\/\n\/*! This file is auto-generated *\/\n!function(d,l){\"use strict\";l.querySelector&&d.addEventListener&&\"undefined\"!=typeof URL&&(d.wp=d.wp||{},d.wp.receiveEmbedMessage||(d.wp.receiveEmbedMessage=function(e){var t=e.data;if((t||t.secret||t.message||t.value)&&!\/[^a-zA-Z0-9]\/.test(t.secret)){for(var s,r,n,a=l.querySelectorAll('iframe[data-secret=\"'+t.secret+'\"]'),o=l.querySelectorAll('blockquote[data-secret=\"'+t.secret+'\"]'),c=new RegExp(\"^https?:$\",\"i\"),i=0;i<o.length;i++)o[i].style.display=\"none\";for(i=0;i<a.length;i++)s=a[i],e.source===s.contentWindow&&(s.removeAttribute(\"style\"),\"height\"===t.message?(1e3<(r=parseInt(t.value,10))?r=1e3:~~r<200&&(r=200),s.height=r):\"link\"===t.message&&(r=new URL(s.getAttribute(\"src\")),n=new URL(t.value),c.test(n.protocol))&&n.host===r.host&&l.activeElement===s&&(d.top.location.href=t.value))}},d.addEventListener(\"message\",d.wp.receiveEmbedMessage,!1),l.addEventListener(\"DOMContentLoaded\",function(){for(var e,t,s=l.querySelectorAll(\"iframe.wp-embedded-content\"),r=0;r<s.length;r++)(t=(e=s[r]).getAttribute(\"data-secret\"))||(t=Math.random().toString(36).substring(2,12),e.src+=\"#?secret=\"+t,e.setAttribute(\"data-secret\",t)),e.contentWindow.postMessage({message:\"ready\",secret:t},\"*\")},!1)))}(window,document);\n\/\/# sourceURL=https:\/\/charente.catholique.fr\/grand-angouleme\/wp-includes\/js\/wp-embed.min.js\n\/* ]]> *\/\n<\/script>\n","thumbnail_url":"https:\/\/charente.catholique.fr\/grand-angouleme\/wp-content\/uploads\/sites\/2\/2025\/02\/affiche_cel2025-couverture-facebook-e1742547951665.png","thumbnail_width":851,"thumbnail_height":247,"description":"Vendredi 16 mai 2025 \u00e0 20h, l&#8217;\u00e9glise de Saint-Paul Ma Campagne accueillera Jos\u00e9 Arregi pour une rencontre organis\u00e9e par le groupe CEL &#8211; Croire en Libert\u00e9. Jos\u00e9 Arregi, th\u00e9ologien basque espagnol, a suivi un parcours hors du commun. \u00c2g\u00e9 de 72 ans, il a \u00e9t\u00e9 franciscain pendant 41 ans (1969 \u2013 2010), pr\u00eatre pendant 32 [&hellip;]"}