{"version":"1.0","provider_name":"Doyenn\u00e9 Grand Angoul\u00eame","provider_url":"https:\/\/charente.catholique.fr\/grand-angouleme","author_name":"Janine Laborde","author_url":"https:\/\/charente.catholique.fr\/grand-angouleme\/author\/janinelaborde\/","title":"\"La place des femmes dans l'\u00c9glise\" - Doyenn\u00e9 Grand Angoul\u00eame","type":"rich","width":600,"height":338,"html":"<blockquote class=\"wp-embedded-content\" data-secret=\"49H1GpWrgI\"><a href=\"https:\/\/charente.catholique.fr\/grand-angouleme\/actualites\/la-place-des-femmes-dans-leglise\/\">&#8220;La place des femmes dans l&#8217;\u00c9glise&#8221;<\/a><\/blockquote><iframe sandbox=\"allow-scripts\" security=\"restricted\" src=\"https:\/\/charente.catholique.fr\/grand-angouleme\/actualites\/la-place-des-femmes-dans-leglise\/embed\/#?secret=49H1GpWrgI\" width=\"600\" height=\"338\" title=\"\u00ab\u00a0&#8220;La place des femmes dans l&#8217;\u00c9glise&#8221;\u00a0\u00bb &#8212; Doyenn\u00e9 Grand Angoul\u00eame\" data-secret=\"49H1GpWrgI\" frameborder=\"0\" marginwidth=\"0\" marginheight=\"0\" scrolling=\"no\" class=\"wp-embedded-content\"><\/iframe><script type=\"text\/javascript\">\n\/* <![CDATA[ *\/\n\/*! This file is auto-generated *\/\n!function(d,l){\"use strict\";l.querySelector&&d.addEventListener&&\"undefined\"!=typeof URL&&(d.wp=d.wp||{},d.wp.receiveEmbedMessage||(d.wp.receiveEmbedMessage=function(e){var t=e.data;if((t||t.secret||t.message||t.value)&&!\/[^a-zA-Z0-9]\/.test(t.secret)){for(var s,r,n,a=l.querySelectorAll('iframe[data-secret=\"'+t.secret+'\"]'),o=l.querySelectorAll('blockquote[data-secret=\"'+t.secret+'\"]'),c=new RegExp(\"^https?:$\",\"i\"),i=0;i<o.length;i++)o[i].style.display=\"none\";for(i=0;i<a.length;i++)s=a[i],e.source===s.contentWindow&&(s.removeAttribute(\"style\"),\"height\"===t.message?(1e3<(r=parseInt(t.value,10))?r=1e3:~~r<200&&(r=200),s.height=r):\"link\"===t.message&&(r=new URL(s.getAttribute(\"src\")),n=new URL(t.value),c.test(n.protocol))&&n.host===r.host&&l.activeElement===s&&(d.top.location.href=t.value))}},d.addEventListener(\"message\",d.wp.receiveEmbedMessage,!1),l.addEventListener(\"DOMContentLoaded\",function(){for(var e,t,s=l.querySelectorAll(\"iframe.wp-embedded-content\"),r=0;r<s.length;r++)(t=(e=s[r]).getAttribute(\"data-secret\"))||(t=Math.random().toString(36).substring(2,12),e.src+=\"#?secret=\"+t,e.setAttribute(\"data-secret\",t)),e.contentWindow.postMessage({message:\"ready\",secret:t},\"*\")},!1)))}(window,document);\n\/\/# sourceURL=https:\/\/charente.catholique.fr\/grand-angouleme\/wp-includes\/js\/wp-embed.min.js\n\/* ]]> *\/\n<\/script>\n","thumbnail_url":"https:\/\/charente.catholique.fr\/grand-angouleme\/wp-content\/uploads\/sites\/2\/2021\/10\/la-place-des-femmes-dans-leglise-4.jpg","thumbnail_width":1000,"thumbnail_height":235,"description":"Introduction Pourquoi le th\u00e8me de la place des femmes dans l&#8217;Eglise&nbsp;? Le Seigneur dit&nbsp;: \u00ab&nbsp;Il n&#8217;est pas bon pour l&#8217;homme d&#8217;\u00eatre seul. Je veux lui faire une aide qui lui soit accord\u00e9e (semblable)&nbsp;Gen\u00e8se 1,27-28. Et Dieu cr\u00e9a la femme. Le texte ne pr\u00e9cise pas que cette femme serait plus fragile, plus faible, moins intelligente que [&hellip;]"}