{"version":"1.0","provider_name":"Doyenn\u00e9 Grand Angoul\u00eame","provider_url":"https:\/\/charente.catholique.fr\/grand-angouleme","author_name":"Marie-No\u00eblle Bouteloup","author_url":"https:\/\/charente.catholique.fr\/grand-angouleme\/author\/mnbouteloup\/","title":"Etre en communion par la pri\u00e8re - Doyenn\u00e9 Grand Angoul\u00eame","type":"rich","width":600,"height":338,"html":"<blockquote class=\"wp-embedded-content\" data-secret=\"vFZHQj5bww\"><a href=\"https:\/\/charente.catholique.fr\/grand-angouleme\/actualites\/etre-en-communion-par-la-priere\/\">Etre en communion par la pri\u00e8re<\/a><\/blockquote><iframe sandbox=\"allow-scripts\" security=\"restricted\" src=\"https:\/\/charente.catholique.fr\/grand-angouleme\/actualites\/etre-en-communion-par-la-priere\/embed\/#?secret=vFZHQj5bww\" width=\"600\" height=\"338\" title=\"\u00ab\u00a0Etre en communion par la pri\u00e8re\u00a0\u00bb &#8212; Doyenn\u00e9 Grand Angoul\u00eame\" data-secret=\"vFZHQj5bww\" frameborder=\"0\" marginwidth=\"0\" marginheight=\"0\" scrolling=\"no\" class=\"wp-embedded-content\"><\/iframe><script type=\"text\/javascript\">\n\/* <![CDATA[ *\/\n\/*! This file is auto-generated *\/\n!function(d,l){\"use strict\";l.querySelector&&d.addEventListener&&\"undefined\"!=typeof URL&&(d.wp=d.wp||{},d.wp.receiveEmbedMessage||(d.wp.receiveEmbedMessage=function(e){var t=e.data;if((t||t.secret||t.message||t.value)&&!\/[^a-zA-Z0-9]\/.test(t.secret)){for(var s,r,n,a=l.querySelectorAll('iframe[data-secret=\"'+t.secret+'\"]'),o=l.querySelectorAll('blockquote[data-secret=\"'+t.secret+'\"]'),c=new RegExp(\"^https?:$\",\"i\"),i=0;i<o.length;i++)o[i].style.display=\"none\";for(i=0;i<a.length;i++)s=a[i],e.source===s.contentWindow&&(s.removeAttribute(\"style\"),\"height\"===t.message?(1e3<(r=parseInt(t.value,10))?r=1e3:~~r<200&&(r=200),s.height=r):\"link\"===t.message&&(r=new URL(s.getAttribute(\"src\")),n=new URL(t.value),c.test(n.protocol))&&n.host===r.host&&l.activeElement===s&&(d.top.location.href=t.value))}},d.addEventListener(\"message\",d.wp.receiveEmbedMessage,!1),l.addEventListener(\"DOMContentLoaded\",function(){for(var e,t,s=l.querySelectorAll(\"iframe.wp-embedded-content\"),r=0;r<s.length;r++)(t=(e=s[r]).getAttribute(\"data-secret\"))||(t=Math.random().toString(36).substring(2,12),e.src+=\"#?secret=\"+t,e.setAttribute(\"data-secret\",t)),e.contentWindow.postMessage({message:\"ready\",secret:t},\"*\")},!1)))}(window,document);\n\/\/# sourceURL=https:\/\/charente.catholique.fr\/grand-angouleme\/wp-includes\/js\/wp-embed.min.js\n\/* ]]> *\/\n<\/script>\n","thumbnail_url":"https:\/\/charente.catholique.fr\/grand-angouleme\/wp-content\/uploads\/sites\/2\/2020\/11\/priere-scaled.jpg","thumbnail_width":2560,"thumbnail_height":1280,"description":"L\u2019EAP des Sts Ap\u00f4tres propose \u00e0 tous les paroissiens et \u00e0 ceux qui voudront bien les rejoindre, de s\u2019unir chaque jour \u00e0 12 h par la pens\u00e9e, afin de prier \u00e0 une intention particuli\u00e8re hebdomadaire. Puisque nous ne pouvons pas nous rejoindre physiquement pour prier, cette pri\u00e8re quotidienne permettra d\u2019\u00e9tablir un lien fort dans cette [&hellip;]"}