{"version":"1.0","provider_name":"Doyenn\u00e9 Grand Angoul\u00eame","provider_url":"https:\/\/charente.catholique.fr\/grand-angouleme","author_name":"Yolande Lallemand","author_url":"https:\/\/charente.catholique.fr\/grand-angouleme\/author\/yolandelallemand\/","title":"Echo de l'EAP du 26 ao\u00fbt - Doyenn\u00e9 Grand Angoul\u00eame","type":"rich","width":600,"height":338,"html":"<blockquote class=\"wp-embedded-content\" data-secret=\"XN6l1cd8Cx\"><a href=\"https:\/\/charente.catholique.fr\/grand-angouleme\/actualites\/echo-de-leap-du-26-aout-2\/\">Echo de l&#8217;EAP du 26 ao\u00fbt<\/a><\/blockquote><iframe sandbox=\"allow-scripts\" security=\"restricted\" src=\"https:\/\/charente.catholique.fr\/grand-angouleme\/actualites\/echo-de-leap-du-26-aout-2\/embed\/#?secret=XN6l1cd8Cx\" width=\"600\" height=\"338\" title=\"\u00ab\u00a0Echo de l&#8217;EAP du 26 ao\u00fbt\u00a0\u00bb &#8212; Doyenn\u00e9 Grand Angoul\u00eame\" data-secret=\"XN6l1cd8Cx\" frameborder=\"0\" marginwidth=\"0\" marginheight=\"0\" scrolling=\"no\" class=\"wp-embedded-content\"><\/iframe><script type=\"text\/javascript\">\n\/* <![CDATA[ *\/\n\/*! This file is auto-generated *\/\n!function(d,l){\"use strict\";l.querySelector&&d.addEventListener&&\"undefined\"!=typeof URL&&(d.wp=d.wp||{},d.wp.receiveEmbedMessage||(d.wp.receiveEmbedMessage=function(e){var t=e.data;if((t||t.secret||t.message||t.value)&&!\/[^a-zA-Z0-9]\/.test(t.secret)){for(var s,r,n,a=l.querySelectorAll('iframe[data-secret=\"'+t.secret+'\"]'),o=l.querySelectorAll('blockquote[data-secret=\"'+t.secret+'\"]'),c=new RegExp(\"^https?:$\",\"i\"),i=0;i<o.length;i++)o[i].style.display=\"none\";for(i=0;i<a.length;i++)s=a[i],e.source===s.contentWindow&&(s.removeAttribute(\"style\"),\"height\"===t.message?(1e3<(r=parseInt(t.value,10))?r=1e3:~~r<200&&(r=200),s.height=r):\"link\"===t.message&&(r=new URL(s.getAttribute(\"src\")),n=new URL(t.value),c.test(n.protocol))&&n.host===r.host&&l.activeElement===s&&(d.top.location.href=t.value))}},d.addEventListener(\"message\",d.wp.receiveEmbedMessage,!1),l.addEventListener(\"DOMContentLoaded\",function(){for(var e,t,s=l.querySelectorAll(\"iframe.wp-embedded-content\"),r=0;r<s.length;r++)(t=(e=s[r]).getAttribute(\"data-secret\"))||(t=Math.random().toString(36).substring(2,12),e.src+=\"#?secret=\"+t,e.setAttribute(\"data-secret\",t)),e.contentWindow.postMessage({message:\"ready\",secret:t},\"*\")},!1)))}(window,document);\n\/\/# sourceURL=https:\/\/charente.catholique.fr\/grand-angouleme\/wp-includes\/js\/wp-embed.min.js\n\/* ]]> *\/\n<\/script>\n","thumbnail_url":"https:\/\/charente.catholique.fr\/grand-angouleme\/wp-content\/uploads\/sites\/2\/2023\/02\/eap-figures-colorees.jpg","thumbnail_width":449,"thumbnail_height":254,"description":"Apr\u00e8s le partage d\u2019\u00e9vangile et des nouvelles des uns et des autres cette r\u00e9union de l\u2019EAP a \u00e9t\u00e9 l\u2019occasion d\u2019\u00e9changer sur les \u00e9v\u00e9nements de l\u2019\u00e9t\u00e9. Nous avons par ailleurs pr\u00e9par\u00e9 la messe du 31 Aout, occasion de remercier les membres sortants de l\u2019EAP ainsi que les responsables de coordination des \u00e9quipes liturgiques. Quelques \u00e9v\u00e9nements de [&hellip;]"}