{"version":"1.0","provider_name":"Doyenn\u00e9 Grand Angoul\u00eame","provider_url":"https:\/\/charente.catholique.fr\/grand-angouleme","author_name":"B\u00e9atrice Saint-P\u00e9","author_url":"https:\/\/charente.catholique.fr\/grand-angouleme\/author\/beatricesaintpe\/","title":"Dimanche des Rameaux ann\u00e9e C - Doyenn\u00e9 Grand Angoul\u00eame","type":"rich","width":600,"height":338,"html":"<blockquote class=\"wp-embedded-content\" data-secret=\"FNVw3wEIgn\"><a href=\"https:\/\/charente.catholique.fr\/grand-angouleme\/actualites\/dimanche-des-rameaux-annee-c\/\">Dimanche des Rameaux ann\u00e9e  C<\/a><\/blockquote><iframe sandbox=\"allow-scripts\" security=\"restricted\" src=\"https:\/\/charente.catholique.fr\/grand-angouleme\/actualites\/dimanche-des-rameaux-annee-c\/embed\/#?secret=FNVw3wEIgn\" width=\"600\" height=\"338\" title=\"\u00ab\u00a0Dimanche des Rameaux ann\u00e9e  C\u00a0\u00bb &#8212; Doyenn\u00e9 Grand Angoul\u00eame\" data-secret=\"FNVw3wEIgn\" frameborder=\"0\" marginwidth=\"0\" marginheight=\"0\" scrolling=\"no\" class=\"wp-embedded-content\"><\/iframe><script type=\"text\/javascript\">\n\/* <![CDATA[ *\/\n\/*! This file is auto-generated *\/\n!function(d,l){\"use strict\";l.querySelector&&d.addEventListener&&\"undefined\"!=typeof URL&&(d.wp=d.wp||{},d.wp.receiveEmbedMessage||(d.wp.receiveEmbedMessage=function(e){var t=e.data;if((t||t.secret||t.message||t.value)&&!\/[^a-zA-Z0-9]\/.test(t.secret)){for(var s,r,n,a=l.querySelectorAll('iframe[data-secret=\"'+t.secret+'\"]'),o=l.querySelectorAll('blockquote[data-secret=\"'+t.secret+'\"]'),c=new RegExp(\"^https?:$\",\"i\"),i=0;i<o.length;i++)o[i].style.display=\"none\";for(i=0;i<a.length;i++)s=a[i],e.source===s.contentWindow&&(s.removeAttribute(\"style\"),\"height\"===t.message?(1e3<(r=parseInt(t.value,10))?r=1e3:~~r<200&&(r=200),s.height=r):\"link\"===t.message&&(r=new URL(s.getAttribute(\"src\")),n=new URL(t.value),c.test(n.protocol))&&n.host===r.host&&l.activeElement===s&&(d.top.location.href=t.value))}},d.addEventListener(\"message\",d.wp.receiveEmbedMessage,!1),l.addEventListener(\"DOMContentLoaded\",function(){for(var e,t,s=l.querySelectorAll(\"iframe.wp-embedded-content\"),r=0;r<s.length;r++)(t=(e=s[r]).getAttribute(\"data-secret\"))||(t=Math.random().toString(36).substring(2,12),e.src+=\"#?secret=\"+t,e.setAttribute(\"data-secret\",t)),e.contentWindow.postMessage({message:\"ready\",secret:t},\"*\")},!1)))}(window,document);\n\/\/# sourceURL=https:\/\/charente.catholique.fr\/grand-angouleme\/wp-includes\/js\/wp-embed.min.js\n\/* ]]> *\/\n<\/script>\n","thumbnail_url":"https:\/\/charente.catholique.fr\/grand-angouleme\/wp-content\/uploads\/sites\/2\/2023\/04\/quest-ce-que-le-dimanche-des-rameaux.jpg","thumbnail_width":1200,"thumbnail_height":630,"description":"En ce dimanche des Rameaux, nous faisons m\u00e9moire de l\u2019entr\u00e9e de J\u00e9sus dans J\u00e9rusalem et, avec les chr\u00e9tiens du monde entier, nous entrons dans la Semaine Sainte. Accueil L\u2019Evangile que nous avons entendu, nous dit que J\u00e9sus est acclam\u00e9 par la foule qui \u00e9tend des manteaux sur son passage. Mais J\u00e9sus n\u2019entre pas en triomphateur. [&hellip;]"}