{"version":"1.0","provider_name":"Doyenn\u00e9 Grand Angoul\u00eame","provider_url":"https:\/\/charente.catholique.fr\/grand-angouleme","author_name":"Marie-No\u00eblle Bouteloup","author_url":"https:\/\/charente.catholique.fr\/grand-angouleme\/author\/mnbouteloup\/","title":"Conf\u00e9rences de car\u00eame - Doyenn\u00e9 Grand Angoul\u00eame","type":"rich","width":600,"height":338,"html":"<blockquote class=\"wp-embedded-content\" data-secret=\"qkwQDsceDp\"><a href=\"https:\/\/charente.catholique.fr\/grand-angouleme\/actualites\/conferences-de-careme\/\">Conf\u00e9rences de car\u00eame<\/a><\/blockquote><iframe sandbox=\"allow-scripts\" security=\"restricted\" src=\"https:\/\/charente.catholique.fr\/grand-angouleme\/actualites\/conferences-de-careme\/embed\/#?secret=qkwQDsceDp\" width=\"600\" height=\"338\" title=\"\u00ab\u00a0Conf\u00e9rences de car\u00eame\u00a0\u00bb &#8212; Doyenn\u00e9 Grand Angoul\u00eame\" data-secret=\"qkwQDsceDp\" frameborder=\"0\" marginwidth=\"0\" marginheight=\"0\" scrolling=\"no\" class=\"wp-embedded-content\"><\/iframe><script type=\"text\/javascript\">\n\/* <![CDATA[ *\/\n\/*! This file is auto-generated *\/\n!function(d,l){\"use strict\";l.querySelector&&d.addEventListener&&\"undefined\"!=typeof URL&&(d.wp=d.wp||{},d.wp.receiveEmbedMessage||(d.wp.receiveEmbedMessage=function(e){var t=e.data;if((t||t.secret||t.message||t.value)&&!\/[^a-zA-Z0-9]\/.test(t.secret)){for(var s,r,n,a=l.querySelectorAll('iframe[data-secret=\"'+t.secret+'\"]'),o=l.querySelectorAll('blockquote[data-secret=\"'+t.secret+'\"]'),c=new RegExp(\"^https?:$\",\"i\"),i=0;i<o.length;i++)o[i].style.display=\"none\";for(i=0;i<a.length;i++)s=a[i],e.source===s.contentWindow&&(s.removeAttribute(\"style\"),\"height\"===t.message?(1e3<(r=parseInt(t.value,10))?r=1e3:~~r<200&&(r=200),s.height=r):\"link\"===t.message&&(r=new URL(s.getAttribute(\"src\")),n=new URL(t.value),c.test(n.protocol))&&n.host===r.host&&l.activeElement===s&&(d.top.location.href=t.value))}},d.addEventListener(\"message\",d.wp.receiveEmbedMessage,!1),l.addEventListener(\"DOMContentLoaded\",function(){for(var e,t,s=l.querySelectorAll(\"iframe.wp-embedded-content\"),r=0;r<s.length;r++)(t=(e=s[r]).getAttribute(\"data-secret\"))||(t=Math.random().toString(36).substring(2,12),e.src+=\"#?secret=\"+t,e.setAttribute(\"data-secret\",t)),e.contentWindow.postMessage({message:\"ready\",secret:t},\"*\")},!1)))}(window,document);\n\/\/# sourceURL=https:\/\/charente.catholique.fr\/grand-angouleme\/wp-includes\/js\/wp-embed.min.js\n\/* ]]> *\/\n<\/script>\n","thumbnail_url":"https:\/\/charente.catholique.fr\/grand-angouleme\/wp-content\/uploads\/sites\/2\/2022\/02\/careme-desert-1.id_61093.jpg","thumbnail_width":450,"thumbnail_height":272,"description":"L\u2019Eglise nous donne le temps du Car\u00eame pour nous pr\u00e9parer \u00e0 P\u00e2ques en vivant dansla pri\u00e8re, le je\u00fbne et le partage. Par ces conf\u00e9rences de Car\u00eame donn\u00e9es par le P\u00e8reFlorian Marchand, nous voulons proposer un parcours alliant pri\u00e8re et formationth\u00e9ologique pour affermir en nous la joie d\u2019\u00eatre chr\u00e9tien en m\u00e9ditant sur l\u2019\u0153uvre deDieu. Les soir\u00e9es [&hellip;]"}