{"version":"1.0","provider_name":"Doyenn\u00e9 Grand Angoul\u00eame","provider_url":"https:\/\/charente.catholique.fr\/grand-angouleme","author_name":"Yolande Lallemand","author_url":"https:\/\/charente.catholique.fr\/grand-angouleme\/author\/yolandelallemand\/","title":"C\u00e9l\u00e9bration du dimanche 6 d\u00e9cembre - Doyenn\u00e9 Grand Angoul\u00eame","type":"rich","width":600,"height":338,"html":"<blockquote class=\"wp-embedded-content\" data-secret=\"LflIb0gDml\"><a href=\"https:\/\/charente.catholique.fr\/grand-angouleme\/actualites\/celebration-du-dimanche-6-decembre\/\">C\u00e9l\u00e9bration du dimanche 6 d\u00e9cembre<\/a><\/blockquote><iframe sandbox=\"allow-scripts\" security=\"restricted\" src=\"https:\/\/charente.catholique.fr\/grand-angouleme\/actualites\/celebration-du-dimanche-6-decembre\/embed\/#?secret=LflIb0gDml\" width=\"600\" height=\"338\" title=\"\u00ab\u00a0C\u00e9l\u00e9bration du dimanche 6 d\u00e9cembre\u00a0\u00bb &#8212; Doyenn\u00e9 Grand Angoul\u00eame\" data-secret=\"LflIb0gDml\" frameborder=\"0\" marginwidth=\"0\" marginheight=\"0\" scrolling=\"no\" class=\"wp-embedded-content\"><\/iframe><script type=\"text\/javascript\">\n\/* <![CDATA[ *\/\n\/*! This file is auto-generated *\/\n!function(d,l){\"use strict\";l.querySelector&&d.addEventListener&&\"undefined\"!=typeof URL&&(d.wp=d.wp||{},d.wp.receiveEmbedMessage||(d.wp.receiveEmbedMessage=function(e){var t=e.data;if((t||t.secret||t.message||t.value)&&!\/[^a-zA-Z0-9]\/.test(t.secret)){for(var s,r,n,a=l.querySelectorAll('iframe[data-secret=\"'+t.secret+'\"]'),o=l.querySelectorAll('blockquote[data-secret=\"'+t.secret+'\"]'),c=new RegExp(\"^https?:$\",\"i\"),i=0;i<o.length;i++)o[i].style.display=\"none\";for(i=0;i<a.length;i++)s=a[i],e.source===s.contentWindow&&(s.removeAttribute(\"style\"),\"height\"===t.message?(1e3<(r=parseInt(t.value,10))?r=1e3:~~r<200&&(r=200),s.height=r):\"link\"===t.message&&(r=new URL(s.getAttribute(\"src\")),n=new URL(t.value),c.test(n.protocol))&&n.host===r.host&&l.activeElement===s&&(d.top.location.href=t.value))}},d.addEventListener(\"message\",d.wp.receiveEmbedMessage,!1),l.addEventListener(\"DOMContentLoaded\",function(){for(var e,t,s=l.querySelectorAll(\"iframe.wp-embedded-content\"),r=0;r<s.length;r++)(t=(e=s[r]).getAttribute(\"data-secret\"))||(t=Math.random().toString(36).substring(2,12),e.src+=\"#?secret=\"+t,e.setAttribute(\"data-secret\",t)),e.contentWindow.postMessage({message:\"ready\",secret:t},\"*\")},!1)))}(window,document);\n\/\/# sourceURL=https:\/\/charente.catholique.fr\/grand-angouleme\/wp-includes\/js\/wp-embed.min.js\n\/* ]]> *\/\n<\/script>\n","thumbnail_url":"https:\/\/charente.catholique.fr\/grand-angouleme\/wp-content\/uploads\/sites\/2\/2020\/12\/2e-bougie-de-l-avent2014.jpg","thumbnail_width":513,"thumbnail_height":305,"description":"2\u00e8me dimanche de l&#8217;Avent &#8211; ann\u00e9e B En ce 2\u00e8me dimanche de l\u2019Avent, nous sommes invit\u00e9s \u00e0 pr\u00e9parer la venue du Seigneur.C\u2019est d\u00e9j\u00e0 ce qu\u2019annon\u00e7ait le proph\u00e8te Isa\u00efe dans l\u2019Ancien testament. C\u2019est ce que proclameJean le Baptiste en baptisant les Juifs qui accourent vers lui : \u00abMoi, je vous baptise avec del\u2019eau ; lui vous [&hellip;]"}