{"id":5885,"date":"2024-04-29T18:07:49","date_gmt":"2024-04-29T16:07:49","guid":{"rendered":"https:\/\/charente.catholique.fr\/est-charente\/?post_type=paroisse&#038;p=5885"},"modified":"2024-04-29T18:07:50","modified_gmt":"2024-04-29T16:07:50","slug":"preparer-un-bapteme-une-communion-la-confirmation-un-mariage","status":"publish","type":"paroisse","link":"https:\/\/charente.catholique.fr\/est-charente\/paroisses\/confolens\/preparer-un-bapteme-une-communion-la-confirmation-un-mariage\/","title":{"rendered":"PR\u00c9PARER UN BAPT\u00caME, UNE COMMUNION, LA CONFIRMATION, UN MARIAGE"},"content":{"rendered":"\n<p><strong>Vous souhaitez pr\u00e9parer le bapt\u00eame de votre enfant ? Votre propre bapt\u00eame ? Votre mariage ? Recevoir la confirmation ? Mais vous ne savez pas comment faire\u2026 Voici quelques infos.<\/strong><\/p>\n\n\n\n<h5 class=\"wp-block-heading\">POUR PR\u00c9PARER LE BAPT\u00caME DE VOTRE ENFANT<\/h5>\n\n\n\n<p>Vous pouvez contacter la paroisse au 05 45 84 04 71, qui vous renverra vers la personne charg\u00e9e de vous accueillir et de vous guider. <\/p>\n\n\n\n<h5 class=\"wp-block-heading\">POUR PR\u00c9PARER VOTRE BAPT\u00caME<\/h5>\n\n\n\n<p>On peut recevoir le bapt\u00eame \u00e0 tout \u00e2ge ! Le temps de pr\u00e9paration et d\u2019accompagnement est ajust\u00e9 en fonction de chacun et peut durer de quelques mois \u00e0 1 an 1\/2 ou 2 ans.  Contactez la paroisse ou rencontrez un pr\u00eatre pour en savoir davantage : 05 45 84 04 71.<\/p>\n\n\n\n<h5 class=\"wp-block-heading\">POUR RECEVOIR LA CONFIRMATION OU COMMUNIER POUR LA PREMIERE FOIS<\/h5>\n\n\n\n<p>Apr\u00e8s le bapt\u00eame, le sacrement de la confirmation rend \u201d adulte \u201d dans la foi. C\u2019est le sacrement du don de l\u2019Esprit Saint qui donne courage, force, audace pour t\u00e9moigner de l\u2019amour du Christ.  Contactez la paroisse ou rencontrez un pr\u00eatre pour en savoir davantage : 05 45 84 04 71.<\/p>\n\n\n\n<h5 class=\"wp-block-heading\">POUR SE PR\u00c9PARER AU MARIAGE<\/h5>\n\n\n\n<p>Vous voulez c\u00e9l\u00e9brer votre mariage ? Prenez contact avec la paroisse  au 05 45 84 04 71  qui transmettra votre demande \u00e0 un pr\u00eatre. Le mieux est d\u2019appeler un an avant la date envisag\u00e9e ; au plus court, pr\u00e9voyez 6 \u00e0 8 mois. <\/p>\n","protected":false},"author":97,"featured_media":5501,"parent":9,"menu_order":2,"template":"","meta":{"_acf_changed":false,"paroisse":["10"],"service":[],"footnotes":""},"class_list":["post-5885","paroisse","type-paroisse","status-publish","has-post-thumbnail","hentry"],"acf":[],"yoast_head":"<!-- This site is optimized with the Yoast SEO plugin v27.1.1 - https:\/\/yoast.com\/product\/yoast-seo-wordpress\/ -->\n<title>PR\u00c9PARER UN BAPT\u00caME, UNE COMMUNION, LA CONFIRMATION, UN MARIAGE - Doyenne Est Charente<\/title>\n<meta name=\"robots\" content=\"index, follow, max-snippet:-1, max-image-preview:large, max-video-preview:-1\" \/>\n<link rel=\"canonical\" href=\"https:\/\/charente.catholique.fr\/est-charente\/paroisses\/confolens\/preparer-un-bapteme-une-communion-la-confirmation-un-mariage\/\" \/>\n<meta property=\"og:locale\" content=\"fr_FR\" \/>\n<meta property=\"og:type\" content=\"article\" \/>\n<meta property=\"og:title\" content=\"PR\u00c9PARER UN BAPT\u00caME, UNE COMMUNION, LA CONFIRMATION, UN MARIAGE - Doyenne Est Charente\" \/>\n<meta property=\"og:description\" content=\"Vous souhaitez pr\u00e9parer le bapt\u00eame de votre enfant ? Votre propre bapt\u00eame ? Votre mariage ? Recevoir la confirmation ? Mais vous ne savez pas comment faire\u2026 Voici quelques infos. POUR PR\u00c9PARER LE BAPT\u00caME DE VOTRE ENFANT Vous pouvez contacter la paroisse au 05 45 84 04 71, qui vous renverra vers la personne charg\u00e9e [&hellip;]\" \/>\n<meta property=\"og:url\" content=\"https:\/\/charente.catholique.fr\/est-charente\/paroisses\/confolens\/preparer-un-bapteme-une-communion-la-confirmation-un-mariage\/\" \/>\n<meta property=\"og:site_name\" content=\"Doyenne Est Charente\" \/>\n<meta property=\"article:publisher\" content=\"https:\/\/www.facebook.com\/EgliseCatholiqueCharente\" \/>\n<meta property=\"article:modified_time\" content=\"2024-04-29T16:07:50+00:00\" \/>\n<meta property=\"og:image\" content=\"https:\/\/charente.catholique.fr\/est-charente\/wp-content\/uploads\/sites\/3\/2024\/02\/mains-du-pretre.jpg\" \/>\n\t<meta property=\"og:image:width\" content=\"612\" \/>\n\t<meta property=\"og:image:height\" content=\"407\" \/>\n\t<meta property=\"og:image:type\" content=\"image\/jpeg\" \/>\n<meta name=\"twitter:card\" content=\"summary_large_image\" \/>\n<meta name=\"twitter:site\" content=\"@diocesecharente\" \/>\n<meta name=\"twitter:label1\" content=\"Dur\u00e9e de lecture estim\u00e9e\" \/>\n\t<meta name=\"twitter:data1\" content=\"2 minutes\" \/>\n<script type=\"application\/ld+json\" class=\"yoast-schema-graph\">{\"@context\":\"https:\/\/schema.org\",\"@graph\":[{\"@type\":\"WebPage\",\"@id\":\"https:\/\/charente.catholique.fr\/est-charente\/paroisses\/confolens\/preparer-un-bapteme-une-communion-la-confirmation-un-mariage\/\",\"url\":\"https:\/\/charente.catholique.fr\/est-charente\/paroisses\/confolens\/preparer-un-bapteme-une-communion-la-confirmation-un-mariage\/\",\"name\":\"PR\u00c9PARER UN BAPT\u00caME, UNE COMMUNION, LA CONFIRMATION, UN MARIAGE - Doyenne Est Charente\",\"isPartOf\":{\"@id\":\"https:\/\/charente.catholique.fr\/est-charente\/#website\"},\"primaryImageOfPage\":{\"@id\":\"https:\/\/charente.catholique.fr\/est-charente\/paroisses\/confolens\/preparer-un-bapteme-une-communion-la-confirmation-un-mariage\/#primaryimage\"},\"image\":{\"@id\":\"https:\/\/charente.catholique.fr\/est-charente\/paroisses\/confolens\/preparer-un-bapteme-une-communion-la-confirmation-un-mariage\/#primaryimage\"},\"thumbnailUrl\":\"https:\/\/charente.catholique.fr\/est-charente\/wp-content\/uploads\/sites\/3\/2024\/02\/mains-du-pretre.jpg\",\"datePublished\":\"2024-04-29T16:07:49+00:00\",\"dateModified\":\"2024-04-29T16:07:50+00:00\",\"breadcrumb\":{\"@id\":\"https:\/\/charente.catholique.fr\/est-charente\/paroisses\/confolens\/preparer-un-bapteme-une-communion-la-confirmation-un-mariage\/#breadcrumb\"},\"inLanguage\":\"fr-FR\",\"potentialAction\":[{\"@type\":\"ReadAction\",\"target\":[\"https:\/\/charente.catholique.fr\/est-charente\/paroisses\/confolens\/preparer-un-bapteme-une-communion-la-confirmation-un-mariage\/\"]}]},{\"@type\":\"ImageObject\",\"inLanguage\":\"fr-FR\",\"@id\":\"https:\/\/charente.catholique.fr\/est-charente\/paroisses\/confolens\/preparer-un-bapteme-une-communion-la-confirmation-un-mariage\/#primaryimage\",\"url\":\"https:\/\/charente.catholique.fr\/est-charente\/wp-content\/uploads\/sites\/3\/2024\/02\/mains-du-pretre.jpg\",\"contentUrl\":\"https:\/\/charente.catholique.fr\/est-charente\/wp-content\/uploads\/sites\/3\/2024\/02\/mains-du-pretre.jpg\",\"width\":612,\"height\":407,\"caption\":\"Hands of a Catholic priest in a cassock\"},{\"@type\":\"BreadcrumbList\",\"@id\":\"https:\/\/charente.catholique.fr\/est-charente\/paroisses\/confolens\/preparer-un-bapteme-une-communion-la-confirmation-un-mariage\/#breadcrumb\",\"itemListElement\":[{\"@type\":\"ListItem\",\"position\":1,\"name\":\"Accueil\",\"item\":\"https:\/\/charente.catholique.fr\/est-charente\/\"},{\"@type\":\"ListItem\",\"position\":2,\"name\":\"Confolens &#8211; Chabanais &#8211; Champagne-Mouton\",\"item\":\"https:\/\/charente.catholique.fr\/est-charente\/paroisses\/confolens\/\"},{\"@type\":\"ListItem\",\"position\":3,\"name\":\"PR\u00c9PARER UN BAPT\u00caME, UNE COMMUNION, LA CONFIRMATION, UN MARIAGE\"}]},{\"@type\":\"WebSite\",\"@id\":\"https:\/\/charente.catholique.fr\/est-charente\/#website\",\"url\":\"https:\/\/charente.catholique.fr\/est-charente\/\",\"name\":\"Doyenn\u00e9 Est Charente - Dioc\u00e8se d'Angoul\u00eame\",\"description\":\"Dioc\u00e8se d&#039;Angoul\u00eame\",\"publisher\":{\"@id\":\"https:\/\/charente.catholique.fr\/est-charente\/#organization\"},\"potentialAction\":[{\"@type\":\"SearchAction\",\"target\":{\"@type\":\"EntryPoint\",\"urlTemplate\":\"https:\/\/charente.catholique.fr\/est-charente\/?s={search_term_string}\"},\"query-input\":{\"@type\":\"PropertyValueSpecification\",\"valueRequired\":true,\"valueName\":\"search_term_string\"}}],\"inLanguage\":\"fr-FR\"},{\"@type\":\"Organization\",\"@id\":\"https:\/\/charente.catholique.fr\/est-charente\/#organization\",\"name\":\"Association dioc\u00e9saine d'Angoul\u00eame\",\"url\":\"https:\/\/charente.catholique.fr\/est-charente\/\",\"logo\":{\"@type\":\"ImageObject\",\"inLanguage\":\"fr-FR\",\"@id\":\"https:\/\/charente.catholique.fr\/est-charente\/#\/schema\/logo\/image\/\",\"url\":\"https:\/\/charente.catholique.fr\/est-charente\/wp-content\/uploads\/sites\/3\/2020\/10\/logos.png\",\"contentUrl\":\"https:\/\/charente.catholique.fr\/est-charente\/wp-content\/uploads\/sites\/3\/2020\/10\/logos.png\",\"width\":600,\"height\":257,\"caption\":\"Association dioc\u00e9saine d'Angoul\u00eame\"},\"image\":{\"@id\":\"https:\/\/charente.catholique.fr\/est-charente\/#\/schema\/logo\/image\/\"},\"sameAs\":[\"https:\/\/www.facebook.com\/EgliseCatholiqueCharente\",\"https:\/\/x.com\/diocesecharente\",\"https:\/\/www.instagram.com\/eglisecharente\",\"https:\/\/www.youtube.com\/channel\/UCByyFWApZbw3gDTiADoiAaQ\"]}]}<\/script>\n<!-- \/ Yoast SEO plugin. -->","yoast_head_json":{"title":"PR\u00c9PARER UN BAPT\u00caME, UNE COMMUNION, LA CONFIRMATION, UN MARIAGE - Doyenne Est Charente","robots":{"index":"index","follow":"follow","max-snippet":"max-snippet:-1","max-image-preview":"max-image-preview:large","max-video-preview":"max-video-preview:-1"},"canonical":"https:\/\/charente.catholique.fr\/est-charente\/paroisses\/confolens\/preparer-un-bapteme-une-communion-la-confirmation-un-mariage\/","og_locale":"fr_FR","og_type":"article","og_title":"PR\u00c9PARER UN BAPT\u00caME, UNE COMMUNION, LA CONFIRMATION, UN MARIAGE - Doyenne Est Charente","og_description":"Vous souhaitez pr\u00e9parer le bapt\u00eame de votre enfant ? Votre propre bapt\u00eame ? Votre mariage ? Recevoir la confirmation ? Mais vous ne savez pas comment faire\u2026 Voici quelques infos. POUR PR\u00c9PARER LE BAPT\u00caME DE VOTRE ENFANT Vous pouvez contacter la paroisse au 05 45 84 04 71, qui vous renverra vers la personne charg\u00e9e [&hellip;]","og_url":"https:\/\/charente.catholique.fr\/est-charente\/paroisses\/confolens\/preparer-un-bapteme-une-communion-la-confirmation-un-mariage\/","og_site_name":"Doyenne Est Charente","article_publisher":"https:\/\/www.facebook.com\/EgliseCatholiqueCharente","article_modified_time":"2024-04-29T16:07:50+00:00","og_image":[{"width":612,"height":407,"url":"https:\/\/charente.catholique.fr\/est-charente\/wp-content\/uploads\/sites\/3\/2024\/02\/mains-du-pretre.jpg","type":"image\/jpeg"}],"twitter_card":"summary_large_image","twitter_site":"@diocesecharente","twitter_misc":{"Dur\u00e9e de lecture estim\u00e9e":"2 minutes"},"schema":{"@context":"https:\/\/schema.org","@graph":[{"@type":"WebPage","@id":"https:\/\/charente.catholique.fr\/est-charente\/paroisses\/confolens\/preparer-un-bapteme-une-communion-la-confirmation-un-mariage\/","url":"https:\/\/charente.catholique.fr\/est-charente\/paroisses\/confolens\/preparer-un-bapteme-une-communion-la-confirmation-un-mariage\/","name":"PR\u00c9PARER UN BAPT\u00caME, UNE COMMUNION, LA CONFIRMATION, UN MARIAGE - Doyenne Est Charente","isPartOf":{"@id":"https:\/\/charente.catholique.fr\/est-charente\/#website"},"primaryImageOfPage":{"@id":"https:\/\/charente.catholique.fr\/est-charente\/paroisses\/confolens\/preparer-un-bapteme-une-communion-la-confirmation-un-mariage\/#primaryimage"},"image":{"@id":"https:\/\/charente.catholique.fr\/est-charente\/paroisses\/confolens\/preparer-un-bapteme-une-communion-la-confirmation-un-mariage\/#primaryimage"},"thumbnailUrl":"https:\/\/charente.catholique.fr\/est-charente\/wp-content\/uploads\/sites\/3\/2024\/02\/mains-du-pretre.jpg","datePublished":"2024-04-29T16:07:49+00:00","dateModified":"2024-04-29T16:07:50+00:00","breadcrumb":{"@id":"https:\/\/charente.catholique.fr\/est-charente\/paroisses\/confolens\/preparer-un-bapteme-une-communion-la-confirmation-un-mariage\/#breadcrumb"},"inLanguage":"fr-FR","potentialAction":[{"@type":"ReadAction","target":["https:\/\/charente.catholique.fr\/est-charente\/paroisses\/confolens\/preparer-un-bapteme-une-communion-la-confirmation-un-mariage\/"]}]},{"@type":"ImageObject","inLanguage":"fr-FR","@id":"https:\/\/charente.catholique.fr\/est-charente\/paroisses\/confolens\/preparer-un-bapteme-une-communion-la-confirmation-un-mariage\/#primaryimage","url":"https:\/\/charente.catholique.fr\/est-charente\/wp-content\/uploads\/sites\/3\/2024\/02\/mains-du-pretre.jpg","contentUrl":"https:\/\/charente.catholique.fr\/est-charente\/wp-content\/uploads\/sites\/3\/2024\/02\/mains-du-pretre.jpg","width":612,"height":407,"caption":"Hands of a Catholic priest in a cassock"},{"@type":"BreadcrumbList","@id":"https:\/\/charente.catholique.fr\/est-charente\/paroisses\/confolens\/preparer-un-bapteme-une-communion-la-confirmation-un-mariage\/#breadcrumb","itemListElement":[{"@type":"ListItem","position":1,"name":"Accueil","item":"https:\/\/charente.catholique.fr\/est-charente\/"},{"@type":"ListItem","position":2,"name":"Confolens &#8211; Chabanais &#8211; Champagne-Mouton","item":"https:\/\/charente.catholique.fr\/est-charente\/paroisses\/confolens\/"},{"@type":"ListItem","position":3,"name":"PR\u00c9PARER UN BAPT\u00caME, UNE COMMUNION, LA CONFIRMATION, UN MARIAGE"}]},{"@type":"WebSite","@id":"https:\/\/charente.catholique.fr\/est-charente\/#website","url":"https:\/\/charente.catholique.fr\/est-charente\/","name":"Doyenn\u00e9 Est Charente - Dioc\u00e8se d'Angoul\u00eame","description":"Dioc\u00e8se d&#039;Angoul\u00eame","publisher":{"@id":"https:\/\/charente.catholique.fr\/est-charente\/#organization"},"potentialAction":[{"@type":"SearchAction","target":{"@type":"EntryPoint","urlTemplate":"https:\/\/charente.catholique.fr\/est-charente\/?s={search_term_string}"},"query-input":{"@type":"PropertyValueSpecification","valueRequired":true,"valueName":"search_term_string"}}],"inLanguage":"fr-FR"},{"@type":"Organization","@id":"https:\/\/charente.catholique.fr\/est-charente\/#organization","name":"Association dioc\u00e9saine d'Angoul\u00eame","url":"https:\/\/charente.catholique.fr\/est-charente\/","logo":{"@type":"ImageObject","inLanguage":"fr-FR","@id":"https:\/\/charente.catholique.fr\/est-charente\/#\/schema\/logo\/image\/","url":"https:\/\/charente.catholique.fr\/est-charente\/wp-content\/uploads\/sites\/3\/2020\/10\/logos.png","contentUrl":"https:\/\/charente.catholique.fr\/est-charente\/wp-content\/uploads\/sites\/3\/2020\/10\/logos.png","width":600,"height":257,"caption":"Association dioc\u00e9saine d'Angoul\u00eame"},"image":{"@id":"https:\/\/charente.catholique.fr\/est-charente\/#\/schema\/logo\/image\/"},"sameAs":["https:\/\/www.facebook.com\/EgliseCatholiqueCharente","https:\/\/x.com\/diocesecharente","https:\/\/www.instagram.com\/eglisecharente","https:\/\/www.youtube.com\/channel\/UCByyFWApZbw3gDTiADoiAaQ"]}]}},"_links":{"self":[{"href":"https:\/\/charente.catholique.fr\/est-charente\/wp-json\/wp\/v2\/paroisse\/5885","targetHints":{"allow":["GET"]}}],"collection":[{"href":"https:\/\/charente.catholique.fr\/est-charente\/wp-json\/wp\/v2\/paroisse"}],"about":[{"href":"https:\/\/charente.catholique.fr\/est-charente\/wp-json\/wp\/v2\/types\/paroisse"}],"author":[{"embeddable":true,"href":"https:\/\/charente.catholique.fr\/est-charente\/wp-json\/wp\/v2\/users\/97"}],"version-history":[{"count":3,"href":"https:\/\/charente.catholique.fr\/est-charente\/wp-json\/wp\/v2\/paroisse\/5885\/revisions"}],"predecessor-version":[{"id":6013,"href":"https:\/\/charente.catholique.fr\/est-charente\/wp-json\/wp\/v2\/paroisse\/5885\/revisions\/6013"}],"up":[{"embeddable":true,"href":"https:\/\/charente.catholique.fr\/est-charente\/wp-json\/wp\/v2\/paroisse\/9"}],"wp:featuredmedia":[{"embeddable":true,"href":"https:\/\/charente.catholique.fr\/est-charente\/wp-json\/wp\/v2\/media\/5501"}],"wp:attachment":[{"href":"https:\/\/charente.catholique.fr\/est-charente\/wp-json\/wp\/v2\/media?parent=5885"}],"curies":[{"name":"wp","href":"https:\/\/api.w.org\/{rel}","templated":true}]}}