{"id":293,"date":"2020-09-21T15:52:59","date_gmt":"2020-09-21T13:52:59","guid":{"rendered":"https:\/\/charente.catholique.fr\/est-charente\/?post_type=paroisse&#038;p=293"},"modified":"2020-10-01T16:24:54","modified_gmt":"2020-10-01T14:24:54","slug":"operation-10-millions-detoiles","status":"publish","type":"paroisse","link":"https:\/\/charente.catholique.fr\/est-charente\/paroisses\/notre-dame-des-terres-en-haute-charente\/echanger\/secours-catholique\/operation-10-millions-detoiles\/","title":{"rendered":"Op\u00e9ration 10 millions d\u2019\u00e9toiles"},"content":{"rendered":"\n<p><strong>\u2019\u2019L<\/strong><a href=\"https:\/\/www.secours-catholique.org\/actualites\/10-millions-detoiles-propager-la-lumiere-de-noel\">\u2019op\u00e9ration 10 millions d\u2019\u00e9toiles<\/a><strong>\u2019\u2019 propos\u00e9e par le Secours Catholique en novembre et d\u00e9cembre permet de donner du sens \u00e0 No\u00ebl en exprimant notre solidarit\u00e9 avec les plus d\u00e9munis.<\/strong><\/p>\n\n\n\n<p>Les dons ne servent pas seulement \u00e0 se procurer des bougies mais \u00e0 soutenir les actions du Secours Catholique qui ne vit que de la g\u00e9n\u00e9rosit\u00e9 de tous.<br>Notre \u00e9quipe continue \u00e0 faire des dossiers d\u2019aides financi\u00e8res.<br>Plusieurs b\u00e9n\u00e9voles visitent les personnes isol\u00e9es,seules ou malades dans le cadre de &#8220;monalisa\u2019\u2019 (MObilisation NAtionale contre L\u2019ISolement des Ag\u00e9s\u2019\u2019 en partenariat avec l\u2019A.D.M.R. et le centre social de Roumazieres<br>Depuis l\u2019an dernier,une famille de la paroisse accueille des enfants pour des vacances autrement.<br>Au mois de janvier avec ces personnes et les anciennes b\u00e9n\u00e9voles ,nous avons pass\u00e9 un agr\u00e9able moment autour d\u2019 une galette.<\/p>\n\n\n\n<p>Pour le 31 d\u00e9cembre,des b\u00e9n\u00e9voles de la paroisse et l\u2019\u00e9quipe du Secours Catholique pr\u00e9parent un repas pour tous ceux qui ne veulent pas rester seuls en ces f\u00eates de fin d\u2019ann\u00e9e.<\/p>\n\n\n\n<p>Notre \u00e9quipe compte sur vous pour signaler les personnes dans le besoin ou, pourquoi pas, nous rejoindre comme b\u00e9n\u00e9voles.<\/p>\n\n\n\n<p>Bonnes f\u00eates \u00e0 tous<\/p>\n","protected":false},"author":1,"featured_media":292,"parent":291,"menu_order":10,"template":"","meta":{"_acf_changed":false,"paroisse":["9"],"service":[],"footnotes":""},"class_list":["post-293","paroisse","type-paroisse","status-publish","has-post-thumbnail","hentry"],"acf":[],"yoast_head":"<!-- This site is optimized with the Yoast SEO plugin v27.1.1 - https:\/\/yoast.com\/product\/yoast-seo-wordpress\/ -->\n<title>Op\u00e9ration 10 millions d\u2019\u00e9toiles - Doyenne Est Charente<\/title>\n<meta name=\"robots\" content=\"index, follow, max-snippet:-1, max-image-preview:large, max-video-preview:-1\" \/>\n<link rel=\"canonical\" href=\"https:\/\/charente.catholique.fr\/est-charente\/paroisses\/notre-dame-des-terres-en-haute-charente\/echanger\/secours-catholique\/operation-10-millions-detoiles\/\" \/>\n<meta property=\"og:locale\" content=\"fr_FR\" \/>\n<meta property=\"og:type\" content=\"article\" \/>\n<meta property=\"og:title\" content=\"Op\u00e9ration 10 millions d\u2019\u00e9toiles - Doyenne Est Charente\" \/>\n<meta property=\"og:description\" content=\"\u2019\u2019L\u2019op\u00e9ration 10 millions d\u2019\u00e9toiles\u2019\u2019 propos\u00e9e par le Secours Catholique en novembre et d\u00e9cembre permet de donner du sens \u00e0 No\u00ebl en exprimant notre solidarit\u00e9 avec les plus d\u00e9munis. Les dons ne servent pas seulement \u00e0 se procurer des bougies mais \u00e0 soutenir les actions du Secours Catholique qui ne vit que de la g\u00e9n\u00e9rosit\u00e9 de [&hellip;]\" \/>\n<meta property=\"og:url\" content=\"https:\/\/charente.catholique.fr\/est-charente\/paroisses\/notre-dame-des-terres-en-haute-charente\/echanger\/secours-catholique\/operation-10-millions-detoiles\/\" \/>\n<meta property=\"og:site_name\" content=\"Doyenne Est Charente\" \/>\n<meta property=\"article:publisher\" content=\"https:\/\/www.facebook.com\/EgliseCatholiqueCharente\" \/>\n<meta property=\"article:modified_time\" content=\"2020-10-01T14:24:54+00:00\" \/>\n<meta property=\"og:image\" content=\"https:\/\/charente.catholique.fr\/est-charente\/wp-content\/uploads\/sites\/3\/2020\/09\/rubon1210-834ff.jpg\" \/>\n\t<meta property=\"og:image:width\" content=\"200\" \/>\n\t<meta property=\"og:image:height\" content=\"200\" \/>\n\t<meta property=\"og:image:type\" content=\"image\/jpeg\" \/>\n<meta name=\"twitter:card\" content=\"summary_large_image\" \/>\n<meta name=\"twitter:site\" content=\"@diocesecharente\" \/>\n<meta name=\"twitter:label1\" content=\"Dur\u00e9e de lecture estim\u00e9e\" \/>\n\t<meta name=\"twitter:data1\" content=\"1 minute\" \/>\n<script type=\"application\/ld+json\" class=\"yoast-schema-graph\">{\"@context\":\"https:\/\/schema.org\",\"@graph\":[{\"@type\":\"WebPage\",\"@id\":\"https:\/\/charente.catholique.fr\/est-charente\/paroisses\/notre-dame-des-terres-en-haute-charente\/echanger\/secours-catholique\/operation-10-millions-detoiles\/\",\"url\":\"https:\/\/charente.catholique.fr\/est-charente\/paroisses\/notre-dame-des-terres-en-haute-charente\/echanger\/secours-catholique\/operation-10-millions-detoiles\/\",\"name\":\"Op\u00e9ration 10 millions d\u2019\u00e9toiles - Doyenne Est Charente\",\"isPartOf\":{\"@id\":\"https:\/\/charente.catholique.fr\/est-charente\/#website\"},\"primaryImageOfPage\":{\"@id\":\"https:\/\/charente.catholique.fr\/est-charente\/paroisses\/notre-dame-des-terres-en-haute-charente\/echanger\/secours-catholique\/operation-10-millions-detoiles\/#primaryimage\"},\"image\":{\"@id\":\"https:\/\/charente.catholique.fr\/est-charente\/paroisses\/notre-dame-des-terres-en-haute-charente\/echanger\/secours-catholique\/operation-10-millions-detoiles\/#primaryimage\"},\"thumbnailUrl\":\"https:\/\/charente.catholique.fr\/est-charente\/wp-content\/uploads\/sites\/3\/2020\/09\/rubon1210-834ff.jpg\",\"datePublished\":\"2020-09-21T13:52:59+00:00\",\"dateModified\":\"2020-10-01T14:24:54+00:00\",\"breadcrumb\":{\"@id\":\"https:\/\/charente.catholique.fr\/est-charente\/paroisses\/notre-dame-des-terres-en-haute-charente\/echanger\/secours-catholique\/operation-10-millions-detoiles\/#breadcrumb\"},\"inLanguage\":\"fr-FR\",\"potentialAction\":[{\"@type\":\"ReadAction\",\"target\":[\"https:\/\/charente.catholique.fr\/est-charente\/paroisses\/notre-dame-des-terres-en-haute-charente\/echanger\/secours-catholique\/operation-10-millions-detoiles\/\"]}]},{\"@type\":\"ImageObject\",\"inLanguage\":\"fr-FR\",\"@id\":\"https:\/\/charente.catholique.fr\/est-charente\/paroisses\/notre-dame-des-terres-en-haute-charente\/echanger\/secours-catholique\/operation-10-millions-detoiles\/#primaryimage\",\"url\":\"https:\/\/charente.catholique.fr\/est-charente\/wp-content\/uploads\/sites\/3\/2020\/09\/rubon1210-834ff.jpg\",\"contentUrl\":\"https:\/\/charente.catholique.fr\/est-charente\/wp-content\/uploads\/sites\/3\/2020\/09\/rubon1210-834ff.jpg\",\"width\":200,\"height\":200},{\"@type\":\"BreadcrumbList\",\"@id\":\"https:\/\/charente.catholique.fr\/est-charente\/paroisses\/notre-dame-des-terres-en-haute-charente\/echanger\/secours-catholique\/operation-10-millions-detoiles\/#breadcrumb\",\"itemListElement\":[{\"@type\":\"ListItem\",\"position\":1,\"name\":\"Accueil\",\"item\":\"https:\/\/charente.catholique.fr\/est-charente\/\"},{\"@type\":\"ListItem\",\"position\":2,\"name\":\"Notre Dame des Terres en Haute-Charente\",\"item\":\"https:\/\/charente.catholique.fr\/est-charente\/paroisses\/notre-dame-des-terres-en-haute-charente\/\"},{\"@type\":\"ListItem\",\"position\":3,\"name\":\"\u00c9changer\",\"item\":\"https:\/\/charente.catholique.fr\/est-charente\/paroisses\/notre-dame-des-terres-en-haute-charente\/echanger\/\"},{\"@type\":\"ListItem\",\"position\":4,\"name\":\"Secours Catholique\",\"item\":\"https:\/\/charente.catholique.fr\/est-charente\/paroisses\/notre-dame-des-terres-en-haute-charente\/echanger\/secours-catholique\/\"},{\"@type\":\"ListItem\",\"position\":5,\"name\":\"Op\u00e9ration 10 millions d\u2019\u00e9toiles\"}]},{\"@type\":\"WebSite\",\"@id\":\"https:\/\/charente.catholique.fr\/est-charente\/#website\",\"url\":\"https:\/\/charente.catholique.fr\/est-charente\/\",\"name\":\"Doyenn\u00e9 Est Charente - Dioc\u00e8se d'Angoul\u00eame\",\"description\":\"Dioc\u00e8se d&#039;Angoul\u00eame\",\"publisher\":{\"@id\":\"https:\/\/charente.catholique.fr\/est-charente\/#organization\"},\"potentialAction\":[{\"@type\":\"SearchAction\",\"target\":{\"@type\":\"EntryPoint\",\"urlTemplate\":\"https:\/\/charente.catholique.fr\/est-charente\/?s={search_term_string}\"},\"query-input\":{\"@type\":\"PropertyValueSpecification\",\"valueRequired\":true,\"valueName\":\"search_term_string\"}}],\"inLanguage\":\"fr-FR\"},{\"@type\":\"Organization\",\"@id\":\"https:\/\/charente.catholique.fr\/est-charente\/#organization\",\"name\":\"Association dioc\u00e9saine d'Angoul\u00eame\",\"url\":\"https:\/\/charente.catholique.fr\/est-charente\/\",\"logo\":{\"@type\":\"ImageObject\",\"inLanguage\":\"fr-FR\",\"@id\":\"https:\/\/charente.catholique.fr\/est-charente\/#\/schema\/logo\/image\/\",\"url\":\"https:\/\/charente.catholique.fr\/est-charente\/wp-content\/uploads\/sites\/3\/2020\/10\/logos.png\",\"contentUrl\":\"https:\/\/charente.catholique.fr\/est-charente\/wp-content\/uploads\/sites\/3\/2020\/10\/logos.png\",\"width\":600,\"height\":257,\"caption\":\"Association dioc\u00e9saine d'Angoul\u00eame\"},\"image\":{\"@id\":\"https:\/\/charente.catholique.fr\/est-charente\/#\/schema\/logo\/image\/\"},\"sameAs\":[\"https:\/\/www.facebook.com\/EgliseCatholiqueCharente\",\"https:\/\/x.com\/diocesecharente\",\"https:\/\/www.instagram.com\/eglisecharente\",\"https:\/\/www.youtube.com\/channel\/UCByyFWApZbw3gDTiADoiAaQ\"]}]}<\/script>\n<!-- \/ Yoast SEO plugin. -->","yoast_head_json":{"title":"Op\u00e9ration 10 millions d\u2019\u00e9toiles - Doyenne Est Charente","robots":{"index":"index","follow":"follow","max-snippet":"max-snippet:-1","max-image-preview":"max-image-preview:large","max-video-preview":"max-video-preview:-1"},"canonical":"https:\/\/charente.catholique.fr\/est-charente\/paroisses\/notre-dame-des-terres-en-haute-charente\/echanger\/secours-catholique\/operation-10-millions-detoiles\/","og_locale":"fr_FR","og_type":"article","og_title":"Op\u00e9ration 10 millions d\u2019\u00e9toiles - Doyenne Est Charente","og_description":"\u2019\u2019L\u2019op\u00e9ration 10 millions d\u2019\u00e9toiles\u2019\u2019 propos\u00e9e par le Secours Catholique en novembre et d\u00e9cembre permet de donner du sens \u00e0 No\u00ebl en exprimant notre solidarit\u00e9 avec les plus d\u00e9munis. Les dons ne servent pas seulement \u00e0 se procurer des bougies mais \u00e0 soutenir les actions du Secours Catholique qui ne vit que de la g\u00e9n\u00e9rosit\u00e9 de [&hellip;]","og_url":"https:\/\/charente.catholique.fr\/est-charente\/paroisses\/notre-dame-des-terres-en-haute-charente\/echanger\/secours-catholique\/operation-10-millions-detoiles\/","og_site_name":"Doyenne Est Charente","article_publisher":"https:\/\/www.facebook.com\/EgliseCatholiqueCharente","article_modified_time":"2020-10-01T14:24:54+00:00","og_image":[{"width":200,"height":200,"url":"https:\/\/charente.catholique.fr\/est-charente\/wp-content\/uploads\/sites\/3\/2020\/09\/rubon1210-834ff.jpg","type":"image\/jpeg"}],"twitter_card":"summary_large_image","twitter_site":"@diocesecharente","twitter_misc":{"Dur\u00e9e de lecture estim\u00e9e":"1 minute"},"schema":{"@context":"https:\/\/schema.org","@graph":[{"@type":"WebPage","@id":"https:\/\/charente.catholique.fr\/est-charente\/paroisses\/notre-dame-des-terres-en-haute-charente\/echanger\/secours-catholique\/operation-10-millions-detoiles\/","url":"https:\/\/charente.catholique.fr\/est-charente\/paroisses\/notre-dame-des-terres-en-haute-charente\/echanger\/secours-catholique\/operation-10-millions-detoiles\/","name":"Op\u00e9ration 10 millions d\u2019\u00e9toiles - Doyenne Est Charente","isPartOf":{"@id":"https:\/\/charente.catholique.fr\/est-charente\/#website"},"primaryImageOfPage":{"@id":"https:\/\/charente.catholique.fr\/est-charente\/paroisses\/notre-dame-des-terres-en-haute-charente\/echanger\/secours-catholique\/operation-10-millions-detoiles\/#primaryimage"},"image":{"@id":"https:\/\/charente.catholique.fr\/est-charente\/paroisses\/notre-dame-des-terres-en-haute-charente\/echanger\/secours-catholique\/operation-10-millions-detoiles\/#primaryimage"},"thumbnailUrl":"https:\/\/charente.catholique.fr\/est-charente\/wp-content\/uploads\/sites\/3\/2020\/09\/rubon1210-834ff.jpg","datePublished":"2020-09-21T13:52:59+00:00","dateModified":"2020-10-01T14:24:54+00:00","breadcrumb":{"@id":"https:\/\/charente.catholique.fr\/est-charente\/paroisses\/notre-dame-des-terres-en-haute-charente\/echanger\/secours-catholique\/operation-10-millions-detoiles\/#breadcrumb"},"inLanguage":"fr-FR","potentialAction":[{"@type":"ReadAction","target":["https:\/\/charente.catholique.fr\/est-charente\/paroisses\/notre-dame-des-terres-en-haute-charente\/echanger\/secours-catholique\/operation-10-millions-detoiles\/"]}]},{"@type":"ImageObject","inLanguage":"fr-FR","@id":"https:\/\/charente.catholique.fr\/est-charente\/paroisses\/notre-dame-des-terres-en-haute-charente\/echanger\/secours-catholique\/operation-10-millions-detoiles\/#primaryimage","url":"https:\/\/charente.catholique.fr\/est-charente\/wp-content\/uploads\/sites\/3\/2020\/09\/rubon1210-834ff.jpg","contentUrl":"https:\/\/charente.catholique.fr\/est-charente\/wp-content\/uploads\/sites\/3\/2020\/09\/rubon1210-834ff.jpg","width":200,"height":200},{"@type":"BreadcrumbList","@id":"https:\/\/charente.catholique.fr\/est-charente\/paroisses\/notre-dame-des-terres-en-haute-charente\/echanger\/secours-catholique\/operation-10-millions-detoiles\/#breadcrumb","itemListElement":[{"@type":"ListItem","position":1,"name":"Accueil","item":"https:\/\/charente.catholique.fr\/est-charente\/"},{"@type":"ListItem","position":2,"name":"Notre Dame des Terres en Haute-Charente","item":"https:\/\/charente.catholique.fr\/est-charente\/paroisses\/notre-dame-des-terres-en-haute-charente\/"},{"@type":"ListItem","position":3,"name":"\u00c9changer","item":"https:\/\/charente.catholique.fr\/est-charente\/paroisses\/notre-dame-des-terres-en-haute-charente\/echanger\/"},{"@type":"ListItem","position":4,"name":"Secours Catholique","item":"https:\/\/charente.catholique.fr\/est-charente\/paroisses\/notre-dame-des-terres-en-haute-charente\/echanger\/secours-catholique\/"},{"@type":"ListItem","position":5,"name":"Op\u00e9ration 10 millions d\u2019\u00e9toiles"}]},{"@type":"WebSite","@id":"https:\/\/charente.catholique.fr\/est-charente\/#website","url":"https:\/\/charente.catholique.fr\/est-charente\/","name":"Doyenn\u00e9 Est Charente - Dioc\u00e8se d'Angoul\u00eame","description":"Dioc\u00e8se d&#039;Angoul\u00eame","publisher":{"@id":"https:\/\/charente.catholique.fr\/est-charente\/#organization"},"potentialAction":[{"@type":"SearchAction","target":{"@type":"EntryPoint","urlTemplate":"https:\/\/charente.catholique.fr\/est-charente\/?s={search_term_string}"},"query-input":{"@type":"PropertyValueSpecification","valueRequired":true,"valueName":"search_term_string"}}],"inLanguage":"fr-FR"},{"@type":"Organization","@id":"https:\/\/charente.catholique.fr\/est-charente\/#organization","name":"Association dioc\u00e9saine d'Angoul\u00eame","url":"https:\/\/charente.catholique.fr\/est-charente\/","logo":{"@type":"ImageObject","inLanguage":"fr-FR","@id":"https:\/\/charente.catholique.fr\/est-charente\/#\/schema\/logo\/image\/","url":"https:\/\/charente.catholique.fr\/est-charente\/wp-content\/uploads\/sites\/3\/2020\/10\/logos.png","contentUrl":"https:\/\/charente.catholique.fr\/est-charente\/wp-content\/uploads\/sites\/3\/2020\/10\/logos.png","width":600,"height":257,"caption":"Association dioc\u00e9saine d'Angoul\u00eame"},"image":{"@id":"https:\/\/charente.catholique.fr\/est-charente\/#\/schema\/logo\/image\/"},"sameAs":["https:\/\/www.facebook.com\/EgliseCatholiqueCharente","https:\/\/x.com\/diocesecharente","https:\/\/www.instagram.com\/eglisecharente","https:\/\/www.youtube.com\/channel\/UCByyFWApZbw3gDTiADoiAaQ"]}]}},"_links":{"self":[{"href":"https:\/\/charente.catholique.fr\/est-charente\/wp-json\/wp\/v2\/paroisse\/293","targetHints":{"allow":["GET"]}}],"collection":[{"href":"https:\/\/charente.catholique.fr\/est-charente\/wp-json\/wp\/v2\/paroisse"}],"about":[{"href":"https:\/\/charente.catholique.fr\/est-charente\/wp-json\/wp\/v2\/types\/paroisse"}],"author":[{"embeddable":true,"href":"https:\/\/charente.catholique.fr\/est-charente\/wp-json\/wp\/v2\/users\/1"}],"version-history":[{"count":0,"href":"https:\/\/charente.catholique.fr\/est-charente\/wp-json\/wp\/v2\/paroisse\/293\/revisions"}],"up":[{"embeddable":true,"href":"https:\/\/charente.catholique.fr\/est-charente\/wp-json\/wp\/v2\/paroisse\/291"}],"wp:featuredmedia":[{"embeddable":true,"href":"https:\/\/charente.catholique.fr\/est-charente\/wp-json\/wp\/v2\/media\/292"}],"wp:attachment":[{"href":"https:\/\/charente.catholique.fr\/est-charente\/wp-json\/wp\/v2\/media?parent=293"}],"curies":[{"name":"wp","href":"https:\/\/api.w.org\/{rel}","templated":true}]}}