{"id":289,"date":"2020-09-21T15:50:15","date_gmt":"2020-09-21T13:50:15","guid":{"rendered":"https:\/\/charente.catholique.fr\/est-charente\/?post_type=paroisse&#038;p=289"},"modified":"2020-10-01T16:24:54","modified_gmt":"2020-10-01T14:24:54","slug":"a-bord-de-laquarius","status":"publish","type":"paroisse","link":"https:\/\/charente.catholique.fr\/est-charente\/paroisses\/notre-dame-des-terres-en-haute-charente\/echanger\/livres\/a-bord-de-laquarius\/","title":{"rendered":"A bord de l\u2019Aquarius"},"content":{"rendered":"\n<p><strong>Bonaccorso Rizzo (Sc\u00e9nario) Paru le 16 janvier 2019 Bande dessin\u00e9e<\/strong><br><strong>Editions Futuropolis<\/strong><\/p>\n\n\n\n<p>En ce mois de la Bande Dessin\u00e9e, <\/p>\n\n\n\n<p>Deux auteurs italiens, Marco Rizzo et Lelio Bonaccorso, montent \u00e0 bord de l\u2019Aquarius, le navire de secours de l\u2019ONG SOS M\u00e9diterran\u00e9e, pour le premier reportage en bande dessin\u00e9e sur une op\u00e9ration de sauvetage. Les deux auteurs sont t\u00e9moins des op\u00e9rations. Et ils interviewent les sauveteurs, l\u2019\u00e9quipage, les m\u00e9diateurs culturels, mais aussi les migrants. Recueillant des histoires, des exp\u00e9riences et des \u00e9motions. Un t\u00e9moignage unique. Parution le 16 janvier 2019.<\/p>\n\n\n\n<div class=\"wp-block-image\"><figure class=\"aligncenter size-large\"><img loading=\"lazy\" decoding=\"async\" width=\"400\" height=\"544\" src=\"https:\/\/charente.catholique.fr\/est-charente\/wp-content\/uploads\/sites\/3\/2020\/09\/0e1c8c4a7c1dcff7-c8b73.jpg\" alt=\"\" class=\"wp-image-290\" srcset=\"https:\/\/charente.catholique.fr\/est-charente\/wp-content\/uploads\/sites\/3\/2020\/09\/0e1c8c4a7c1dcff7-c8b73.jpg 400w, https:\/\/charente.catholique.fr\/est-charente\/wp-content\/uploads\/sites\/3\/2020\/09\/0e1c8c4a7c1dcff7-c8b73-221x300.jpg 221w\" sizes=\"auto, (max-width: 400px) 100vw, 400px\" \/><\/figure><\/div>\n","protected":false},"author":1,"featured_media":275,"parent":274,"menu_order":12,"template":"","meta":{"_acf_changed":false,"paroisse":["9"],"service":[],"footnotes":""},"class_list":["post-289","paroisse","type-paroisse","status-publish","has-post-thumbnail","hentry"],"acf":[],"yoast_head":"<!-- This site is optimized with the Yoast SEO plugin v27.1.1 - https:\/\/yoast.com\/product\/yoast-seo-wordpress\/ -->\n<title>A bord de l\u2019Aquarius - Doyenne Est Charente<\/title>\n<meta name=\"robots\" content=\"index, follow, max-snippet:-1, max-image-preview:large, max-video-preview:-1\" \/>\n<link rel=\"canonical\" href=\"https:\/\/charente.catholique.fr\/est-charente\/paroisses\/notre-dame-des-terres-en-haute-charente\/echanger\/livres\/a-bord-de-laquarius\/\" \/>\n<meta property=\"og:locale\" content=\"fr_FR\" \/>\n<meta property=\"og:type\" content=\"article\" \/>\n<meta property=\"og:title\" content=\"A bord de l\u2019Aquarius - Doyenne Est Charente\" \/>\n<meta property=\"og:description\" content=\"Bonaccorso Rizzo (Sc\u00e9nario) Paru le 16 janvier 2019 Bande dessin\u00e9eEditions Futuropolis En ce mois de la Bande Dessin\u00e9e, Deux auteurs italiens, Marco Rizzo et Lelio Bonaccorso, montent \u00e0 bord de l\u2019Aquarius, le navire de secours de l\u2019ONG SOS M\u00e9diterran\u00e9e, pour le premier reportage en bande dessin\u00e9e sur une op\u00e9ration de sauvetage. Les deux auteurs sont [&hellip;]\" \/>\n<meta property=\"og:url\" content=\"https:\/\/charente.catholique.fr\/est-charente\/paroisses\/notre-dame-des-terres-en-haute-charente\/echanger\/livres\/a-bord-de-laquarius\/\" \/>\n<meta property=\"og:site_name\" content=\"Doyenne Est Charente\" \/>\n<meta property=\"article:publisher\" content=\"https:\/\/www.facebook.com\/EgliseCatholiqueCharente\" \/>\n<meta property=\"article:modified_time\" content=\"2020-10-01T14:24:54+00:00\" \/>\n<meta property=\"og:image\" content=\"https:\/\/charente.catholique.fr\/est-charente\/wp-content\/uploads\/sites\/3\/2020\/09\/rubon1634-c09a3.jpg\" \/>\n\t<meta property=\"og:image:width\" content=\"250\" \/>\n\t<meta property=\"og:image:height\" content=\"250\" \/>\n\t<meta property=\"og:image:type\" content=\"image\/jpeg\" \/>\n<meta name=\"twitter:card\" content=\"summary_large_image\" \/>\n<meta name=\"twitter:site\" content=\"@diocesecharente\" \/>\n<script type=\"application\/ld+json\" class=\"yoast-schema-graph\">{\"@context\":\"https:\/\/schema.org\",\"@graph\":[{\"@type\":\"WebPage\",\"@id\":\"https:\/\/charente.catholique.fr\/est-charente\/paroisses\/notre-dame-des-terres-en-haute-charente\/echanger\/livres\/a-bord-de-laquarius\/\",\"url\":\"https:\/\/charente.catholique.fr\/est-charente\/paroisses\/notre-dame-des-terres-en-haute-charente\/echanger\/livres\/a-bord-de-laquarius\/\",\"name\":\"A bord de l\u2019Aquarius - Doyenne Est Charente\",\"isPartOf\":{\"@id\":\"https:\/\/charente.catholique.fr\/est-charente\/#website\"},\"primaryImageOfPage\":{\"@id\":\"https:\/\/charente.catholique.fr\/est-charente\/paroisses\/notre-dame-des-terres-en-haute-charente\/echanger\/livres\/a-bord-de-laquarius\/#primaryimage\"},\"image\":{\"@id\":\"https:\/\/charente.catholique.fr\/est-charente\/paroisses\/notre-dame-des-terres-en-haute-charente\/echanger\/livres\/a-bord-de-laquarius\/#primaryimage\"},\"thumbnailUrl\":\"https:\/\/charente.catholique.fr\/est-charente\/wp-content\/uploads\/sites\/3\/2020\/09\/rubon1634-c09a3.jpg\",\"datePublished\":\"2020-09-21T13:50:15+00:00\",\"dateModified\":\"2020-10-01T14:24:54+00:00\",\"breadcrumb\":{\"@id\":\"https:\/\/charente.catholique.fr\/est-charente\/paroisses\/notre-dame-des-terres-en-haute-charente\/echanger\/livres\/a-bord-de-laquarius\/#breadcrumb\"},\"inLanguage\":\"fr-FR\",\"potentialAction\":[{\"@type\":\"ReadAction\",\"target\":[\"https:\/\/charente.catholique.fr\/est-charente\/paroisses\/notre-dame-des-terres-en-haute-charente\/echanger\/livres\/a-bord-de-laquarius\/\"]}]},{\"@type\":\"ImageObject\",\"inLanguage\":\"fr-FR\",\"@id\":\"https:\/\/charente.catholique.fr\/est-charente\/paroisses\/notre-dame-des-terres-en-haute-charente\/echanger\/livres\/a-bord-de-laquarius\/#primaryimage\",\"url\":\"https:\/\/charente.catholique.fr\/est-charente\/wp-content\/uploads\/sites\/3\/2020\/09\/rubon1634-c09a3.jpg\",\"contentUrl\":\"https:\/\/charente.catholique.fr\/est-charente\/wp-content\/uploads\/sites\/3\/2020\/09\/rubon1634-c09a3.jpg\",\"width\":250,\"height\":250},{\"@type\":\"BreadcrumbList\",\"@id\":\"https:\/\/charente.catholique.fr\/est-charente\/paroisses\/notre-dame-des-terres-en-haute-charente\/echanger\/livres\/a-bord-de-laquarius\/#breadcrumb\",\"itemListElement\":[{\"@type\":\"ListItem\",\"position\":1,\"name\":\"Accueil\",\"item\":\"https:\/\/charente.catholique.fr\/est-charente\/\"},{\"@type\":\"ListItem\",\"position\":2,\"name\":\"Notre Dame des Terres en Haute-Charente\",\"item\":\"https:\/\/charente.catholique.fr\/est-charente\/paroisses\/notre-dame-des-terres-en-haute-charente\/\"},{\"@type\":\"ListItem\",\"position\":3,\"name\":\"\u00c9changer\",\"item\":\"https:\/\/charente.catholique.fr\/est-charente\/paroisses\/notre-dame-des-terres-en-haute-charente\/echanger\/\"},{\"@type\":\"ListItem\",\"position\":4,\"name\":\"Livres\",\"item\":\"https:\/\/charente.catholique.fr\/est-charente\/paroisses\/notre-dame-des-terres-en-haute-charente\/echanger\/livres\/\"},{\"@type\":\"ListItem\",\"position\":5,\"name\":\"A bord de l\u2019Aquarius\"}]},{\"@type\":\"WebSite\",\"@id\":\"https:\/\/charente.catholique.fr\/est-charente\/#website\",\"url\":\"https:\/\/charente.catholique.fr\/est-charente\/\",\"name\":\"Doyenn\u00e9 Est Charente - Dioc\u00e8se d'Angoul\u00eame\",\"description\":\"Dioc\u00e8se d&#039;Angoul\u00eame\",\"publisher\":{\"@id\":\"https:\/\/charente.catholique.fr\/est-charente\/#organization\"},\"potentialAction\":[{\"@type\":\"SearchAction\",\"target\":{\"@type\":\"EntryPoint\",\"urlTemplate\":\"https:\/\/charente.catholique.fr\/est-charente\/?s={search_term_string}\"},\"query-input\":{\"@type\":\"PropertyValueSpecification\",\"valueRequired\":true,\"valueName\":\"search_term_string\"}}],\"inLanguage\":\"fr-FR\"},{\"@type\":\"Organization\",\"@id\":\"https:\/\/charente.catholique.fr\/est-charente\/#organization\",\"name\":\"Association dioc\u00e9saine d'Angoul\u00eame\",\"url\":\"https:\/\/charente.catholique.fr\/est-charente\/\",\"logo\":{\"@type\":\"ImageObject\",\"inLanguage\":\"fr-FR\",\"@id\":\"https:\/\/charente.catholique.fr\/est-charente\/#\/schema\/logo\/image\/\",\"url\":\"https:\/\/charente.catholique.fr\/est-charente\/wp-content\/uploads\/sites\/3\/2020\/10\/logos.png\",\"contentUrl\":\"https:\/\/charente.catholique.fr\/est-charente\/wp-content\/uploads\/sites\/3\/2020\/10\/logos.png\",\"width\":600,\"height\":257,\"caption\":\"Association dioc\u00e9saine d'Angoul\u00eame\"},\"image\":{\"@id\":\"https:\/\/charente.catholique.fr\/est-charente\/#\/schema\/logo\/image\/\"},\"sameAs\":[\"https:\/\/www.facebook.com\/EgliseCatholiqueCharente\",\"https:\/\/x.com\/diocesecharente\",\"https:\/\/www.instagram.com\/eglisecharente\",\"https:\/\/www.youtube.com\/channel\/UCByyFWApZbw3gDTiADoiAaQ\"]}]}<\/script>\n<!-- \/ Yoast SEO plugin. -->","yoast_head_json":{"title":"A bord de l\u2019Aquarius - Doyenne Est Charente","robots":{"index":"index","follow":"follow","max-snippet":"max-snippet:-1","max-image-preview":"max-image-preview:large","max-video-preview":"max-video-preview:-1"},"canonical":"https:\/\/charente.catholique.fr\/est-charente\/paroisses\/notre-dame-des-terres-en-haute-charente\/echanger\/livres\/a-bord-de-laquarius\/","og_locale":"fr_FR","og_type":"article","og_title":"A bord de l\u2019Aquarius - Doyenne Est Charente","og_description":"Bonaccorso Rizzo (Sc\u00e9nario) Paru le 16 janvier 2019 Bande dessin\u00e9eEditions Futuropolis En ce mois de la Bande Dessin\u00e9e, Deux auteurs italiens, Marco Rizzo et Lelio Bonaccorso, montent \u00e0 bord de l\u2019Aquarius, le navire de secours de l\u2019ONG SOS M\u00e9diterran\u00e9e, pour le premier reportage en bande dessin\u00e9e sur une op\u00e9ration de sauvetage. Les deux auteurs sont [&hellip;]","og_url":"https:\/\/charente.catholique.fr\/est-charente\/paroisses\/notre-dame-des-terres-en-haute-charente\/echanger\/livres\/a-bord-de-laquarius\/","og_site_name":"Doyenne Est Charente","article_publisher":"https:\/\/www.facebook.com\/EgliseCatholiqueCharente","article_modified_time":"2020-10-01T14:24:54+00:00","og_image":[{"width":250,"height":250,"url":"https:\/\/charente.catholique.fr\/est-charente\/wp-content\/uploads\/sites\/3\/2020\/09\/rubon1634-c09a3.jpg","type":"image\/jpeg"}],"twitter_card":"summary_large_image","twitter_site":"@diocesecharente","schema":{"@context":"https:\/\/schema.org","@graph":[{"@type":"WebPage","@id":"https:\/\/charente.catholique.fr\/est-charente\/paroisses\/notre-dame-des-terres-en-haute-charente\/echanger\/livres\/a-bord-de-laquarius\/","url":"https:\/\/charente.catholique.fr\/est-charente\/paroisses\/notre-dame-des-terres-en-haute-charente\/echanger\/livres\/a-bord-de-laquarius\/","name":"A bord de l\u2019Aquarius - Doyenne Est Charente","isPartOf":{"@id":"https:\/\/charente.catholique.fr\/est-charente\/#website"},"primaryImageOfPage":{"@id":"https:\/\/charente.catholique.fr\/est-charente\/paroisses\/notre-dame-des-terres-en-haute-charente\/echanger\/livres\/a-bord-de-laquarius\/#primaryimage"},"image":{"@id":"https:\/\/charente.catholique.fr\/est-charente\/paroisses\/notre-dame-des-terres-en-haute-charente\/echanger\/livres\/a-bord-de-laquarius\/#primaryimage"},"thumbnailUrl":"https:\/\/charente.catholique.fr\/est-charente\/wp-content\/uploads\/sites\/3\/2020\/09\/rubon1634-c09a3.jpg","datePublished":"2020-09-21T13:50:15+00:00","dateModified":"2020-10-01T14:24:54+00:00","breadcrumb":{"@id":"https:\/\/charente.catholique.fr\/est-charente\/paroisses\/notre-dame-des-terres-en-haute-charente\/echanger\/livres\/a-bord-de-laquarius\/#breadcrumb"},"inLanguage":"fr-FR","potentialAction":[{"@type":"ReadAction","target":["https:\/\/charente.catholique.fr\/est-charente\/paroisses\/notre-dame-des-terres-en-haute-charente\/echanger\/livres\/a-bord-de-laquarius\/"]}]},{"@type":"ImageObject","inLanguage":"fr-FR","@id":"https:\/\/charente.catholique.fr\/est-charente\/paroisses\/notre-dame-des-terres-en-haute-charente\/echanger\/livres\/a-bord-de-laquarius\/#primaryimage","url":"https:\/\/charente.catholique.fr\/est-charente\/wp-content\/uploads\/sites\/3\/2020\/09\/rubon1634-c09a3.jpg","contentUrl":"https:\/\/charente.catholique.fr\/est-charente\/wp-content\/uploads\/sites\/3\/2020\/09\/rubon1634-c09a3.jpg","width":250,"height":250},{"@type":"BreadcrumbList","@id":"https:\/\/charente.catholique.fr\/est-charente\/paroisses\/notre-dame-des-terres-en-haute-charente\/echanger\/livres\/a-bord-de-laquarius\/#breadcrumb","itemListElement":[{"@type":"ListItem","position":1,"name":"Accueil","item":"https:\/\/charente.catholique.fr\/est-charente\/"},{"@type":"ListItem","position":2,"name":"Notre Dame des Terres en Haute-Charente","item":"https:\/\/charente.catholique.fr\/est-charente\/paroisses\/notre-dame-des-terres-en-haute-charente\/"},{"@type":"ListItem","position":3,"name":"\u00c9changer","item":"https:\/\/charente.catholique.fr\/est-charente\/paroisses\/notre-dame-des-terres-en-haute-charente\/echanger\/"},{"@type":"ListItem","position":4,"name":"Livres","item":"https:\/\/charente.catholique.fr\/est-charente\/paroisses\/notre-dame-des-terres-en-haute-charente\/echanger\/livres\/"},{"@type":"ListItem","position":5,"name":"A bord de l\u2019Aquarius"}]},{"@type":"WebSite","@id":"https:\/\/charente.catholique.fr\/est-charente\/#website","url":"https:\/\/charente.catholique.fr\/est-charente\/","name":"Doyenn\u00e9 Est Charente - Dioc\u00e8se d'Angoul\u00eame","description":"Dioc\u00e8se d&#039;Angoul\u00eame","publisher":{"@id":"https:\/\/charente.catholique.fr\/est-charente\/#organization"},"potentialAction":[{"@type":"SearchAction","target":{"@type":"EntryPoint","urlTemplate":"https:\/\/charente.catholique.fr\/est-charente\/?s={search_term_string}"},"query-input":{"@type":"PropertyValueSpecification","valueRequired":true,"valueName":"search_term_string"}}],"inLanguage":"fr-FR"},{"@type":"Organization","@id":"https:\/\/charente.catholique.fr\/est-charente\/#organization","name":"Association dioc\u00e9saine d'Angoul\u00eame","url":"https:\/\/charente.catholique.fr\/est-charente\/","logo":{"@type":"ImageObject","inLanguage":"fr-FR","@id":"https:\/\/charente.catholique.fr\/est-charente\/#\/schema\/logo\/image\/","url":"https:\/\/charente.catholique.fr\/est-charente\/wp-content\/uploads\/sites\/3\/2020\/10\/logos.png","contentUrl":"https:\/\/charente.catholique.fr\/est-charente\/wp-content\/uploads\/sites\/3\/2020\/10\/logos.png","width":600,"height":257,"caption":"Association dioc\u00e9saine d'Angoul\u00eame"},"image":{"@id":"https:\/\/charente.catholique.fr\/est-charente\/#\/schema\/logo\/image\/"},"sameAs":["https:\/\/www.facebook.com\/EgliseCatholiqueCharente","https:\/\/x.com\/diocesecharente","https:\/\/www.instagram.com\/eglisecharente","https:\/\/www.youtube.com\/channel\/UCByyFWApZbw3gDTiADoiAaQ"]}]}},"_links":{"self":[{"href":"https:\/\/charente.catholique.fr\/est-charente\/wp-json\/wp\/v2\/paroisse\/289","targetHints":{"allow":["GET"]}}],"collection":[{"href":"https:\/\/charente.catholique.fr\/est-charente\/wp-json\/wp\/v2\/paroisse"}],"about":[{"href":"https:\/\/charente.catholique.fr\/est-charente\/wp-json\/wp\/v2\/types\/paroisse"}],"author":[{"embeddable":true,"href":"https:\/\/charente.catholique.fr\/est-charente\/wp-json\/wp\/v2\/users\/1"}],"version-history":[{"count":0,"href":"https:\/\/charente.catholique.fr\/est-charente\/wp-json\/wp\/v2\/paroisse\/289\/revisions"}],"up":[{"embeddable":true,"href":"https:\/\/charente.catholique.fr\/est-charente\/wp-json\/wp\/v2\/paroisse\/274"}],"wp:featuredmedia":[{"embeddable":true,"href":"https:\/\/charente.catholique.fr\/est-charente\/wp-json\/wp\/v2\/media\/275"}],"wp:attachment":[{"href":"https:\/\/charente.catholique.fr\/est-charente\/wp-json\/wp\/v2\/media?parent=289"}],"curies":[{"name":"wp","href":"https:\/\/api.w.org\/{rel}","templated":true}]}}