{"id":285,"date":"2020-09-21T15:47:48","date_gmt":"2020-09-21T13:47:48","guid":{"rendered":"https:\/\/charente.catholique.fr\/est-charente\/?post_type=paroisse&#038;p=285"},"modified":"2020-10-01T16:24:54","modified_gmt":"2020-10-01T14:24:54","slug":"les-bateaux-de-lephemere-pere-thomas-ziegler","status":"publish","type":"paroisse","link":"https:\/\/charente.catholique.fr\/est-charente\/paroisses\/notre-dame-des-terres-en-haute-charente\/echanger\/livres\/les-bateaux-de-lephemere-pere-thomas-ziegler\/","title":{"rendered":"Les Bateaux de l\u2019Eph\u00e9m\u00e8re &#8211; P\u00e8re Thomas Ziegler"},"content":{"rendered":"\n<p><strong>Avec plus de 6000 passagers et des \u00e9quipages de 2000 personnes pour les plus grands, plus de 250 navires de croisi\u00e8re embarquent d\u00e9sormais chaque ann\u00e9e 27 millions de croisi\u00e9ristes. Comment r\u00e9pandre la joie du Christ dans cette &#8220;p\u00e9riph\u00e9rie de l\u2019\u00c9glise&#8221; et \u00e9clairer de la lumi\u00e8re de l\u2019\u00c9vangile cette humanit\u00e9 en transit le temps d\u2019un \u00e9ph\u00e9m\u00e8re rond dans l\u2019eau\u00a0?<\/strong><\/p>\n\n\n\n<div class=\"wp-block-image\"><figure class=\"aligncenter size-large\"><img loading=\"lazy\" decoding=\"async\" width=\"376\" height=\"568\" src=\"https:\/\/charente.catholique.fr\/est-charente\/wp-content\/uploads\/sites\/3\/2020\/09\/59d28c9a984f31d1-5f2aa.jpg\" alt=\"\" class=\"wp-image-286\" srcset=\"https:\/\/charente.catholique.fr\/est-charente\/wp-content\/uploads\/sites\/3\/2020\/09\/59d28c9a984f31d1-5f2aa.jpg 376w, https:\/\/charente.catholique.fr\/est-charente\/wp-content\/uploads\/sites\/3\/2020\/09\/59d28c9a984f31d1-5f2aa-199x300.jpg 199w\" sizes=\"auto, (max-width: 376px) 100vw, 376px\" \/><\/figure><\/div>\n\n\n\n<p>Incardin\u00e9 dans le dioc\u00e8se de Strasbourg, le p\u00e8re Thomas Ziegler est d\u00e9tach\u00e9 \u00e0 l\u2019aum\u00f4nerie de la mer.\u00a0<br>A 49 ans il a navigu\u00e9 pendant 10 ans comme aum\u00f4nier sur les paquebots des flottes Costa Croisi\u00e8res, Carnival, MSC Royal Caribbean, Pullmantur, Croisi\u00e8res de France et Holland America.\u00a0<br>Avec sa connaissance du c\u0153ur de l\u2019homme, l\u2019aum\u00f4nier d\u00e9crit de l\u2019int\u00e9rieur la vie \u00e0 bord de ces villes flottantes, un milieu particulier o\u00f9 se c\u00f4toient sans jamais se rencontrer les passagers en qu\u00eate de divertissements d\u00e9mesur\u00e9s et les \u00ab\u00a0petites mains\u00a0\u00bb, membres de l\u2019\u00e9quipage condamn\u00e9s \u00e0 travailler jour et nuit sans jamais voir le ciel.\u00a0<br>A cot\u00e9 d\u2019une fine analyse sociologique, un regard tendre, aimant et amus\u00e9 sur une paroisse hors du monde. &#8220;Les vivants, les morts et ceux qui vont sur la mer&#8221; disait Aristote.<br>Un plaidoyer en faveur d\u2019une pr\u00e9sence plus franche de l\u2019\u00c9glise sur les mers.<br><em>Les bateaux de l\u2019\u00e9ph\u00e9m\u00e8re, un cur\u00e9 \u00e0 bord, Thomas Ziegler avec Charles Wright, \u00c9ditions Salvator<\/em><\/p>\n","protected":false},"author":1,"featured_media":275,"parent":274,"menu_order":14,"template":"","meta":{"_acf_changed":false,"paroisse":["9"],"service":[],"footnotes":""},"class_list":["post-285","paroisse","type-paroisse","status-publish","has-post-thumbnail","hentry"],"acf":[],"yoast_head":"<!-- This site is optimized with the Yoast SEO plugin v27.1.1 - https:\/\/yoast.com\/product\/yoast-seo-wordpress\/ -->\n<title>Les Bateaux de l\u2019Eph\u00e9m\u00e8re - P\u00e8re Thomas Ziegler - Doyenne Est Charente<\/title>\n<meta name=\"robots\" content=\"index, follow, max-snippet:-1, max-image-preview:large, max-video-preview:-1\" \/>\n<link rel=\"canonical\" href=\"https:\/\/charente.catholique.fr\/est-charente\/paroisses\/notre-dame-des-terres-en-haute-charente\/echanger\/livres\/les-bateaux-de-lephemere-pere-thomas-ziegler\/\" \/>\n<meta property=\"og:locale\" content=\"fr_FR\" \/>\n<meta property=\"og:type\" content=\"article\" \/>\n<meta property=\"og:title\" content=\"Les Bateaux de l\u2019Eph\u00e9m\u00e8re - P\u00e8re Thomas Ziegler - Doyenne Est Charente\" \/>\n<meta property=\"og:description\" content=\"Avec plus de 6000 passagers et des \u00e9quipages de 2000 personnes pour les plus grands, plus de 250 navires de croisi\u00e8re embarquent d\u00e9sormais chaque ann\u00e9e 27 millions de croisi\u00e9ristes. Comment r\u00e9pandre la joie du Christ dans cette &#8220;p\u00e9riph\u00e9rie de l\u2019\u00c9glise&#8221; et \u00e9clairer de la lumi\u00e8re de l\u2019\u00c9vangile cette humanit\u00e9 en transit le temps d\u2019un \u00e9ph\u00e9m\u00e8re [&hellip;]\" \/>\n<meta property=\"og:url\" content=\"https:\/\/charente.catholique.fr\/est-charente\/paroisses\/notre-dame-des-terres-en-haute-charente\/echanger\/livres\/les-bateaux-de-lephemere-pere-thomas-ziegler\/\" \/>\n<meta property=\"og:site_name\" content=\"Doyenne Est Charente\" \/>\n<meta property=\"article:publisher\" content=\"https:\/\/www.facebook.com\/EgliseCatholiqueCharente\" \/>\n<meta property=\"article:modified_time\" content=\"2020-10-01T14:24:54+00:00\" \/>\n<meta property=\"og:image\" content=\"https:\/\/charente.catholique.fr\/est-charente\/wp-content\/uploads\/sites\/3\/2020\/09\/rubon1634-c09a3.jpg\" \/>\n\t<meta property=\"og:image:width\" content=\"250\" \/>\n\t<meta property=\"og:image:height\" content=\"250\" \/>\n\t<meta property=\"og:image:type\" content=\"image\/jpeg\" \/>\n<meta name=\"twitter:card\" content=\"summary_large_image\" \/>\n<meta name=\"twitter:site\" content=\"@diocesecharente\" \/>\n<meta name=\"twitter:label1\" content=\"Dur\u00e9e de lecture estim\u00e9e\" \/>\n\t<meta name=\"twitter:data1\" content=\"1 minute\" \/>\n<script type=\"application\/ld+json\" class=\"yoast-schema-graph\">{\"@context\":\"https:\/\/schema.org\",\"@graph\":[{\"@type\":\"WebPage\",\"@id\":\"https:\/\/charente.catholique.fr\/est-charente\/paroisses\/notre-dame-des-terres-en-haute-charente\/echanger\/livres\/les-bateaux-de-lephemere-pere-thomas-ziegler\/\",\"url\":\"https:\/\/charente.catholique.fr\/est-charente\/paroisses\/notre-dame-des-terres-en-haute-charente\/echanger\/livres\/les-bateaux-de-lephemere-pere-thomas-ziegler\/\",\"name\":\"Les Bateaux de l\u2019Eph\u00e9m\u00e8re - P\u00e8re Thomas Ziegler - Doyenne Est Charente\",\"isPartOf\":{\"@id\":\"https:\/\/charente.catholique.fr\/est-charente\/#website\"},\"primaryImageOfPage\":{\"@id\":\"https:\/\/charente.catholique.fr\/est-charente\/paroisses\/notre-dame-des-terres-en-haute-charente\/echanger\/livres\/les-bateaux-de-lephemere-pere-thomas-ziegler\/#primaryimage\"},\"image\":{\"@id\":\"https:\/\/charente.catholique.fr\/est-charente\/paroisses\/notre-dame-des-terres-en-haute-charente\/echanger\/livres\/les-bateaux-de-lephemere-pere-thomas-ziegler\/#primaryimage\"},\"thumbnailUrl\":\"https:\/\/charente.catholique.fr\/est-charente\/wp-content\/uploads\/sites\/3\/2020\/09\/rubon1634-c09a3.jpg\",\"datePublished\":\"2020-09-21T13:47:48+00:00\",\"dateModified\":\"2020-10-01T14:24:54+00:00\",\"breadcrumb\":{\"@id\":\"https:\/\/charente.catholique.fr\/est-charente\/paroisses\/notre-dame-des-terres-en-haute-charente\/echanger\/livres\/les-bateaux-de-lephemere-pere-thomas-ziegler\/#breadcrumb\"},\"inLanguage\":\"fr-FR\",\"potentialAction\":[{\"@type\":\"ReadAction\",\"target\":[\"https:\/\/charente.catholique.fr\/est-charente\/paroisses\/notre-dame-des-terres-en-haute-charente\/echanger\/livres\/les-bateaux-de-lephemere-pere-thomas-ziegler\/\"]}]},{\"@type\":\"ImageObject\",\"inLanguage\":\"fr-FR\",\"@id\":\"https:\/\/charente.catholique.fr\/est-charente\/paroisses\/notre-dame-des-terres-en-haute-charente\/echanger\/livres\/les-bateaux-de-lephemere-pere-thomas-ziegler\/#primaryimage\",\"url\":\"https:\/\/charente.catholique.fr\/est-charente\/wp-content\/uploads\/sites\/3\/2020\/09\/rubon1634-c09a3.jpg\",\"contentUrl\":\"https:\/\/charente.catholique.fr\/est-charente\/wp-content\/uploads\/sites\/3\/2020\/09\/rubon1634-c09a3.jpg\",\"width\":250,\"height\":250},{\"@type\":\"BreadcrumbList\",\"@id\":\"https:\/\/charente.catholique.fr\/est-charente\/paroisses\/notre-dame-des-terres-en-haute-charente\/echanger\/livres\/les-bateaux-de-lephemere-pere-thomas-ziegler\/#breadcrumb\",\"itemListElement\":[{\"@type\":\"ListItem\",\"position\":1,\"name\":\"Accueil\",\"item\":\"https:\/\/charente.catholique.fr\/est-charente\/\"},{\"@type\":\"ListItem\",\"position\":2,\"name\":\"Notre Dame des Terres en Haute-Charente\",\"item\":\"https:\/\/charente.catholique.fr\/est-charente\/paroisses\/notre-dame-des-terres-en-haute-charente\/\"},{\"@type\":\"ListItem\",\"position\":3,\"name\":\"\u00c9changer\",\"item\":\"https:\/\/charente.catholique.fr\/est-charente\/paroisses\/notre-dame-des-terres-en-haute-charente\/echanger\/\"},{\"@type\":\"ListItem\",\"position\":4,\"name\":\"Livres\",\"item\":\"https:\/\/charente.catholique.fr\/est-charente\/paroisses\/notre-dame-des-terres-en-haute-charente\/echanger\/livres\/\"},{\"@type\":\"ListItem\",\"position\":5,\"name\":\"Les Bateaux de l\u2019Eph\u00e9m\u00e8re &#8211; P\u00e8re Thomas Ziegler\"}]},{\"@type\":\"WebSite\",\"@id\":\"https:\/\/charente.catholique.fr\/est-charente\/#website\",\"url\":\"https:\/\/charente.catholique.fr\/est-charente\/\",\"name\":\"Doyenn\u00e9 Est Charente - Dioc\u00e8se d'Angoul\u00eame\",\"description\":\"Dioc\u00e8se d&#039;Angoul\u00eame\",\"publisher\":{\"@id\":\"https:\/\/charente.catholique.fr\/est-charente\/#organization\"},\"potentialAction\":[{\"@type\":\"SearchAction\",\"target\":{\"@type\":\"EntryPoint\",\"urlTemplate\":\"https:\/\/charente.catholique.fr\/est-charente\/?s={search_term_string}\"},\"query-input\":{\"@type\":\"PropertyValueSpecification\",\"valueRequired\":true,\"valueName\":\"search_term_string\"}}],\"inLanguage\":\"fr-FR\"},{\"@type\":\"Organization\",\"@id\":\"https:\/\/charente.catholique.fr\/est-charente\/#organization\",\"name\":\"Association dioc\u00e9saine d'Angoul\u00eame\",\"url\":\"https:\/\/charente.catholique.fr\/est-charente\/\",\"logo\":{\"@type\":\"ImageObject\",\"inLanguage\":\"fr-FR\",\"@id\":\"https:\/\/charente.catholique.fr\/est-charente\/#\/schema\/logo\/image\/\",\"url\":\"https:\/\/charente.catholique.fr\/est-charente\/wp-content\/uploads\/sites\/3\/2020\/10\/logos.png\",\"contentUrl\":\"https:\/\/charente.catholique.fr\/est-charente\/wp-content\/uploads\/sites\/3\/2020\/10\/logos.png\",\"width\":600,\"height\":257,\"caption\":\"Association dioc\u00e9saine d'Angoul\u00eame\"},\"image\":{\"@id\":\"https:\/\/charente.catholique.fr\/est-charente\/#\/schema\/logo\/image\/\"},\"sameAs\":[\"https:\/\/www.facebook.com\/EgliseCatholiqueCharente\",\"https:\/\/x.com\/diocesecharente\",\"https:\/\/www.instagram.com\/eglisecharente\",\"https:\/\/www.youtube.com\/channel\/UCByyFWApZbw3gDTiADoiAaQ\"]}]}<\/script>\n<!-- \/ Yoast SEO plugin. -->","yoast_head_json":{"title":"Les Bateaux de l\u2019Eph\u00e9m\u00e8re - P\u00e8re Thomas Ziegler - Doyenne Est Charente","robots":{"index":"index","follow":"follow","max-snippet":"max-snippet:-1","max-image-preview":"max-image-preview:large","max-video-preview":"max-video-preview:-1"},"canonical":"https:\/\/charente.catholique.fr\/est-charente\/paroisses\/notre-dame-des-terres-en-haute-charente\/echanger\/livres\/les-bateaux-de-lephemere-pere-thomas-ziegler\/","og_locale":"fr_FR","og_type":"article","og_title":"Les Bateaux de l\u2019Eph\u00e9m\u00e8re - P\u00e8re Thomas Ziegler - Doyenne Est Charente","og_description":"Avec plus de 6000 passagers et des \u00e9quipages de 2000 personnes pour les plus grands, plus de 250 navires de croisi\u00e8re embarquent d\u00e9sormais chaque ann\u00e9e 27 millions de croisi\u00e9ristes. Comment r\u00e9pandre la joie du Christ dans cette &#8220;p\u00e9riph\u00e9rie de l\u2019\u00c9glise&#8221; et \u00e9clairer de la lumi\u00e8re de l\u2019\u00c9vangile cette humanit\u00e9 en transit le temps d\u2019un \u00e9ph\u00e9m\u00e8re [&hellip;]","og_url":"https:\/\/charente.catholique.fr\/est-charente\/paroisses\/notre-dame-des-terres-en-haute-charente\/echanger\/livres\/les-bateaux-de-lephemere-pere-thomas-ziegler\/","og_site_name":"Doyenne Est Charente","article_publisher":"https:\/\/www.facebook.com\/EgliseCatholiqueCharente","article_modified_time":"2020-10-01T14:24:54+00:00","og_image":[{"width":250,"height":250,"url":"https:\/\/charente.catholique.fr\/est-charente\/wp-content\/uploads\/sites\/3\/2020\/09\/rubon1634-c09a3.jpg","type":"image\/jpeg"}],"twitter_card":"summary_large_image","twitter_site":"@diocesecharente","twitter_misc":{"Dur\u00e9e de lecture estim\u00e9e":"1 minute"},"schema":{"@context":"https:\/\/schema.org","@graph":[{"@type":"WebPage","@id":"https:\/\/charente.catholique.fr\/est-charente\/paroisses\/notre-dame-des-terres-en-haute-charente\/echanger\/livres\/les-bateaux-de-lephemere-pere-thomas-ziegler\/","url":"https:\/\/charente.catholique.fr\/est-charente\/paroisses\/notre-dame-des-terres-en-haute-charente\/echanger\/livres\/les-bateaux-de-lephemere-pere-thomas-ziegler\/","name":"Les Bateaux de l\u2019Eph\u00e9m\u00e8re - P\u00e8re Thomas Ziegler - Doyenne Est Charente","isPartOf":{"@id":"https:\/\/charente.catholique.fr\/est-charente\/#website"},"primaryImageOfPage":{"@id":"https:\/\/charente.catholique.fr\/est-charente\/paroisses\/notre-dame-des-terres-en-haute-charente\/echanger\/livres\/les-bateaux-de-lephemere-pere-thomas-ziegler\/#primaryimage"},"image":{"@id":"https:\/\/charente.catholique.fr\/est-charente\/paroisses\/notre-dame-des-terres-en-haute-charente\/echanger\/livres\/les-bateaux-de-lephemere-pere-thomas-ziegler\/#primaryimage"},"thumbnailUrl":"https:\/\/charente.catholique.fr\/est-charente\/wp-content\/uploads\/sites\/3\/2020\/09\/rubon1634-c09a3.jpg","datePublished":"2020-09-21T13:47:48+00:00","dateModified":"2020-10-01T14:24:54+00:00","breadcrumb":{"@id":"https:\/\/charente.catholique.fr\/est-charente\/paroisses\/notre-dame-des-terres-en-haute-charente\/echanger\/livres\/les-bateaux-de-lephemere-pere-thomas-ziegler\/#breadcrumb"},"inLanguage":"fr-FR","potentialAction":[{"@type":"ReadAction","target":["https:\/\/charente.catholique.fr\/est-charente\/paroisses\/notre-dame-des-terres-en-haute-charente\/echanger\/livres\/les-bateaux-de-lephemere-pere-thomas-ziegler\/"]}]},{"@type":"ImageObject","inLanguage":"fr-FR","@id":"https:\/\/charente.catholique.fr\/est-charente\/paroisses\/notre-dame-des-terres-en-haute-charente\/echanger\/livres\/les-bateaux-de-lephemere-pere-thomas-ziegler\/#primaryimage","url":"https:\/\/charente.catholique.fr\/est-charente\/wp-content\/uploads\/sites\/3\/2020\/09\/rubon1634-c09a3.jpg","contentUrl":"https:\/\/charente.catholique.fr\/est-charente\/wp-content\/uploads\/sites\/3\/2020\/09\/rubon1634-c09a3.jpg","width":250,"height":250},{"@type":"BreadcrumbList","@id":"https:\/\/charente.catholique.fr\/est-charente\/paroisses\/notre-dame-des-terres-en-haute-charente\/echanger\/livres\/les-bateaux-de-lephemere-pere-thomas-ziegler\/#breadcrumb","itemListElement":[{"@type":"ListItem","position":1,"name":"Accueil","item":"https:\/\/charente.catholique.fr\/est-charente\/"},{"@type":"ListItem","position":2,"name":"Notre Dame des Terres en Haute-Charente","item":"https:\/\/charente.catholique.fr\/est-charente\/paroisses\/notre-dame-des-terres-en-haute-charente\/"},{"@type":"ListItem","position":3,"name":"\u00c9changer","item":"https:\/\/charente.catholique.fr\/est-charente\/paroisses\/notre-dame-des-terres-en-haute-charente\/echanger\/"},{"@type":"ListItem","position":4,"name":"Livres","item":"https:\/\/charente.catholique.fr\/est-charente\/paroisses\/notre-dame-des-terres-en-haute-charente\/echanger\/livres\/"},{"@type":"ListItem","position":5,"name":"Les Bateaux de l\u2019Eph\u00e9m\u00e8re &#8211; P\u00e8re Thomas Ziegler"}]},{"@type":"WebSite","@id":"https:\/\/charente.catholique.fr\/est-charente\/#website","url":"https:\/\/charente.catholique.fr\/est-charente\/","name":"Doyenn\u00e9 Est Charente - Dioc\u00e8se d'Angoul\u00eame","description":"Dioc\u00e8se d&#039;Angoul\u00eame","publisher":{"@id":"https:\/\/charente.catholique.fr\/est-charente\/#organization"},"potentialAction":[{"@type":"SearchAction","target":{"@type":"EntryPoint","urlTemplate":"https:\/\/charente.catholique.fr\/est-charente\/?s={search_term_string}"},"query-input":{"@type":"PropertyValueSpecification","valueRequired":true,"valueName":"search_term_string"}}],"inLanguage":"fr-FR"},{"@type":"Organization","@id":"https:\/\/charente.catholique.fr\/est-charente\/#organization","name":"Association dioc\u00e9saine d'Angoul\u00eame","url":"https:\/\/charente.catholique.fr\/est-charente\/","logo":{"@type":"ImageObject","inLanguage":"fr-FR","@id":"https:\/\/charente.catholique.fr\/est-charente\/#\/schema\/logo\/image\/","url":"https:\/\/charente.catholique.fr\/est-charente\/wp-content\/uploads\/sites\/3\/2020\/10\/logos.png","contentUrl":"https:\/\/charente.catholique.fr\/est-charente\/wp-content\/uploads\/sites\/3\/2020\/10\/logos.png","width":600,"height":257,"caption":"Association dioc\u00e9saine d'Angoul\u00eame"},"image":{"@id":"https:\/\/charente.catholique.fr\/est-charente\/#\/schema\/logo\/image\/"},"sameAs":["https:\/\/www.facebook.com\/EgliseCatholiqueCharente","https:\/\/x.com\/diocesecharente","https:\/\/www.instagram.com\/eglisecharente","https:\/\/www.youtube.com\/channel\/UCByyFWApZbw3gDTiADoiAaQ"]}]}},"_links":{"self":[{"href":"https:\/\/charente.catholique.fr\/est-charente\/wp-json\/wp\/v2\/paroisse\/285","targetHints":{"allow":["GET"]}}],"collection":[{"href":"https:\/\/charente.catholique.fr\/est-charente\/wp-json\/wp\/v2\/paroisse"}],"about":[{"href":"https:\/\/charente.catholique.fr\/est-charente\/wp-json\/wp\/v2\/types\/paroisse"}],"author":[{"embeddable":true,"href":"https:\/\/charente.catholique.fr\/est-charente\/wp-json\/wp\/v2\/users\/1"}],"version-history":[{"count":0,"href":"https:\/\/charente.catholique.fr\/est-charente\/wp-json\/wp\/v2\/paroisse\/285\/revisions"}],"up":[{"embeddable":true,"href":"https:\/\/charente.catholique.fr\/est-charente\/wp-json\/wp\/v2\/paroisse\/274"}],"wp:featuredmedia":[{"embeddable":true,"href":"https:\/\/charente.catholique.fr\/est-charente\/wp-json\/wp\/v2\/media\/275"}],"wp:attachment":[{"href":"https:\/\/charente.catholique.fr\/est-charente\/wp-json\/wp\/v2\/media?parent=285"}],"curies":[{"name":"wp","href":"https:\/\/api.w.org\/{rel}","templated":true}]}}