{"id":283,"date":"2020-09-21T15:46:51","date_gmt":"2020-09-21T13:46:51","guid":{"rendered":"https:\/\/charente.catholique.fr\/est-charente\/?post_type=paroisse&#038;p=283"},"modified":"2020-10-01T16:24:54","modified_gmt":"2020-10-01T14:24:54","slug":"face-aux-migrants-le-silence-et-le-regard-vincenzo-sorrentino","status":"publish","type":"paroisse","link":"https:\/\/charente.catholique.fr\/est-charente\/paroisses\/notre-dame-des-terres-en-haute-charente\/echanger\/livres\/face-aux-migrants-le-silence-et-le-regard-vincenzo-sorrentino\/","title":{"rendered":"Face aux migrants: Le silence et le regard &#8211; Vincenzo Sorrentino"},"content":{"rendered":"\n<p><strong>Des centaines de milliers d\u2019enfants, de femmes et d\u2019hommes tentent chaque ann\u00e9e de rejoindre l\u2019Europe, apr\u00e8s avoir fui des situations dramatiques, guerres, pauvret\u00e9, dictatures. le philosophe italien interpelle le lecteur\u00a0: \u00ab\u00a0\u00c9teins la t\u00e9l\u00e9vision, range ton journal, d\u00e9connecte-toi d\u2019internet\u2026 Ferme les yeux et regarde en toi leur visage souffrant, implorant de l\u2019aide ou fig\u00e9 par la mort.\u00a0\u00bb<\/strong><\/p>\n\n\n\n<div class=\"wp-block-image\"><figure class=\"aligncenter size-large\"><img loading=\"lazy\" decoding=\"async\" width=\"500\" height=\"732\" src=\"https:\/\/charente.catholique.fr\/est-charente\/wp-content\/uploads\/sites\/3\/2020\/09\/09ad3d55dff99512-1eb0c.jpg\" alt=\"\" class=\"wp-image-284\" srcset=\"https:\/\/charente.catholique.fr\/est-charente\/wp-content\/uploads\/sites\/3\/2020\/09\/09ad3d55dff99512-1eb0c.jpg 500w, https:\/\/charente.catholique.fr\/est-charente\/wp-content\/uploads\/sites\/3\/2020\/09\/09ad3d55dff99512-1eb0c-205x300.jpg 205w\" sizes=\"auto, (max-width: 500px) 100vw, 500px\" \/><\/figure><\/div>\n\n\n\n<p>A quel avenir peut pr\u00e9tendre une civilisation incapable d\u2019accueillir la d\u00e9tresse d\u2019autrui&nbsp;?<br>Dans ce manifeste, Vincenzo Sorrentino souhaite interpeller la responsabilit\u00e9 individuelle de chacun. Il \u00e9crit&nbsp;: \u00ab&nbsp;Il suffit de d\u00e9tourner le regard pour se rendre complices, pour s\u00e9parer la vie priv\u00e9e de la vie publique, l\u2019int\u00e9rieur de l\u2019ext\u00e9rieur, la famille de tout le reste, sa s\u00e9curit\u00e9 du destin des autres. Peut-on, en toute sinc\u00e9rit\u00e9, \u00eatre attentifs et affectueux envers ses propres enfants et fermer les yeux face \u00e0 la souffrance endur\u00e9e par tant d\u2019autres enfants qui, \u201cde l\u2019ext\u00e9rieur\u201d, nous appellent \u00e0 l\u2019aide&nbsp;? H\u00e9las, oui&nbsp;\u00bb.&nbsp;<br>Il n\u2019h\u00e9site pas \u00e0 comparer la crise migratoire \u00e0 la Seconde Guerre mondiale&nbsp;: \u00ab&nbsp;Les fautes que nous commettons aujourd\u2019hui ne sont-elles pas plus graves que celles des Allemands, qui sans participer directement aux d\u00e9portations pu \u00e0 l\u2019extermination, ont fait semblant de ne pas voir la v\u00e9rit\u00e9 (m\u00eame partielle) qu\u2019ils connaissaient&nbsp;?&nbsp;\u00bb<\/p>\n\n\n\n<p>\u00ab&nbsp;Nous savons tous, nous voyons leurs corps et leurs visages au quotidien \u00e0 la t\u00e9l\u00e9vision (&#8230;) L\u2019imagination est n\u00e9cessaire pour rendre pr\u00e9sent ce qui est absent, pour donner vie aux histoires de ces personnes, pour nous les faire sentir proches&nbsp;\u00bb, explique l\u2019auteur dans son essai qui cherche \u00e0 interpeller le lecteur pour r\u00e9veiller chez lui la compassion.<br><strong>Face aux migrants&nbsp;: le silence et le regard.<\/strong>&nbsp;<em>Pour une Europe de la compassion.&nbsp;<\/em>Vincenzo Sorrentino. \u00e9d. Fran\u00e7ois Bourin, 2019.<\/p>\n","protected":false},"author":1,"featured_media":275,"parent":274,"menu_order":15,"template":"","meta":{"_acf_changed":false,"paroisse":["9"],"service":[],"footnotes":""},"class_list":["post-283","paroisse","type-paroisse","status-publish","has-post-thumbnail","hentry"],"acf":[],"yoast_head":"<!-- This site is optimized with the Yoast SEO plugin v27.1.1 - https:\/\/yoast.com\/product\/yoast-seo-wordpress\/ -->\n<title>Face aux migrants: Le silence et le regard - Vincenzo Sorrentino - Doyenne Est Charente<\/title>\n<meta name=\"robots\" content=\"index, follow, max-snippet:-1, max-image-preview:large, max-video-preview:-1\" \/>\n<link rel=\"canonical\" href=\"https:\/\/charente.catholique.fr\/est-charente\/paroisses\/notre-dame-des-terres-en-haute-charente\/echanger\/livres\/face-aux-migrants-le-silence-et-le-regard-vincenzo-sorrentino\/\" \/>\n<meta property=\"og:locale\" content=\"fr_FR\" \/>\n<meta property=\"og:type\" content=\"article\" \/>\n<meta property=\"og:title\" content=\"Face aux migrants: Le silence et le regard - Vincenzo Sorrentino - Doyenne Est Charente\" \/>\n<meta property=\"og:description\" content=\"Des centaines de milliers d\u2019enfants, de femmes et d\u2019hommes tentent chaque ann\u00e9e de rejoindre l\u2019Europe, apr\u00e8s avoir fui des situations dramatiques, guerres, pauvret\u00e9, dictatures. le philosophe italien interpelle le lecteur\u00a0: \u00ab\u00a0\u00c9teins la t\u00e9l\u00e9vision, range ton journal, d\u00e9connecte-toi d\u2019internet\u2026 Ferme les yeux et regarde en toi leur visage souffrant, implorant de l\u2019aide ou fig\u00e9 par la [&hellip;]\" \/>\n<meta property=\"og:url\" content=\"https:\/\/charente.catholique.fr\/est-charente\/paroisses\/notre-dame-des-terres-en-haute-charente\/echanger\/livres\/face-aux-migrants-le-silence-et-le-regard-vincenzo-sorrentino\/\" \/>\n<meta property=\"og:site_name\" content=\"Doyenne Est Charente\" \/>\n<meta property=\"article:publisher\" content=\"https:\/\/www.facebook.com\/EgliseCatholiqueCharente\" \/>\n<meta property=\"article:modified_time\" content=\"2020-10-01T14:24:54+00:00\" \/>\n<meta property=\"og:image\" content=\"https:\/\/charente.catholique.fr\/est-charente\/wp-content\/uploads\/sites\/3\/2020\/09\/rubon1634-c09a3.jpg\" \/>\n\t<meta property=\"og:image:width\" content=\"250\" \/>\n\t<meta property=\"og:image:height\" content=\"250\" \/>\n\t<meta property=\"og:image:type\" content=\"image\/jpeg\" \/>\n<meta name=\"twitter:card\" content=\"summary_large_image\" \/>\n<meta name=\"twitter:site\" content=\"@diocesecharente\" \/>\n<meta name=\"twitter:label1\" content=\"Dur\u00e9e de lecture estim\u00e9e\" \/>\n\t<meta name=\"twitter:data1\" content=\"2 minutes\" \/>\n<script type=\"application\/ld+json\" class=\"yoast-schema-graph\">{\"@context\":\"https:\/\/schema.org\",\"@graph\":[{\"@type\":\"WebPage\",\"@id\":\"https:\/\/charente.catholique.fr\/est-charente\/paroisses\/notre-dame-des-terres-en-haute-charente\/echanger\/livres\/face-aux-migrants-le-silence-et-le-regard-vincenzo-sorrentino\/\",\"url\":\"https:\/\/charente.catholique.fr\/est-charente\/paroisses\/notre-dame-des-terres-en-haute-charente\/echanger\/livres\/face-aux-migrants-le-silence-et-le-regard-vincenzo-sorrentino\/\",\"name\":\"Face aux migrants: Le silence et le regard - Vincenzo Sorrentino - Doyenne Est Charente\",\"isPartOf\":{\"@id\":\"https:\/\/charente.catholique.fr\/est-charente\/#website\"},\"primaryImageOfPage\":{\"@id\":\"https:\/\/charente.catholique.fr\/est-charente\/paroisses\/notre-dame-des-terres-en-haute-charente\/echanger\/livres\/face-aux-migrants-le-silence-et-le-regard-vincenzo-sorrentino\/#primaryimage\"},\"image\":{\"@id\":\"https:\/\/charente.catholique.fr\/est-charente\/paroisses\/notre-dame-des-terres-en-haute-charente\/echanger\/livres\/face-aux-migrants-le-silence-et-le-regard-vincenzo-sorrentino\/#primaryimage\"},\"thumbnailUrl\":\"https:\/\/charente.catholique.fr\/est-charente\/wp-content\/uploads\/sites\/3\/2020\/09\/rubon1634-c09a3.jpg\",\"datePublished\":\"2020-09-21T13:46:51+00:00\",\"dateModified\":\"2020-10-01T14:24:54+00:00\",\"breadcrumb\":{\"@id\":\"https:\/\/charente.catholique.fr\/est-charente\/paroisses\/notre-dame-des-terres-en-haute-charente\/echanger\/livres\/face-aux-migrants-le-silence-et-le-regard-vincenzo-sorrentino\/#breadcrumb\"},\"inLanguage\":\"fr-FR\",\"potentialAction\":[{\"@type\":\"ReadAction\",\"target\":[\"https:\/\/charente.catholique.fr\/est-charente\/paroisses\/notre-dame-des-terres-en-haute-charente\/echanger\/livres\/face-aux-migrants-le-silence-et-le-regard-vincenzo-sorrentino\/\"]}]},{\"@type\":\"ImageObject\",\"inLanguage\":\"fr-FR\",\"@id\":\"https:\/\/charente.catholique.fr\/est-charente\/paroisses\/notre-dame-des-terres-en-haute-charente\/echanger\/livres\/face-aux-migrants-le-silence-et-le-regard-vincenzo-sorrentino\/#primaryimage\",\"url\":\"https:\/\/charente.catholique.fr\/est-charente\/wp-content\/uploads\/sites\/3\/2020\/09\/rubon1634-c09a3.jpg\",\"contentUrl\":\"https:\/\/charente.catholique.fr\/est-charente\/wp-content\/uploads\/sites\/3\/2020\/09\/rubon1634-c09a3.jpg\",\"width\":250,\"height\":250},{\"@type\":\"BreadcrumbList\",\"@id\":\"https:\/\/charente.catholique.fr\/est-charente\/paroisses\/notre-dame-des-terres-en-haute-charente\/echanger\/livres\/face-aux-migrants-le-silence-et-le-regard-vincenzo-sorrentino\/#breadcrumb\",\"itemListElement\":[{\"@type\":\"ListItem\",\"position\":1,\"name\":\"Accueil\",\"item\":\"https:\/\/charente.catholique.fr\/est-charente\/\"},{\"@type\":\"ListItem\",\"position\":2,\"name\":\"Notre Dame des Terres en Haute-Charente\",\"item\":\"https:\/\/charente.catholique.fr\/est-charente\/paroisses\/notre-dame-des-terres-en-haute-charente\/\"},{\"@type\":\"ListItem\",\"position\":3,\"name\":\"\u00c9changer\",\"item\":\"https:\/\/charente.catholique.fr\/est-charente\/paroisses\/notre-dame-des-terres-en-haute-charente\/echanger\/\"},{\"@type\":\"ListItem\",\"position\":4,\"name\":\"Livres\",\"item\":\"https:\/\/charente.catholique.fr\/est-charente\/paroisses\/notre-dame-des-terres-en-haute-charente\/echanger\/livres\/\"},{\"@type\":\"ListItem\",\"position\":5,\"name\":\"Face aux migrants: Le silence et le regard &#8211; Vincenzo Sorrentino\"}]},{\"@type\":\"WebSite\",\"@id\":\"https:\/\/charente.catholique.fr\/est-charente\/#website\",\"url\":\"https:\/\/charente.catholique.fr\/est-charente\/\",\"name\":\"Doyenn\u00e9 Est Charente - Dioc\u00e8se d'Angoul\u00eame\",\"description\":\"Dioc\u00e8se d&#039;Angoul\u00eame\",\"publisher\":{\"@id\":\"https:\/\/charente.catholique.fr\/est-charente\/#organization\"},\"potentialAction\":[{\"@type\":\"SearchAction\",\"target\":{\"@type\":\"EntryPoint\",\"urlTemplate\":\"https:\/\/charente.catholique.fr\/est-charente\/?s={search_term_string}\"},\"query-input\":{\"@type\":\"PropertyValueSpecification\",\"valueRequired\":true,\"valueName\":\"search_term_string\"}}],\"inLanguage\":\"fr-FR\"},{\"@type\":\"Organization\",\"@id\":\"https:\/\/charente.catholique.fr\/est-charente\/#organization\",\"name\":\"Association dioc\u00e9saine d'Angoul\u00eame\",\"url\":\"https:\/\/charente.catholique.fr\/est-charente\/\",\"logo\":{\"@type\":\"ImageObject\",\"inLanguage\":\"fr-FR\",\"@id\":\"https:\/\/charente.catholique.fr\/est-charente\/#\/schema\/logo\/image\/\",\"url\":\"https:\/\/charente.catholique.fr\/est-charente\/wp-content\/uploads\/sites\/3\/2020\/10\/logos.png\",\"contentUrl\":\"https:\/\/charente.catholique.fr\/est-charente\/wp-content\/uploads\/sites\/3\/2020\/10\/logos.png\",\"width\":600,\"height\":257,\"caption\":\"Association dioc\u00e9saine d'Angoul\u00eame\"},\"image\":{\"@id\":\"https:\/\/charente.catholique.fr\/est-charente\/#\/schema\/logo\/image\/\"},\"sameAs\":[\"https:\/\/www.facebook.com\/EgliseCatholiqueCharente\",\"https:\/\/x.com\/diocesecharente\",\"https:\/\/www.instagram.com\/eglisecharente\",\"https:\/\/www.youtube.com\/channel\/UCByyFWApZbw3gDTiADoiAaQ\"]}]}<\/script>\n<!-- \/ Yoast SEO plugin. -->","yoast_head_json":{"title":"Face aux migrants: Le silence et le regard - Vincenzo Sorrentino - Doyenne Est Charente","robots":{"index":"index","follow":"follow","max-snippet":"max-snippet:-1","max-image-preview":"max-image-preview:large","max-video-preview":"max-video-preview:-1"},"canonical":"https:\/\/charente.catholique.fr\/est-charente\/paroisses\/notre-dame-des-terres-en-haute-charente\/echanger\/livres\/face-aux-migrants-le-silence-et-le-regard-vincenzo-sorrentino\/","og_locale":"fr_FR","og_type":"article","og_title":"Face aux migrants: Le silence et le regard - Vincenzo Sorrentino - Doyenne Est Charente","og_description":"Des centaines de milliers d\u2019enfants, de femmes et d\u2019hommes tentent chaque ann\u00e9e de rejoindre l\u2019Europe, apr\u00e8s avoir fui des situations dramatiques, guerres, pauvret\u00e9, dictatures. le philosophe italien interpelle le lecteur\u00a0: \u00ab\u00a0\u00c9teins la t\u00e9l\u00e9vision, range ton journal, d\u00e9connecte-toi d\u2019internet\u2026 Ferme les yeux et regarde en toi leur visage souffrant, implorant de l\u2019aide ou fig\u00e9 par la [&hellip;]","og_url":"https:\/\/charente.catholique.fr\/est-charente\/paroisses\/notre-dame-des-terres-en-haute-charente\/echanger\/livres\/face-aux-migrants-le-silence-et-le-regard-vincenzo-sorrentino\/","og_site_name":"Doyenne Est Charente","article_publisher":"https:\/\/www.facebook.com\/EgliseCatholiqueCharente","article_modified_time":"2020-10-01T14:24:54+00:00","og_image":[{"width":250,"height":250,"url":"https:\/\/charente.catholique.fr\/est-charente\/wp-content\/uploads\/sites\/3\/2020\/09\/rubon1634-c09a3.jpg","type":"image\/jpeg"}],"twitter_card":"summary_large_image","twitter_site":"@diocesecharente","twitter_misc":{"Dur\u00e9e de lecture estim\u00e9e":"2 minutes"},"schema":{"@context":"https:\/\/schema.org","@graph":[{"@type":"WebPage","@id":"https:\/\/charente.catholique.fr\/est-charente\/paroisses\/notre-dame-des-terres-en-haute-charente\/echanger\/livres\/face-aux-migrants-le-silence-et-le-regard-vincenzo-sorrentino\/","url":"https:\/\/charente.catholique.fr\/est-charente\/paroisses\/notre-dame-des-terres-en-haute-charente\/echanger\/livres\/face-aux-migrants-le-silence-et-le-regard-vincenzo-sorrentino\/","name":"Face aux migrants: Le silence et le regard - Vincenzo Sorrentino - Doyenne Est Charente","isPartOf":{"@id":"https:\/\/charente.catholique.fr\/est-charente\/#website"},"primaryImageOfPage":{"@id":"https:\/\/charente.catholique.fr\/est-charente\/paroisses\/notre-dame-des-terres-en-haute-charente\/echanger\/livres\/face-aux-migrants-le-silence-et-le-regard-vincenzo-sorrentino\/#primaryimage"},"image":{"@id":"https:\/\/charente.catholique.fr\/est-charente\/paroisses\/notre-dame-des-terres-en-haute-charente\/echanger\/livres\/face-aux-migrants-le-silence-et-le-regard-vincenzo-sorrentino\/#primaryimage"},"thumbnailUrl":"https:\/\/charente.catholique.fr\/est-charente\/wp-content\/uploads\/sites\/3\/2020\/09\/rubon1634-c09a3.jpg","datePublished":"2020-09-21T13:46:51+00:00","dateModified":"2020-10-01T14:24:54+00:00","breadcrumb":{"@id":"https:\/\/charente.catholique.fr\/est-charente\/paroisses\/notre-dame-des-terres-en-haute-charente\/echanger\/livres\/face-aux-migrants-le-silence-et-le-regard-vincenzo-sorrentino\/#breadcrumb"},"inLanguage":"fr-FR","potentialAction":[{"@type":"ReadAction","target":["https:\/\/charente.catholique.fr\/est-charente\/paroisses\/notre-dame-des-terres-en-haute-charente\/echanger\/livres\/face-aux-migrants-le-silence-et-le-regard-vincenzo-sorrentino\/"]}]},{"@type":"ImageObject","inLanguage":"fr-FR","@id":"https:\/\/charente.catholique.fr\/est-charente\/paroisses\/notre-dame-des-terres-en-haute-charente\/echanger\/livres\/face-aux-migrants-le-silence-et-le-regard-vincenzo-sorrentino\/#primaryimage","url":"https:\/\/charente.catholique.fr\/est-charente\/wp-content\/uploads\/sites\/3\/2020\/09\/rubon1634-c09a3.jpg","contentUrl":"https:\/\/charente.catholique.fr\/est-charente\/wp-content\/uploads\/sites\/3\/2020\/09\/rubon1634-c09a3.jpg","width":250,"height":250},{"@type":"BreadcrumbList","@id":"https:\/\/charente.catholique.fr\/est-charente\/paroisses\/notre-dame-des-terres-en-haute-charente\/echanger\/livres\/face-aux-migrants-le-silence-et-le-regard-vincenzo-sorrentino\/#breadcrumb","itemListElement":[{"@type":"ListItem","position":1,"name":"Accueil","item":"https:\/\/charente.catholique.fr\/est-charente\/"},{"@type":"ListItem","position":2,"name":"Notre Dame des Terres en Haute-Charente","item":"https:\/\/charente.catholique.fr\/est-charente\/paroisses\/notre-dame-des-terres-en-haute-charente\/"},{"@type":"ListItem","position":3,"name":"\u00c9changer","item":"https:\/\/charente.catholique.fr\/est-charente\/paroisses\/notre-dame-des-terres-en-haute-charente\/echanger\/"},{"@type":"ListItem","position":4,"name":"Livres","item":"https:\/\/charente.catholique.fr\/est-charente\/paroisses\/notre-dame-des-terres-en-haute-charente\/echanger\/livres\/"},{"@type":"ListItem","position":5,"name":"Face aux migrants: Le silence et le regard &#8211; Vincenzo Sorrentino"}]},{"@type":"WebSite","@id":"https:\/\/charente.catholique.fr\/est-charente\/#website","url":"https:\/\/charente.catholique.fr\/est-charente\/","name":"Doyenn\u00e9 Est Charente - Dioc\u00e8se d'Angoul\u00eame","description":"Dioc\u00e8se d&#039;Angoul\u00eame","publisher":{"@id":"https:\/\/charente.catholique.fr\/est-charente\/#organization"},"potentialAction":[{"@type":"SearchAction","target":{"@type":"EntryPoint","urlTemplate":"https:\/\/charente.catholique.fr\/est-charente\/?s={search_term_string}"},"query-input":{"@type":"PropertyValueSpecification","valueRequired":true,"valueName":"search_term_string"}}],"inLanguage":"fr-FR"},{"@type":"Organization","@id":"https:\/\/charente.catholique.fr\/est-charente\/#organization","name":"Association dioc\u00e9saine d'Angoul\u00eame","url":"https:\/\/charente.catholique.fr\/est-charente\/","logo":{"@type":"ImageObject","inLanguage":"fr-FR","@id":"https:\/\/charente.catholique.fr\/est-charente\/#\/schema\/logo\/image\/","url":"https:\/\/charente.catholique.fr\/est-charente\/wp-content\/uploads\/sites\/3\/2020\/10\/logos.png","contentUrl":"https:\/\/charente.catholique.fr\/est-charente\/wp-content\/uploads\/sites\/3\/2020\/10\/logos.png","width":600,"height":257,"caption":"Association dioc\u00e9saine d'Angoul\u00eame"},"image":{"@id":"https:\/\/charente.catholique.fr\/est-charente\/#\/schema\/logo\/image\/"},"sameAs":["https:\/\/www.facebook.com\/EgliseCatholiqueCharente","https:\/\/x.com\/diocesecharente","https:\/\/www.instagram.com\/eglisecharente","https:\/\/www.youtube.com\/channel\/UCByyFWApZbw3gDTiADoiAaQ"]}]}},"_links":{"self":[{"href":"https:\/\/charente.catholique.fr\/est-charente\/wp-json\/wp\/v2\/paroisse\/283","targetHints":{"allow":["GET"]}}],"collection":[{"href":"https:\/\/charente.catholique.fr\/est-charente\/wp-json\/wp\/v2\/paroisse"}],"about":[{"href":"https:\/\/charente.catholique.fr\/est-charente\/wp-json\/wp\/v2\/types\/paroisse"}],"author":[{"embeddable":true,"href":"https:\/\/charente.catholique.fr\/est-charente\/wp-json\/wp\/v2\/users\/1"}],"version-history":[{"count":0,"href":"https:\/\/charente.catholique.fr\/est-charente\/wp-json\/wp\/v2\/paroisse\/283\/revisions"}],"up":[{"embeddable":true,"href":"https:\/\/charente.catholique.fr\/est-charente\/wp-json\/wp\/v2\/paroisse\/274"}],"wp:featuredmedia":[{"embeddable":true,"href":"https:\/\/charente.catholique.fr\/est-charente\/wp-json\/wp\/v2\/media\/275"}],"wp:attachment":[{"href":"https:\/\/charente.catholique.fr\/est-charente\/wp-json\/wp\/v2\/media?parent=283"}],"curies":[{"name":"wp","href":"https:\/\/api.w.org\/{rel}","templated":true}]}}