{"id":9055,"date":"2026-03-18T20:07:39","date_gmt":"2026-03-18T19:07:39","guid":{"rendered":"https:\/\/charente.catholique.fr\/est-charente\/?post_type=evenement&#038;p=9055"},"modified":"2026-03-18T20:07:40","modified_gmt":"2026-03-18T19:07:40","slug":"projection-du-film-compostelle-cinema-le-vox-a-chasseneuil-samedi-21-03","status":"publish","type":"evenement","link":"https:\/\/charente.catholique.fr\/est-charente\/agenda\/projection-du-film-compostelle-cinema-le-vox-a-chasseneuil-samedi-21-03\/","title":{"rendered":"Projection du film &#8220;COMPOSTELLE&#8221; Cinema le VOX \u00e0 Chasseneuil samedi 21\/03"},"content":{"rendered":"\n<p>Samedi 21 mars, au cin\u00e9ma LE VOX \u00e0 Chasseneuil, s\u00e9ance unique en avant premi\u00e8re \u00e0 17h00. Toutes les infos sur le film et sur la Fondation ESPOIR EN T\u00caTE dans le lien ci-dessous:<\/p>\n\n\n\n<p><a href=\"https:\/\/tickets.espoir-en-tete.org\"><strong>https:\/\/tickets.espoir-en-tete.org<\/strong><\/a><\/p>\n\n\n\n<figure class=\"wp-block-image size-full is-resized\"><img loading=\"lazy\" decoding=\"async\" width=\"800\" height=\"1060\" src=\"https:\/\/charente.catholique.fr\/est-charente\/wp-content\/uploads\/sites\/3\/2026\/03\/2026_Affiche_COMPOSTELLE_w800.png\" alt=\"\" class=\"wp-image-9057\" style=\"width:694px;height:auto\" srcset=\"https:\/\/charente.catholique.fr\/est-charente\/wp-content\/uploads\/sites\/3\/2026\/03\/2026_Affiche_COMPOSTELLE_w800.png 800w, https:\/\/charente.catholique.fr\/est-charente\/wp-content\/uploads\/sites\/3\/2026\/03\/2026_Affiche_COMPOSTELLE_w800-226x300.png 226w, https:\/\/charente.catholique.fr\/est-charente\/wp-content\/uploads\/sites\/3\/2026\/03\/2026_Affiche_COMPOSTELLE_w800-768x1018.png 768w\" sizes=\"auto, (max-width: 800px) 100vw, 800px\" \/><\/figure>\n","protected":false},"author":105,"featured_media":9057,"template":"","meta":{"_acf_changed":false,"paroisse":["9"],"service":["0"],"footnotes":""},"categories":[],"tags":[],"class_list":["post-9055","evenement","type-evenement","status-publish","has-post-thumbnail","hentry"],"acf":{"start_date":"2026-03-21 17:00:00","end_date":"","location":"Cin\u00e9ma LE VOX Chasseneuil","address":{"address":"Cin\u00e9ma Vox, Place des Halles, Chasseneuil-sur-Bonnieure, Charente, France","lat":45.82426539999999,"lng":0.4477380999999999,"zoom":14,"place_id":"ChIJzUU-IKFE_kcRILklNSKVB1o","name":"Cin\u00e9ma Vox","street_number":3,"street_name":"Place des Halles","street_name_short":"Pl. des Halles","city":"Chasseneuil-sur-Bonnieure","state":"Nouvelle-Aquitaine","post_code":16260,"country":"France","country_short":"FR"}},"yoast_head":"<!-- This site is optimized with the Yoast SEO plugin v27.1.1 - https:\/\/yoast.com\/product\/yoast-seo-wordpress\/ -->\n<title>Projection du film &quot;COMPOSTELLE&quot; Cinema le VOX \u00e0 Chasseneuil samedi 21\/03 - Doyenne Est Charente<\/title>\n<meta name=\"robots\" content=\"index, follow, max-snippet:-1, max-image-preview:large, max-video-preview:-1\" \/>\n<link rel=\"canonical\" href=\"https:\/\/charente.catholique.fr\/est-charente\/agenda\/projection-du-film-compostelle-cinema-le-vox-a-chasseneuil-samedi-21-03\/\" \/>\n<meta property=\"og:locale\" content=\"fr_FR\" \/>\n<meta property=\"og:type\" content=\"article\" \/>\n<meta property=\"og:title\" content=\"Projection du film &quot;COMPOSTELLE&quot; Cinema le VOX \u00e0 Chasseneuil samedi 21\/03 - Doyenne Est Charente\" \/>\n<meta property=\"og:description\" content=\"Samedi 21 mars, au cin\u00e9ma LE VOX \u00e0 Chasseneuil, s\u00e9ance unique en avant premi\u00e8re \u00e0 17h00. Toutes les infos sur le film et sur la Fondation ESPOIR EN T\u00caTE dans le lien ci-dessous: https:\/\/tickets.espoir-en-tete.org\" \/>\n<meta property=\"og:url\" content=\"https:\/\/charente.catholique.fr\/est-charente\/agenda\/projection-du-film-compostelle-cinema-le-vox-a-chasseneuil-samedi-21-03\/\" \/>\n<meta property=\"og:site_name\" content=\"Doyenne Est Charente\" \/>\n<meta property=\"article:publisher\" content=\"https:\/\/www.facebook.com\/EgliseCatholiqueCharente\" \/>\n<meta property=\"article:modified_time\" content=\"2026-03-18T19:07:40+00:00\" \/>\n<meta property=\"og:image\" content=\"https:\/\/charente.catholique.fr\/est-charente\/wp-content\/uploads\/sites\/3\/2026\/03\/2026_Affiche_COMPOSTELLE_w800.png\" \/>\n\t<meta property=\"og:image:width\" content=\"800\" \/>\n\t<meta property=\"og:image:height\" content=\"1060\" \/>\n\t<meta property=\"og:image:type\" content=\"image\/png\" \/>\n<meta name=\"twitter:card\" content=\"summary_large_image\" \/>\n<meta name=\"twitter:site\" content=\"@diocesecharente\" \/>\n<meta name=\"twitter:label1\" content=\"Dur\u00e9e de lecture estim\u00e9e\" \/>\n\t<meta name=\"twitter:data1\" content=\"1 minute\" \/>\n<script type=\"application\/ld+json\" class=\"yoast-schema-graph\">{\"@context\":\"https:\/\/schema.org\",\"@graph\":[{\"@type\":\"WebPage\",\"@id\":\"https:\/\/charente.catholique.fr\/est-charente\/agenda\/projection-du-film-compostelle-cinema-le-vox-a-chasseneuil-samedi-21-03\/\",\"url\":\"https:\/\/charente.catholique.fr\/est-charente\/agenda\/projection-du-film-compostelle-cinema-le-vox-a-chasseneuil-samedi-21-03\/\",\"name\":\"Projection du film \\\"COMPOSTELLE\\\" Cinema le VOX \u00e0 Chasseneuil samedi 21\/03 - Doyenne Est Charente\",\"isPartOf\":{\"@id\":\"https:\/\/charente.catholique.fr\/est-charente\/#website\"},\"primaryImageOfPage\":{\"@id\":\"https:\/\/charente.catholique.fr\/est-charente\/agenda\/projection-du-film-compostelle-cinema-le-vox-a-chasseneuil-samedi-21-03\/#primaryimage\"},\"image\":{\"@id\":\"https:\/\/charente.catholique.fr\/est-charente\/agenda\/projection-du-film-compostelle-cinema-le-vox-a-chasseneuil-samedi-21-03\/#primaryimage\"},\"thumbnailUrl\":\"https:\/\/charente.catholique.fr\/est-charente\/wp-content\/uploads\/sites\/3\/2026\/03\/2026_Affiche_COMPOSTELLE_w800.png\",\"datePublished\":\"2026-03-18T19:07:39+00:00\",\"dateModified\":\"2026-03-18T19:07:40+00:00\",\"breadcrumb\":{\"@id\":\"https:\/\/charente.catholique.fr\/est-charente\/agenda\/projection-du-film-compostelle-cinema-le-vox-a-chasseneuil-samedi-21-03\/#breadcrumb\"},\"inLanguage\":\"fr-FR\",\"potentialAction\":[{\"@type\":\"ReadAction\",\"target\":[\"https:\/\/charente.catholique.fr\/est-charente\/agenda\/projection-du-film-compostelle-cinema-le-vox-a-chasseneuil-samedi-21-03\/\"]}]},{\"@type\":\"ImageObject\",\"inLanguage\":\"fr-FR\",\"@id\":\"https:\/\/charente.catholique.fr\/est-charente\/agenda\/projection-du-film-compostelle-cinema-le-vox-a-chasseneuil-samedi-21-03\/#primaryimage\",\"url\":\"https:\/\/charente.catholique.fr\/est-charente\/wp-content\/uploads\/sites\/3\/2026\/03\/2026_Affiche_COMPOSTELLE_w800.png\",\"contentUrl\":\"https:\/\/charente.catholique.fr\/est-charente\/wp-content\/uploads\/sites\/3\/2026\/03\/2026_Affiche_COMPOSTELLE_w800.png\",\"width\":800,\"height\":1060},{\"@type\":\"BreadcrumbList\",\"@id\":\"https:\/\/charente.catholique.fr\/est-charente\/agenda\/projection-du-film-compostelle-cinema-le-vox-a-chasseneuil-samedi-21-03\/#breadcrumb\",\"itemListElement\":[{\"@type\":\"ListItem\",\"position\":1,\"name\":\"Accueil\",\"item\":\"https:\/\/charente.catholique.fr\/est-charente\/\"},{\"@type\":\"ListItem\",\"position\":2,\"name\":\"Projection du film &#8220;COMPOSTELLE&#8221; Cinema le VOX \u00e0 Chasseneuil samedi 21\/03\"}]},{\"@type\":\"WebSite\",\"@id\":\"https:\/\/charente.catholique.fr\/est-charente\/#website\",\"url\":\"https:\/\/charente.catholique.fr\/est-charente\/\",\"name\":\"Doyenn\u00e9 Est Charente - Dioc\u00e8se d'Angoul\u00eame\",\"description\":\"Dioc\u00e8se d&#039;Angoul\u00eame\",\"publisher\":{\"@id\":\"https:\/\/charente.catholique.fr\/est-charente\/#organization\"},\"potentialAction\":[{\"@type\":\"SearchAction\",\"target\":{\"@type\":\"EntryPoint\",\"urlTemplate\":\"https:\/\/charente.catholique.fr\/est-charente\/?s={search_term_string}\"},\"query-input\":{\"@type\":\"PropertyValueSpecification\",\"valueRequired\":true,\"valueName\":\"search_term_string\"}}],\"inLanguage\":\"fr-FR\"},{\"@type\":\"Organization\",\"@id\":\"https:\/\/charente.catholique.fr\/est-charente\/#organization\",\"name\":\"Association dioc\u00e9saine d'Angoul\u00eame\",\"url\":\"https:\/\/charente.catholique.fr\/est-charente\/\",\"logo\":{\"@type\":\"ImageObject\",\"inLanguage\":\"fr-FR\",\"@id\":\"https:\/\/charente.catholique.fr\/est-charente\/#\/schema\/logo\/image\/\",\"url\":\"https:\/\/charente.catholique.fr\/est-charente\/wp-content\/uploads\/sites\/3\/2020\/10\/logos.png\",\"contentUrl\":\"https:\/\/charente.catholique.fr\/est-charente\/wp-content\/uploads\/sites\/3\/2020\/10\/logos.png\",\"width\":600,\"height\":257,\"caption\":\"Association dioc\u00e9saine d'Angoul\u00eame\"},\"image\":{\"@id\":\"https:\/\/charente.catholique.fr\/est-charente\/#\/schema\/logo\/image\/\"},\"sameAs\":[\"https:\/\/www.facebook.com\/EgliseCatholiqueCharente\",\"https:\/\/x.com\/diocesecharente\",\"https:\/\/www.instagram.com\/eglisecharente\",\"https:\/\/www.youtube.com\/channel\/UCByyFWApZbw3gDTiADoiAaQ\"]}]}<\/script>\n<!-- \/ Yoast SEO plugin. -->","yoast_head_json":{"title":"Projection du film \"COMPOSTELLE\" Cinema le VOX \u00e0 Chasseneuil samedi 21\/03 - Doyenne Est Charente","robots":{"index":"index","follow":"follow","max-snippet":"max-snippet:-1","max-image-preview":"max-image-preview:large","max-video-preview":"max-video-preview:-1"},"canonical":"https:\/\/charente.catholique.fr\/est-charente\/agenda\/projection-du-film-compostelle-cinema-le-vox-a-chasseneuil-samedi-21-03\/","og_locale":"fr_FR","og_type":"article","og_title":"Projection du film \"COMPOSTELLE\" Cinema le VOX \u00e0 Chasseneuil samedi 21\/03 - Doyenne Est Charente","og_description":"Samedi 21 mars, au cin\u00e9ma LE VOX \u00e0 Chasseneuil, s\u00e9ance unique en avant premi\u00e8re \u00e0 17h00. Toutes les infos sur le film et sur la Fondation ESPOIR EN T\u00caTE dans le lien ci-dessous: https:\/\/tickets.espoir-en-tete.org","og_url":"https:\/\/charente.catholique.fr\/est-charente\/agenda\/projection-du-film-compostelle-cinema-le-vox-a-chasseneuil-samedi-21-03\/","og_site_name":"Doyenne Est Charente","article_publisher":"https:\/\/www.facebook.com\/EgliseCatholiqueCharente","article_modified_time":"2026-03-18T19:07:40+00:00","og_image":[{"width":800,"height":1060,"url":"https:\/\/charente.catholique.fr\/est-charente\/wp-content\/uploads\/sites\/3\/2026\/03\/2026_Affiche_COMPOSTELLE_w800.png","type":"image\/png"}],"twitter_card":"summary_large_image","twitter_site":"@diocesecharente","twitter_misc":{"Dur\u00e9e de lecture estim\u00e9e":"1 minute"},"schema":{"@context":"https:\/\/schema.org","@graph":[{"@type":"WebPage","@id":"https:\/\/charente.catholique.fr\/est-charente\/agenda\/projection-du-film-compostelle-cinema-le-vox-a-chasseneuil-samedi-21-03\/","url":"https:\/\/charente.catholique.fr\/est-charente\/agenda\/projection-du-film-compostelle-cinema-le-vox-a-chasseneuil-samedi-21-03\/","name":"Projection du film \"COMPOSTELLE\" Cinema le VOX \u00e0 Chasseneuil samedi 21\/03 - Doyenne Est Charente","isPartOf":{"@id":"https:\/\/charente.catholique.fr\/est-charente\/#website"},"primaryImageOfPage":{"@id":"https:\/\/charente.catholique.fr\/est-charente\/agenda\/projection-du-film-compostelle-cinema-le-vox-a-chasseneuil-samedi-21-03\/#primaryimage"},"image":{"@id":"https:\/\/charente.catholique.fr\/est-charente\/agenda\/projection-du-film-compostelle-cinema-le-vox-a-chasseneuil-samedi-21-03\/#primaryimage"},"thumbnailUrl":"https:\/\/charente.catholique.fr\/est-charente\/wp-content\/uploads\/sites\/3\/2026\/03\/2026_Affiche_COMPOSTELLE_w800.png","datePublished":"2026-03-18T19:07:39+00:00","dateModified":"2026-03-18T19:07:40+00:00","breadcrumb":{"@id":"https:\/\/charente.catholique.fr\/est-charente\/agenda\/projection-du-film-compostelle-cinema-le-vox-a-chasseneuil-samedi-21-03\/#breadcrumb"},"inLanguage":"fr-FR","potentialAction":[{"@type":"ReadAction","target":["https:\/\/charente.catholique.fr\/est-charente\/agenda\/projection-du-film-compostelle-cinema-le-vox-a-chasseneuil-samedi-21-03\/"]}]},{"@type":"ImageObject","inLanguage":"fr-FR","@id":"https:\/\/charente.catholique.fr\/est-charente\/agenda\/projection-du-film-compostelle-cinema-le-vox-a-chasseneuil-samedi-21-03\/#primaryimage","url":"https:\/\/charente.catholique.fr\/est-charente\/wp-content\/uploads\/sites\/3\/2026\/03\/2026_Affiche_COMPOSTELLE_w800.png","contentUrl":"https:\/\/charente.catholique.fr\/est-charente\/wp-content\/uploads\/sites\/3\/2026\/03\/2026_Affiche_COMPOSTELLE_w800.png","width":800,"height":1060},{"@type":"BreadcrumbList","@id":"https:\/\/charente.catholique.fr\/est-charente\/agenda\/projection-du-film-compostelle-cinema-le-vox-a-chasseneuil-samedi-21-03\/#breadcrumb","itemListElement":[{"@type":"ListItem","position":1,"name":"Accueil","item":"https:\/\/charente.catholique.fr\/est-charente\/"},{"@type":"ListItem","position":2,"name":"Projection du film &#8220;COMPOSTELLE&#8221; Cinema le VOX \u00e0 Chasseneuil samedi 21\/03"}]},{"@type":"WebSite","@id":"https:\/\/charente.catholique.fr\/est-charente\/#website","url":"https:\/\/charente.catholique.fr\/est-charente\/","name":"Doyenn\u00e9 Est Charente - Dioc\u00e8se d'Angoul\u00eame","description":"Dioc\u00e8se d&#039;Angoul\u00eame","publisher":{"@id":"https:\/\/charente.catholique.fr\/est-charente\/#organization"},"potentialAction":[{"@type":"SearchAction","target":{"@type":"EntryPoint","urlTemplate":"https:\/\/charente.catholique.fr\/est-charente\/?s={search_term_string}"},"query-input":{"@type":"PropertyValueSpecification","valueRequired":true,"valueName":"search_term_string"}}],"inLanguage":"fr-FR"},{"@type":"Organization","@id":"https:\/\/charente.catholique.fr\/est-charente\/#organization","name":"Association dioc\u00e9saine d'Angoul\u00eame","url":"https:\/\/charente.catholique.fr\/est-charente\/","logo":{"@type":"ImageObject","inLanguage":"fr-FR","@id":"https:\/\/charente.catholique.fr\/est-charente\/#\/schema\/logo\/image\/","url":"https:\/\/charente.catholique.fr\/est-charente\/wp-content\/uploads\/sites\/3\/2020\/10\/logos.png","contentUrl":"https:\/\/charente.catholique.fr\/est-charente\/wp-content\/uploads\/sites\/3\/2020\/10\/logos.png","width":600,"height":257,"caption":"Association dioc\u00e9saine d'Angoul\u00eame"},"image":{"@id":"https:\/\/charente.catholique.fr\/est-charente\/#\/schema\/logo\/image\/"},"sameAs":["https:\/\/www.facebook.com\/EgliseCatholiqueCharente","https:\/\/x.com\/diocesecharente","https:\/\/www.instagram.com\/eglisecharente","https:\/\/www.youtube.com\/channel\/UCByyFWApZbw3gDTiADoiAaQ"]}]}},"_links":{"self":[{"href":"https:\/\/charente.catholique.fr\/est-charente\/wp-json\/wp\/v2\/evenement\/9055","targetHints":{"allow":["GET"]}}],"collection":[{"href":"https:\/\/charente.catholique.fr\/est-charente\/wp-json\/wp\/v2\/evenement"}],"about":[{"href":"https:\/\/charente.catholique.fr\/est-charente\/wp-json\/wp\/v2\/types\/evenement"}],"author":[{"embeddable":true,"href":"https:\/\/charente.catholique.fr\/est-charente\/wp-json\/wp\/v2\/users\/105"}],"version-history":[{"count":3,"href":"https:\/\/charente.catholique.fr\/est-charente\/wp-json\/wp\/v2\/evenement\/9055\/revisions"}],"predecessor-version":[{"id":9059,"href":"https:\/\/charente.catholique.fr\/est-charente\/wp-json\/wp\/v2\/evenement\/9055\/revisions\/9059"}],"wp:featuredmedia":[{"embeddable":true,"href":"https:\/\/charente.catholique.fr\/est-charente\/wp-json\/wp\/v2\/media\/9057"}],"wp:attachment":[{"href":"https:\/\/charente.catholique.fr\/est-charente\/wp-json\/wp\/v2\/media?parent=9055"}],"wp:term":[{"taxonomy":"category","embeddable":true,"href":"https:\/\/charente.catholique.fr\/est-charente\/wp-json\/wp\/v2\/categories?post=9055"},{"taxonomy":"post_tag","embeddable":true,"href":"https:\/\/charente.catholique.fr\/est-charente\/wp-json\/wp\/v2\/tags?post=9055"}],"curies":[{"name":"wp","href":"https:\/\/api.w.org\/{rel}","templated":true}]}}