{"id":8151,"date":"2025-11-05T15:32:34","date_gmt":"2025-11-05T14:32:34","guid":{"rendered":"https:\/\/charente.catholique.fr\/est-charente\/?post_type=evenement&#038;p=8151"},"modified":"2025-11-05T15:32:34","modified_gmt":"2025-11-05T14:32:34","slug":"cop-30-groupe-diocesain-laudato-si-cerle-de-silence-le-15-novembre-a-15h00-a-angouleme","status":"publish","type":"evenement","link":"https:\/\/charente.catholique.fr\/est-charente\/agenda\/cop-30-groupe-diocesain-laudato-si-cerle-de-silence-le-15-novembre-a-15h00-a-angouleme\/","title":{"rendered":"COP 30 , Groupe Dioc\u00e9sain Laudato Si, &#8220;cerle de silence&#8221; le 15 novembre \u00e0 15h00 \u00e0 Angoul\u00eame"},"content":{"rendered":"\n<p>\u00c0 l&#8217;occasion de la COP 30 qui se d\u00e9roulera au Br\u00e9sil du 10 au 21 novembre 2025, le groupe dioc\u00e9sain<br>Laudato SI organise un Cercle de silence samedi 15 novembre place St Martial \u00e0 Angoul\u00eame \u00e0 partir<br>de 15h pour &#8220;faire r\u00e9sonner en silence&#8221; la clameur des pauvres face aux enjeux climatiques cruciaux.<br>Avec une action non-violente et inclusive, nous d\u00e9non\u00e7ons l\u2019inaction climatique. Nos messages tels que :<br>\u00ab Notre silence est un cri d&#8217;alerte\u00bb \u00ab Notre silence est une pri\u00e8re pour la terre \u00bb<br>interpellent sur l\u2019urgence d\u2019agir pour pr\u00e9server notre avenir.<br>Port\u00e9e par le collectif Lutte et Contemplation et le Mouvement international Laudato Si, cette initiative<br>rappelle que chaque action compte pour exiger des politiques climatiques ambitieuses.<br>Mobilisez vous pour la justice climatique et d\u00e9couvrez l\u2019article complet juste en dessous, attention il y a 3 pages, cliquez sur les petites fl\u00e8ches en bas \u00e0 gauche.<\/p>\n\n\n<a href=\"https:\/\/charente.catholique.fr\/est-charente\/wp-content\/uploads\/sites\/3\/2025\/11\/20251104_ap_lourdes_declaration_crcf_cop30.pdf\" class=\"pdfemb-viewer\" style=\"\" data-width=\"max\" data-height=\"max\" data-toolbar=\"bottom\" data-toolbar-fixed=\"off\">20251104_ap_lourdes_declaration_crcf_cop30<\/a>","protected":false},"author":17,"featured_media":5683,"template":"","meta":{"_acf_changed":false,"paroisse":["9"],"service":["0"],"footnotes":""},"categories":[2],"tags":[],"class_list":["post-8151","evenement","type-evenement","status-publish","has-post-thumbnail","hentry","category-nd-des-terres-en-haute-charente"],"acf":{"start_date":"2025-11-15 15:00:00","end_date":"","location":"Angoul\u00eame","address":{"address":"Place Saint-Martial, Angoul\u00eame, France","lat":45.648568,"lng":0.159772,"zoom":14,"place_id":"EiVQbC4gU2FpbnQtTWFydGlhbCwgQW5nb3Vsw6ptZSwgRnJhbmNlIi4qLAoUChIJkY4niXAy_kcRy_nCDVK41vkSFAoSCZnEKwOFLf5HEfDA7mCS0wUE","name":"Place Saint-Martial","street_name":"Place Saint-Martial","street_name_short":"Pl. Saint-Martial","city":"Angoul\u00eame","state":"Nouvelle-Aquitaine","country":"France","country_short":"FR"}},"yoast_head":"<!-- This site is optimized with the Yoast SEO plugin v27.1.1 - https:\/\/yoast.com\/product\/yoast-seo-wordpress\/ -->\n<title>COP 30 , Groupe Dioc\u00e9sain Laudato Si, &quot;cerle de silence&quot; le 15 novembre \u00e0 15h00 \u00e0 Angoul\u00eame - Doyenne Est Charente<\/title>\n<meta name=\"robots\" content=\"index, follow, max-snippet:-1, max-image-preview:large, max-video-preview:-1\" \/>\n<link rel=\"canonical\" href=\"https:\/\/charente.catholique.fr\/est-charente\/agenda\/cop-30-groupe-diocesain-laudato-si-cerle-de-silence-le-15-novembre-a-15h00-a-angouleme\/\" \/>\n<meta property=\"og:locale\" content=\"fr_FR\" \/>\n<meta property=\"og:type\" content=\"article\" \/>\n<meta property=\"og:title\" content=\"COP 30 , Groupe Dioc\u00e9sain Laudato Si, &quot;cerle de silence&quot; le 15 novembre \u00e0 15h00 \u00e0 Angoul\u00eame - Doyenne Est Charente\" \/>\n<meta property=\"og:description\" content=\"\u00c0 l&#8217;occasion de la COP 30 qui se d\u00e9roulera au Br\u00e9sil du 10 au 21 novembre 2025, le groupe dioc\u00e9sainLaudato SI organise un Cercle de silence samedi 15 novembre place St Martial \u00e0 Angoul\u00eame \u00e0 partirde 15h pour &#8220;faire r\u00e9sonner en silence&#8221; la clameur des pauvres face aux enjeux climatiques cruciaux.Avec une action non-violente et [&hellip;]\" \/>\n<meta property=\"og:url\" content=\"https:\/\/charente.catholique.fr\/est-charente\/agenda\/cop-30-groupe-diocesain-laudato-si-cerle-de-silence-le-15-novembre-a-15h00-a-angouleme\/\" \/>\n<meta property=\"og:site_name\" content=\"Doyenne Est Charente\" \/>\n<meta property=\"article:publisher\" content=\"https:\/\/www.facebook.com\/EgliseCatholiqueCharente\" \/>\n<meta property=\"og:image\" content=\"https:\/\/charente.catholique.fr\/est-charente\/wp-content\/uploads\/sites\/3\/2024\/03\/maison.jpg\" \/>\n\t<meta property=\"og:image:width\" content=\"612\" \/>\n\t<meta property=\"og:image:height\" content=\"436\" \/>\n\t<meta property=\"og:image:type\" content=\"image\/jpeg\" \/>\n<meta name=\"twitter:card\" content=\"summary_large_image\" \/>\n<meta name=\"twitter:site\" content=\"@diocesecharente\" \/>\n<meta name=\"twitter:label1\" content=\"Dur\u00e9e de lecture estim\u00e9e\" \/>\n\t<meta name=\"twitter:data1\" content=\"1 minute\" \/>\n<script type=\"application\/ld+json\" class=\"yoast-schema-graph\">{\"@context\":\"https:\/\/schema.org\",\"@graph\":[{\"@type\":\"WebPage\",\"@id\":\"https:\/\/charente.catholique.fr\/est-charente\/agenda\/cop-30-groupe-diocesain-laudato-si-cerle-de-silence-le-15-novembre-a-15h00-a-angouleme\/\",\"url\":\"https:\/\/charente.catholique.fr\/est-charente\/agenda\/cop-30-groupe-diocesain-laudato-si-cerle-de-silence-le-15-novembre-a-15h00-a-angouleme\/\",\"name\":\"COP 30 , Groupe Dioc\u00e9sain Laudato Si, \\\"cerle de silence\\\" le 15 novembre \u00e0 15h00 \u00e0 Angoul\u00eame - Doyenne Est Charente\",\"isPartOf\":{\"@id\":\"https:\/\/charente.catholique.fr\/est-charente\/#website\"},\"primaryImageOfPage\":{\"@id\":\"https:\/\/charente.catholique.fr\/est-charente\/agenda\/cop-30-groupe-diocesain-laudato-si-cerle-de-silence-le-15-novembre-a-15h00-a-angouleme\/#primaryimage\"},\"image\":{\"@id\":\"https:\/\/charente.catholique.fr\/est-charente\/agenda\/cop-30-groupe-diocesain-laudato-si-cerle-de-silence-le-15-novembre-a-15h00-a-angouleme\/#primaryimage\"},\"thumbnailUrl\":\"https:\/\/charente.catholique.fr\/est-charente\/wp-content\/uploads\/sites\/3\/2024\/03\/maison.jpg\",\"datePublished\":\"2025-11-05T14:32:34+00:00\",\"breadcrumb\":{\"@id\":\"https:\/\/charente.catholique.fr\/est-charente\/agenda\/cop-30-groupe-diocesain-laudato-si-cerle-de-silence-le-15-novembre-a-15h00-a-angouleme\/#breadcrumb\"},\"inLanguage\":\"fr-FR\",\"potentialAction\":[{\"@type\":\"ReadAction\",\"target\":[\"https:\/\/charente.catholique.fr\/est-charente\/agenda\/cop-30-groupe-diocesain-laudato-si-cerle-de-silence-le-15-novembre-a-15h00-a-angouleme\/\"]}]},{\"@type\":\"ImageObject\",\"inLanguage\":\"fr-FR\",\"@id\":\"https:\/\/charente.catholique.fr\/est-charente\/agenda\/cop-30-groupe-diocesain-laudato-si-cerle-de-silence-le-15-novembre-a-15h00-a-angouleme\/#primaryimage\",\"url\":\"https:\/\/charente.catholique.fr\/est-charente\/wp-content\/uploads\/sites\/3\/2024\/03\/maison.jpg\",\"contentUrl\":\"https:\/\/charente.catholique.fr\/est-charente\/wp-content\/uploads\/sites\/3\/2024\/03\/maison.jpg\",\"width\":612,\"height\":436,\"caption\":\"Sustainable living - 3d illustration with ecology icons on brown wooden background.\"},{\"@type\":\"BreadcrumbList\",\"@id\":\"https:\/\/charente.catholique.fr\/est-charente\/agenda\/cop-30-groupe-diocesain-laudato-si-cerle-de-silence-le-15-novembre-a-15h00-a-angouleme\/#breadcrumb\",\"itemListElement\":[{\"@type\":\"ListItem\",\"position\":1,\"name\":\"Accueil\",\"item\":\"https:\/\/charente.catholique.fr\/est-charente\/\"},{\"@type\":\"ListItem\",\"position\":2,\"name\":\"COP 30 , Groupe Dioc\u00e9sain Laudato Si, &#8220;cerle de silence&#8221; le 15 novembre \u00e0 15h00 \u00e0 Angoul\u00eame\"}]},{\"@type\":\"WebSite\",\"@id\":\"https:\/\/charente.catholique.fr\/est-charente\/#website\",\"url\":\"https:\/\/charente.catholique.fr\/est-charente\/\",\"name\":\"Doyenn\u00e9 Est Charente - Dioc\u00e8se d'Angoul\u00eame\",\"description\":\"Dioc\u00e8se d&#039;Angoul\u00eame\",\"publisher\":{\"@id\":\"https:\/\/charente.catholique.fr\/est-charente\/#organization\"},\"potentialAction\":[{\"@type\":\"SearchAction\",\"target\":{\"@type\":\"EntryPoint\",\"urlTemplate\":\"https:\/\/charente.catholique.fr\/est-charente\/?s={search_term_string}\"},\"query-input\":{\"@type\":\"PropertyValueSpecification\",\"valueRequired\":true,\"valueName\":\"search_term_string\"}}],\"inLanguage\":\"fr-FR\"},{\"@type\":\"Organization\",\"@id\":\"https:\/\/charente.catholique.fr\/est-charente\/#organization\",\"name\":\"Association dioc\u00e9saine d'Angoul\u00eame\",\"url\":\"https:\/\/charente.catholique.fr\/est-charente\/\",\"logo\":{\"@type\":\"ImageObject\",\"inLanguage\":\"fr-FR\",\"@id\":\"https:\/\/charente.catholique.fr\/est-charente\/#\/schema\/logo\/image\/\",\"url\":\"https:\/\/charente.catholique.fr\/est-charente\/wp-content\/uploads\/sites\/3\/2020\/10\/logos.png\",\"contentUrl\":\"https:\/\/charente.catholique.fr\/est-charente\/wp-content\/uploads\/sites\/3\/2020\/10\/logos.png\",\"width\":600,\"height\":257,\"caption\":\"Association dioc\u00e9saine d'Angoul\u00eame\"},\"image\":{\"@id\":\"https:\/\/charente.catholique.fr\/est-charente\/#\/schema\/logo\/image\/\"},\"sameAs\":[\"https:\/\/www.facebook.com\/EgliseCatholiqueCharente\",\"https:\/\/x.com\/diocesecharente\",\"https:\/\/www.instagram.com\/eglisecharente\",\"https:\/\/www.youtube.com\/channel\/UCByyFWApZbw3gDTiADoiAaQ\"]}]}<\/script>\n<!-- \/ Yoast SEO plugin. -->","yoast_head_json":{"title":"COP 30 , Groupe Dioc\u00e9sain Laudato Si, \"cerle de silence\" le 15 novembre \u00e0 15h00 \u00e0 Angoul\u00eame - Doyenne Est Charente","robots":{"index":"index","follow":"follow","max-snippet":"max-snippet:-1","max-image-preview":"max-image-preview:large","max-video-preview":"max-video-preview:-1"},"canonical":"https:\/\/charente.catholique.fr\/est-charente\/agenda\/cop-30-groupe-diocesain-laudato-si-cerle-de-silence-le-15-novembre-a-15h00-a-angouleme\/","og_locale":"fr_FR","og_type":"article","og_title":"COP 30 , Groupe Dioc\u00e9sain Laudato Si, \"cerle de silence\" le 15 novembre \u00e0 15h00 \u00e0 Angoul\u00eame - Doyenne Est Charente","og_description":"\u00c0 l&#8217;occasion de la COP 30 qui se d\u00e9roulera au Br\u00e9sil du 10 au 21 novembre 2025, le groupe dioc\u00e9sainLaudato SI organise un Cercle de silence samedi 15 novembre place St Martial \u00e0 Angoul\u00eame \u00e0 partirde 15h pour &#8220;faire r\u00e9sonner en silence&#8221; la clameur des pauvres face aux enjeux climatiques cruciaux.Avec une action non-violente et [&hellip;]","og_url":"https:\/\/charente.catholique.fr\/est-charente\/agenda\/cop-30-groupe-diocesain-laudato-si-cerle-de-silence-le-15-novembre-a-15h00-a-angouleme\/","og_site_name":"Doyenne Est Charente","article_publisher":"https:\/\/www.facebook.com\/EgliseCatholiqueCharente","og_image":[{"width":612,"height":436,"url":"https:\/\/charente.catholique.fr\/est-charente\/wp-content\/uploads\/sites\/3\/2024\/03\/maison.jpg","type":"image\/jpeg"}],"twitter_card":"summary_large_image","twitter_site":"@diocesecharente","twitter_misc":{"Dur\u00e9e de lecture estim\u00e9e":"1 minute"},"schema":{"@context":"https:\/\/schema.org","@graph":[{"@type":"WebPage","@id":"https:\/\/charente.catholique.fr\/est-charente\/agenda\/cop-30-groupe-diocesain-laudato-si-cerle-de-silence-le-15-novembre-a-15h00-a-angouleme\/","url":"https:\/\/charente.catholique.fr\/est-charente\/agenda\/cop-30-groupe-diocesain-laudato-si-cerle-de-silence-le-15-novembre-a-15h00-a-angouleme\/","name":"COP 30 , Groupe Dioc\u00e9sain Laudato Si, \"cerle de silence\" le 15 novembre \u00e0 15h00 \u00e0 Angoul\u00eame - Doyenne Est Charente","isPartOf":{"@id":"https:\/\/charente.catholique.fr\/est-charente\/#website"},"primaryImageOfPage":{"@id":"https:\/\/charente.catholique.fr\/est-charente\/agenda\/cop-30-groupe-diocesain-laudato-si-cerle-de-silence-le-15-novembre-a-15h00-a-angouleme\/#primaryimage"},"image":{"@id":"https:\/\/charente.catholique.fr\/est-charente\/agenda\/cop-30-groupe-diocesain-laudato-si-cerle-de-silence-le-15-novembre-a-15h00-a-angouleme\/#primaryimage"},"thumbnailUrl":"https:\/\/charente.catholique.fr\/est-charente\/wp-content\/uploads\/sites\/3\/2024\/03\/maison.jpg","datePublished":"2025-11-05T14:32:34+00:00","breadcrumb":{"@id":"https:\/\/charente.catholique.fr\/est-charente\/agenda\/cop-30-groupe-diocesain-laudato-si-cerle-de-silence-le-15-novembre-a-15h00-a-angouleme\/#breadcrumb"},"inLanguage":"fr-FR","potentialAction":[{"@type":"ReadAction","target":["https:\/\/charente.catholique.fr\/est-charente\/agenda\/cop-30-groupe-diocesain-laudato-si-cerle-de-silence-le-15-novembre-a-15h00-a-angouleme\/"]}]},{"@type":"ImageObject","inLanguage":"fr-FR","@id":"https:\/\/charente.catholique.fr\/est-charente\/agenda\/cop-30-groupe-diocesain-laudato-si-cerle-de-silence-le-15-novembre-a-15h00-a-angouleme\/#primaryimage","url":"https:\/\/charente.catholique.fr\/est-charente\/wp-content\/uploads\/sites\/3\/2024\/03\/maison.jpg","contentUrl":"https:\/\/charente.catholique.fr\/est-charente\/wp-content\/uploads\/sites\/3\/2024\/03\/maison.jpg","width":612,"height":436,"caption":"Sustainable living - 3d illustration with ecology icons on brown wooden background."},{"@type":"BreadcrumbList","@id":"https:\/\/charente.catholique.fr\/est-charente\/agenda\/cop-30-groupe-diocesain-laudato-si-cerle-de-silence-le-15-novembre-a-15h00-a-angouleme\/#breadcrumb","itemListElement":[{"@type":"ListItem","position":1,"name":"Accueil","item":"https:\/\/charente.catholique.fr\/est-charente\/"},{"@type":"ListItem","position":2,"name":"COP 30 , Groupe Dioc\u00e9sain Laudato Si, &#8220;cerle de silence&#8221; le 15 novembre \u00e0 15h00 \u00e0 Angoul\u00eame"}]},{"@type":"WebSite","@id":"https:\/\/charente.catholique.fr\/est-charente\/#website","url":"https:\/\/charente.catholique.fr\/est-charente\/","name":"Doyenn\u00e9 Est Charente - Dioc\u00e8se d'Angoul\u00eame","description":"Dioc\u00e8se d&#039;Angoul\u00eame","publisher":{"@id":"https:\/\/charente.catholique.fr\/est-charente\/#organization"},"potentialAction":[{"@type":"SearchAction","target":{"@type":"EntryPoint","urlTemplate":"https:\/\/charente.catholique.fr\/est-charente\/?s={search_term_string}"},"query-input":{"@type":"PropertyValueSpecification","valueRequired":true,"valueName":"search_term_string"}}],"inLanguage":"fr-FR"},{"@type":"Organization","@id":"https:\/\/charente.catholique.fr\/est-charente\/#organization","name":"Association dioc\u00e9saine d'Angoul\u00eame","url":"https:\/\/charente.catholique.fr\/est-charente\/","logo":{"@type":"ImageObject","inLanguage":"fr-FR","@id":"https:\/\/charente.catholique.fr\/est-charente\/#\/schema\/logo\/image\/","url":"https:\/\/charente.catholique.fr\/est-charente\/wp-content\/uploads\/sites\/3\/2020\/10\/logos.png","contentUrl":"https:\/\/charente.catholique.fr\/est-charente\/wp-content\/uploads\/sites\/3\/2020\/10\/logos.png","width":600,"height":257,"caption":"Association dioc\u00e9saine d'Angoul\u00eame"},"image":{"@id":"https:\/\/charente.catholique.fr\/est-charente\/#\/schema\/logo\/image\/"},"sameAs":["https:\/\/www.facebook.com\/EgliseCatholiqueCharente","https:\/\/x.com\/diocesecharente","https:\/\/www.instagram.com\/eglisecharente","https:\/\/www.youtube.com\/channel\/UCByyFWApZbw3gDTiADoiAaQ"]}]}},"_links":{"self":[{"href":"https:\/\/charente.catholique.fr\/est-charente\/wp-json\/wp\/v2\/evenement\/8151","targetHints":{"allow":["GET"]}}],"collection":[{"href":"https:\/\/charente.catholique.fr\/est-charente\/wp-json\/wp\/v2\/evenement"}],"about":[{"href":"https:\/\/charente.catholique.fr\/est-charente\/wp-json\/wp\/v2\/types\/evenement"}],"author":[{"embeddable":true,"href":"https:\/\/charente.catholique.fr\/est-charente\/wp-json\/wp\/v2\/users\/17"}],"version-history":[{"count":3,"href":"https:\/\/charente.catholique.fr\/est-charente\/wp-json\/wp\/v2\/evenement\/8151\/revisions"}],"predecessor-version":[{"id":8154,"href":"https:\/\/charente.catholique.fr\/est-charente\/wp-json\/wp\/v2\/evenement\/8151\/revisions\/8154"}],"wp:featuredmedia":[{"embeddable":true,"href":"https:\/\/charente.catholique.fr\/est-charente\/wp-json\/wp\/v2\/media\/5683"}],"wp:attachment":[{"href":"https:\/\/charente.catholique.fr\/est-charente\/wp-json\/wp\/v2\/media?parent=8151"}],"wp:term":[{"taxonomy":"category","embeddable":true,"href":"https:\/\/charente.catholique.fr\/est-charente\/wp-json\/wp\/v2\/categories?post=8151"},{"taxonomy":"post_tag","embeddable":true,"href":"https:\/\/charente.catholique.fr\/est-charente\/wp-json\/wp\/v2\/tags?post=8151"}],"curies":[{"name":"wp","href":"https:\/\/api.w.org\/{rel}","templated":true}]}}