{"id":8036,"date":"2025-10-08T12:51:57","date_gmt":"2025-10-08T10:51:57","guid":{"rendered":"https:\/\/charente.catholique.fr\/est-charente\/?post_type=evenement&#038;p=8036"},"modified":"2025-10-08T12:52:01","modified_gmt":"2025-10-08T10:52:01","slug":"venez-vivre-une-semaine-missionnaire-avec-famissio-dans-le-doyenne-est-charente-du-25-octobre-au-31-octobre-2025","status":"publish","type":"evenement","link":"https:\/\/charente.catholique.fr\/est-charente\/agenda\/venez-vivre-une-semaine-missionnaire-avec-famissio-dans-le-doyenne-est-charente-du-25-octobre-au-31-octobre-2025\/","title":{"rendered":"&#8220;Venez vivre une semaine missionnaire avec Famissio&#8221; dans le doyenn\u00e9 Est Charente, du 25 octobre au 31 octobre 2025"},"content":{"rendered":"\n<p>Durant une semaine, tous les paroissiens de Confolens, Champagne Mouton, Chabanais et des alentours sont invit\u00e9s \u00e0 aller \u00e0 la rencontre des habitants de Charente, pour t\u00e9moigner de l\u2019esp\u00e9rance qui est en eux, accompagn\u00e9s par des familles missionnaires.<\/p>\n\n\n\n<p>Formation \u00e0 la mission, \u00e9vang\u00e9lisation, t\u00e9moignages, temps de pri\u00e8res, temps conviviaux\u2026<\/p>\n\n\n\n<p>Une semaine \u00e0 bloquer dans son agenda !<\/p>\n\n\n\n<p>Participez \u00e0 toute la semaine missionnaire ou rejoignez directement un ou plusieurs rendez-vous du programme.<\/p>\n\n\n\n<div data-wp-interactive=\"core\/file\" class=\"wp-block-file\"><object data-wp-bind--hidden=\"!state.hasPdfPreview\" hidden class=\"wp-block-file__embed\" data=\"https:\/\/charente.catholique.fr\/est-charente\/wp-content\/uploads\/sites\/3\/2025\/10\/Famissio-depliant-2025.pdf\" type=\"application\/pdf\" style=\"width:100%;height:600px\" aria-label=\"Contenu embarqu\u00e9 Famissio d\u00e9pliant 2025.\"><\/object><a id=\"wp-block-file--media-bc0ddb40-c149-4ff5-94dc-7b9706747171\" href=\"https:\/\/charente.catholique.fr\/est-charente\/wp-content\/uploads\/sites\/3\/2025\/10\/Famissio-depliant-2025.pdf\">Famissio d\u00e9pliant 2025<\/a><a href=\"https:\/\/charente.catholique.fr\/est-charente\/wp-content\/uploads\/sites\/3\/2025\/10\/Famissio-depliant-2025.pdf\" class=\"wp-block-file__button wp-element-button\" download aria-describedby=\"wp-block-file--media-bc0ddb40-c149-4ff5-94dc-7b9706747171\">T\u00e9l\u00e9charger<\/a><\/div>\n","protected":false},"author":9,"featured_media":5683,"template":"","meta":{"_acf_changed":false,"paroisse":["10"],"service":[],"footnotes":""},"categories":[],"tags":[],"class_list":["post-8036","evenement","type-evenement","status-publish","has-post-thumbnail","hentry","validated"],"acf":{"start_date":"2025-10-25 00:00:00","end_date":"2025-10-31 00:00:00","location":"Confolens \/ Chabanais \/ Champagne-Mouton","address":null},"yoast_head":"<!-- This site is optimized with the Yoast SEO plugin v27.1.1 - https:\/\/yoast.com\/product\/yoast-seo-wordpress\/ -->\n<title>&quot;Venez vivre une semaine missionnaire avec Famissio&quot; dans le doyenn\u00e9 Est Charente, du 25 octobre au 31 octobre 2025 - Doyenne Est Charente<\/title>\n<meta name=\"robots\" content=\"index, follow, max-snippet:-1, max-image-preview:large, max-video-preview:-1\" \/>\n<link rel=\"canonical\" href=\"https:\/\/charente.catholique.fr\/est-charente\/agenda\/venez-vivre-une-semaine-missionnaire-avec-famissio-dans-le-doyenne-est-charente-du-25-octobre-au-31-octobre-2025\/\" \/>\n<meta property=\"og:locale\" content=\"fr_FR\" \/>\n<meta property=\"og:type\" content=\"article\" \/>\n<meta property=\"og:title\" content=\"&quot;Venez vivre une semaine missionnaire avec Famissio&quot; dans le doyenn\u00e9 Est Charente, du 25 octobre au 31 octobre 2025 - Doyenne Est Charente\" \/>\n<meta property=\"og:description\" content=\"Durant une semaine, tous les paroissiens de Confolens, Champagne Mouton, Chabanais et des alentours sont invit\u00e9s \u00e0 aller \u00e0 la rencontre des habitants de Charente, pour t\u00e9moigner de l\u2019esp\u00e9rance qui est en eux, accompagn\u00e9s par des familles missionnaires. Formation \u00e0 la mission, \u00e9vang\u00e9lisation, t\u00e9moignages, temps de pri\u00e8res, temps conviviaux\u2026 Une semaine \u00e0 bloquer dans son [&hellip;]\" \/>\n<meta property=\"og:url\" content=\"https:\/\/charente.catholique.fr\/est-charente\/agenda\/venez-vivre-une-semaine-missionnaire-avec-famissio-dans-le-doyenne-est-charente-du-25-octobre-au-31-octobre-2025\/\" \/>\n<meta property=\"og:site_name\" content=\"Doyenne Est Charente\" \/>\n<meta property=\"article:publisher\" content=\"https:\/\/www.facebook.com\/EgliseCatholiqueCharente\" \/>\n<meta property=\"article:modified_time\" content=\"2025-10-08T10:52:01+00:00\" \/>\n<meta property=\"og:image\" content=\"https:\/\/charente.catholique.fr\/est-charente\/wp-content\/uploads\/sites\/3\/2024\/03\/maison.jpg\" \/>\n\t<meta property=\"og:image:width\" content=\"612\" \/>\n\t<meta property=\"og:image:height\" content=\"436\" \/>\n\t<meta property=\"og:image:type\" content=\"image\/jpeg\" \/>\n<meta name=\"twitter:card\" content=\"summary_large_image\" \/>\n<meta name=\"twitter:site\" content=\"@diocesecharente\" \/>\n<meta name=\"twitter:label1\" content=\"Dur\u00e9e de lecture estim\u00e9e\" \/>\n\t<meta name=\"twitter:data1\" content=\"1 minute\" \/>\n<script type=\"application\/ld+json\" class=\"yoast-schema-graph\">{\"@context\":\"https:\/\/schema.org\",\"@graph\":[{\"@type\":\"WebPage\",\"@id\":\"https:\/\/charente.catholique.fr\/est-charente\/agenda\/venez-vivre-une-semaine-missionnaire-avec-famissio-dans-le-doyenne-est-charente-du-25-octobre-au-31-octobre-2025\/\",\"url\":\"https:\/\/charente.catholique.fr\/est-charente\/agenda\/venez-vivre-une-semaine-missionnaire-avec-famissio-dans-le-doyenne-est-charente-du-25-octobre-au-31-octobre-2025\/\",\"name\":\"\\\"Venez vivre une semaine missionnaire avec Famissio\\\" dans le doyenn\u00e9 Est Charente, du 25 octobre au 31 octobre 2025 - Doyenne Est Charente\",\"isPartOf\":{\"@id\":\"https:\/\/charente.catholique.fr\/est-charente\/#website\"},\"primaryImageOfPage\":{\"@id\":\"https:\/\/charente.catholique.fr\/est-charente\/agenda\/venez-vivre-une-semaine-missionnaire-avec-famissio-dans-le-doyenne-est-charente-du-25-octobre-au-31-octobre-2025\/#primaryimage\"},\"image\":{\"@id\":\"https:\/\/charente.catholique.fr\/est-charente\/agenda\/venez-vivre-une-semaine-missionnaire-avec-famissio-dans-le-doyenne-est-charente-du-25-octobre-au-31-octobre-2025\/#primaryimage\"},\"thumbnailUrl\":\"https:\/\/charente.catholique.fr\/est-charente\/wp-content\/uploads\/sites\/3\/2024\/03\/maison.jpg\",\"datePublished\":\"2025-10-08T10:51:57+00:00\",\"dateModified\":\"2025-10-08T10:52:01+00:00\",\"breadcrumb\":{\"@id\":\"https:\/\/charente.catholique.fr\/est-charente\/agenda\/venez-vivre-une-semaine-missionnaire-avec-famissio-dans-le-doyenne-est-charente-du-25-octobre-au-31-octobre-2025\/#breadcrumb\"},\"inLanguage\":\"fr-FR\",\"potentialAction\":[{\"@type\":\"ReadAction\",\"target\":[\"https:\/\/charente.catholique.fr\/est-charente\/agenda\/venez-vivre-une-semaine-missionnaire-avec-famissio-dans-le-doyenne-est-charente-du-25-octobre-au-31-octobre-2025\/\"]}]},{\"@type\":\"ImageObject\",\"inLanguage\":\"fr-FR\",\"@id\":\"https:\/\/charente.catholique.fr\/est-charente\/agenda\/venez-vivre-une-semaine-missionnaire-avec-famissio-dans-le-doyenne-est-charente-du-25-octobre-au-31-octobre-2025\/#primaryimage\",\"url\":\"https:\/\/charente.catholique.fr\/est-charente\/wp-content\/uploads\/sites\/3\/2024\/03\/maison.jpg\",\"contentUrl\":\"https:\/\/charente.catholique.fr\/est-charente\/wp-content\/uploads\/sites\/3\/2024\/03\/maison.jpg\",\"width\":612,\"height\":436,\"caption\":\"Sustainable living - 3d illustration with ecology icons on brown wooden background.\"},{\"@type\":\"BreadcrumbList\",\"@id\":\"https:\/\/charente.catholique.fr\/est-charente\/agenda\/venez-vivre-une-semaine-missionnaire-avec-famissio-dans-le-doyenne-est-charente-du-25-octobre-au-31-octobre-2025\/#breadcrumb\",\"itemListElement\":[{\"@type\":\"ListItem\",\"position\":1,\"name\":\"Accueil\",\"item\":\"https:\/\/charente.catholique.fr\/est-charente\/\"},{\"@type\":\"ListItem\",\"position\":2,\"name\":\"&#8220;Venez vivre une semaine missionnaire avec Famissio&#8221; dans le doyenn\u00e9 Est Charente, du 25 octobre au 31 octobre 2025\"}]},{\"@type\":\"WebSite\",\"@id\":\"https:\/\/charente.catholique.fr\/est-charente\/#website\",\"url\":\"https:\/\/charente.catholique.fr\/est-charente\/\",\"name\":\"Doyenn\u00e9 Est Charente - Dioc\u00e8se d'Angoul\u00eame\",\"description\":\"Dioc\u00e8se d&#039;Angoul\u00eame\",\"publisher\":{\"@id\":\"https:\/\/charente.catholique.fr\/est-charente\/#organization\"},\"potentialAction\":[{\"@type\":\"SearchAction\",\"target\":{\"@type\":\"EntryPoint\",\"urlTemplate\":\"https:\/\/charente.catholique.fr\/est-charente\/?s={search_term_string}\"},\"query-input\":{\"@type\":\"PropertyValueSpecification\",\"valueRequired\":true,\"valueName\":\"search_term_string\"}}],\"inLanguage\":\"fr-FR\"},{\"@type\":\"Organization\",\"@id\":\"https:\/\/charente.catholique.fr\/est-charente\/#organization\",\"name\":\"Association dioc\u00e9saine d'Angoul\u00eame\",\"url\":\"https:\/\/charente.catholique.fr\/est-charente\/\",\"logo\":{\"@type\":\"ImageObject\",\"inLanguage\":\"fr-FR\",\"@id\":\"https:\/\/charente.catholique.fr\/est-charente\/#\/schema\/logo\/image\/\",\"url\":\"https:\/\/charente.catholique.fr\/est-charente\/wp-content\/uploads\/sites\/3\/2020\/10\/logos.png\",\"contentUrl\":\"https:\/\/charente.catholique.fr\/est-charente\/wp-content\/uploads\/sites\/3\/2020\/10\/logos.png\",\"width\":600,\"height\":257,\"caption\":\"Association dioc\u00e9saine d'Angoul\u00eame\"},\"image\":{\"@id\":\"https:\/\/charente.catholique.fr\/est-charente\/#\/schema\/logo\/image\/\"},\"sameAs\":[\"https:\/\/www.facebook.com\/EgliseCatholiqueCharente\",\"https:\/\/x.com\/diocesecharente\",\"https:\/\/www.instagram.com\/eglisecharente\",\"https:\/\/www.youtube.com\/channel\/UCByyFWApZbw3gDTiADoiAaQ\"]}]}<\/script>\n<!-- \/ Yoast SEO plugin. -->","yoast_head_json":{"title":"\"Venez vivre une semaine missionnaire avec Famissio\" dans le doyenn\u00e9 Est Charente, du 25 octobre au 31 octobre 2025 - Doyenne Est Charente","robots":{"index":"index","follow":"follow","max-snippet":"max-snippet:-1","max-image-preview":"max-image-preview:large","max-video-preview":"max-video-preview:-1"},"canonical":"https:\/\/charente.catholique.fr\/est-charente\/agenda\/venez-vivre-une-semaine-missionnaire-avec-famissio-dans-le-doyenne-est-charente-du-25-octobre-au-31-octobre-2025\/","og_locale":"fr_FR","og_type":"article","og_title":"\"Venez vivre une semaine missionnaire avec Famissio\" dans le doyenn\u00e9 Est Charente, du 25 octobre au 31 octobre 2025 - Doyenne Est Charente","og_description":"Durant une semaine, tous les paroissiens de Confolens, Champagne Mouton, Chabanais et des alentours sont invit\u00e9s \u00e0 aller \u00e0 la rencontre des habitants de Charente, pour t\u00e9moigner de l\u2019esp\u00e9rance qui est en eux, accompagn\u00e9s par des familles missionnaires. Formation \u00e0 la mission, \u00e9vang\u00e9lisation, t\u00e9moignages, temps de pri\u00e8res, temps conviviaux\u2026 Une semaine \u00e0 bloquer dans son [&hellip;]","og_url":"https:\/\/charente.catholique.fr\/est-charente\/agenda\/venez-vivre-une-semaine-missionnaire-avec-famissio-dans-le-doyenne-est-charente-du-25-octobre-au-31-octobre-2025\/","og_site_name":"Doyenne Est Charente","article_publisher":"https:\/\/www.facebook.com\/EgliseCatholiqueCharente","article_modified_time":"2025-10-08T10:52:01+00:00","og_image":[{"width":612,"height":436,"url":"https:\/\/charente.catholique.fr\/est-charente\/wp-content\/uploads\/sites\/3\/2024\/03\/maison.jpg","type":"image\/jpeg"}],"twitter_card":"summary_large_image","twitter_site":"@diocesecharente","twitter_misc":{"Dur\u00e9e de lecture estim\u00e9e":"1 minute"},"schema":{"@context":"https:\/\/schema.org","@graph":[{"@type":"WebPage","@id":"https:\/\/charente.catholique.fr\/est-charente\/agenda\/venez-vivre-une-semaine-missionnaire-avec-famissio-dans-le-doyenne-est-charente-du-25-octobre-au-31-octobre-2025\/","url":"https:\/\/charente.catholique.fr\/est-charente\/agenda\/venez-vivre-une-semaine-missionnaire-avec-famissio-dans-le-doyenne-est-charente-du-25-octobre-au-31-octobre-2025\/","name":"\"Venez vivre une semaine missionnaire avec Famissio\" dans le doyenn\u00e9 Est Charente, du 25 octobre au 31 octobre 2025 - Doyenne Est Charente","isPartOf":{"@id":"https:\/\/charente.catholique.fr\/est-charente\/#website"},"primaryImageOfPage":{"@id":"https:\/\/charente.catholique.fr\/est-charente\/agenda\/venez-vivre-une-semaine-missionnaire-avec-famissio-dans-le-doyenne-est-charente-du-25-octobre-au-31-octobre-2025\/#primaryimage"},"image":{"@id":"https:\/\/charente.catholique.fr\/est-charente\/agenda\/venez-vivre-une-semaine-missionnaire-avec-famissio-dans-le-doyenne-est-charente-du-25-octobre-au-31-octobre-2025\/#primaryimage"},"thumbnailUrl":"https:\/\/charente.catholique.fr\/est-charente\/wp-content\/uploads\/sites\/3\/2024\/03\/maison.jpg","datePublished":"2025-10-08T10:51:57+00:00","dateModified":"2025-10-08T10:52:01+00:00","breadcrumb":{"@id":"https:\/\/charente.catholique.fr\/est-charente\/agenda\/venez-vivre-une-semaine-missionnaire-avec-famissio-dans-le-doyenne-est-charente-du-25-octobre-au-31-octobre-2025\/#breadcrumb"},"inLanguage":"fr-FR","potentialAction":[{"@type":"ReadAction","target":["https:\/\/charente.catholique.fr\/est-charente\/agenda\/venez-vivre-une-semaine-missionnaire-avec-famissio-dans-le-doyenne-est-charente-du-25-octobre-au-31-octobre-2025\/"]}]},{"@type":"ImageObject","inLanguage":"fr-FR","@id":"https:\/\/charente.catholique.fr\/est-charente\/agenda\/venez-vivre-une-semaine-missionnaire-avec-famissio-dans-le-doyenne-est-charente-du-25-octobre-au-31-octobre-2025\/#primaryimage","url":"https:\/\/charente.catholique.fr\/est-charente\/wp-content\/uploads\/sites\/3\/2024\/03\/maison.jpg","contentUrl":"https:\/\/charente.catholique.fr\/est-charente\/wp-content\/uploads\/sites\/3\/2024\/03\/maison.jpg","width":612,"height":436,"caption":"Sustainable living - 3d illustration with ecology icons on brown wooden background."},{"@type":"BreadcrumbList","@id":"https:\/\/charente.catholique.fr\/est-charente\/agenda\/venez-vivre-une-semaine-missionnaire-avec-famissio-dans-le-doyenne-est-charente-du-25-octobre-au-31-octobre-2025\/#breadcrumb","itemListElement":[{"@type":"ListItem","position":1,"name":"Accueil","item":"https:\/\/charente.catholique.fr\/est-charente\/"},{"@type":"ListItem","position":2,"name":"&#8220;Venez vivre une semaine missionnaire avec Famissio&#8221; dans le doyenn\u00e9 Est Charente, du 25 octobre au 31 octobre 2025"}]},{"@type":"WebSite","@id":"https:\/\/charente.catholique.fr\/est-charente\/#website","url":"https:\/\/charente.catholique.fr\/est-charente\/","name":"Doyenn\u00e9 Est Charente - Dioc\u00e8se d'Angoul\u00eame","description":"Dioc\u00e8se d&#039;Angoul\u00eame","publisher":{"@id":"https:\/\/charente.catholique.fr\/est-charente\/#organization"},"potentialAction":[{"@type":"SearchAction","target":{"@type":"EntryPoint","urlTemplate":"https:\/\/charente.catholique.fr\/est-charente\/?s={search_term_string}"},"query-input":{"@type":"PropertyValueSpecification","valueRequired":true,"valueName":"search_term_string"}}],"inLanguage":"fr-FR"},{"@type":"Organization","@id":"https:\/\/charente.catholique.fr\/est-charente\/#organization","name":"Association dioc\u00e9saine d'Angoul\u00eame","url":"https:\/\/charente.catholique.fr\/est-charente\/","logo":{"@type":"ImageObject","inLanguage":"fr-FR","@id":"https:\/\/charente.catholique.fr\/est-charente\/#\/schema\/logo\/image\/","url":"https:\/\/charente.catholique.fr\/est-charente\/wp-content\/uploads\/sites\/3\/2020\/10\/logos.png","contentUrl":"https:\/\/charente.catholique.fr\/est-charente\/wp-content\/uploads\/sites\/3\/2020\/10\/logos.png","width":600,"height":257,"caption":"Association dioc\u00e9saine d'Angoul\u00eame"},"image":{"@id":"https:\/\/charente.catholique.fr\/est-charente\/#\/schema\/logo\/image\/"},"sameAs":["https:\/\/www.facebook.com\/EgliseCatholiqueCharente","https:\/\/x.com\/diocesecharente","https:\/\/www.instagram.com\/eglisecharente","https:\/\/www.youtube.com\/channel\/UCByyFWApZbw3gDTiADoiAaQ"]}]}},"_links":{"self":[{"href":"https:\/\/charente.catholique.fr\/est-charente\/wp-json\/wp\/v2\/evenement\/8036","targetHints":{"allow":["GET"]}}],"collection":[{"href":"https:\/\/charente.catholique.fr\/est-charente\/wp-json\/wp\/v2\/evenement"}],"about":[{"href":"https:\/\/charente.catholique.fr\/est-charente\/wp-json\/wp\/v2\/types\/evenement"}],"author":[{"embeddable":true,"href":"https:\/\/charente.catholique.fr\/est-charente\/wp-json\/wp\/v2\/users\/9"}],"version-history":[{"count":1,"href":"https:\/\/charente.catholique.fr\/est-charente\/wp-json\/wp\/v2\/evenement\/8036\/revisions"}],"predecessor-version":[{"id":8038,"href":"https:\/\/charente.catholique.fr\/est-charente\/wp-json\/wp\/v2\/evenement\/8036\/revisions\/8038"}],"wp:featuredmedia":[{"embeddable":true,"href":"https:\/\/charente.catholique.fr\/est-charente\/wp-json\/wp\/v2\/media\/5683"}],"wp:attachment":[{"href":"https:\/\/charente.catholique.fr\/est-charente\/wp-json\/wp\/v2\/media?parent=8036"}],"wp:term":[{"taxonomy":"category","embeddable":true,"href":"https:\/\/charente.catholique.fr\/est-charente\/wp-json\/wp\/v2\/categories?post=8036"},{"taxonomy":"post_tag","embeddable":true,"href":"https:\/\/charente.catholique.fr\/est-charente\/wp-json\/wp\/v2\/tags?post=8036"}],"curies":[{"name":"wp","href":"https:\/\/api.w.org\/{rel}","templated":true}]}}