{"id":7568,"date":"2025-07-24T18:58:11","date_gmt":"2025-07-24T16:58:11","guid":{"rendered":"https:\/\/charente.catholique.fr\/est-charente\/?post_type=evenement&#038;p=7568"},"modified":"2025-07-29T08:53:52","modified_gmt":"2025-07-29T06:53:52","slug":"120-ans-de-leglise-de-montemboeuf-fete-patronale-de-saint-sixte-presidee-par-monseigneur-herve-gosselin-le-dimanche-10-aout-2025","status":"publish","type":"evenement","link":"https:\/\/charente.catholique.fr\/est-charente\/agenda\/120-ans-de-leglise-de-montemboeuf-fete-patronale-de-saint-sixte-presidee-par-monseigneur-herve-gosselin-le-dimanche-10-aout-2025\/","title":{"rendered":"120 ans de l&#8217;\u00e9glise de Montemboeuf, f\u00eate patronale de Saint Sixte pr\u00e9sid\u00e9e par Monseigneur Herv\u00e9 Gosselin le Dimanche 10 Ao\u00fbt 2025"},"content":{"rendered":"\n<p>Dimanche 10 Ao\u00fbt 2025, nous c\u00e9l\u00e9brerons les 120 ans de l&#8217;\u00e9glise de Montemboeuf ainsi que sa f\u00eate patronale Saint SIXTE.<\/p>\n\n\n\n<p>Cette messe sera pr\u00e9sid\u00e9e par notre Ev\u00eaque, Monseigneur Herv\u00e9 Gosselin \u00e0 10h30, ce sera l&#8217;occasion de proc\u00e9der \u00e0 la b\u00e9n\u00e9diction des ailes de l&#8217;Archange Saint Michel qui seront remise en place fin septembre. Par ailleurs, les reliques de Sainte Th\u00e9r\u00e8se de l&#8217;enfant J\u00e9sus seront pr\u00e9sent\u00e9es \u00e0 nouveau \u00e0 la d\u00e9votion des paroissiens.<\/p>\n\n\n\n<p><\/p>\n\n\n\n<div class=\"wp-block-group is-layout-grid wp-container-core-group-is-layout-478b6e6b wp-block-group-is-layout-grid\">\n<div class=\"wp-block-columns is-layout-flex wp-container-core-columns-is-layout-28f84493 wp-block-columns-is-layout-flex\">\n<div class=\"wp-block-column is-layout-flow wp-block-column-is-layout-flow\" style=\"flex-basis:100%\"><\/div>\n<\/div>\n<\/div>\n\n\n\n<div class=\"wp-block-columns is-layout-flex wp-container-core-columns-is-layout-28f84493 wp-block-columns-is-layout-flex\">\n<div class=\"wp-block-column is-layout-flow wp-block-column-is-layout-flow\" style=\"flex-basis:50%\">\n<figure class=\"wp-block-image size-large\"><img loading=\"lazy\" decoding=\"async\" width=\"810\" height=\"1080\" src=\"https:\/\/charente.catholique.fr\/est-charente\/wp-content\/uploads\/sites\/3\/2025\/07\/100_0963-810x1080.jpg\" alt=\"\" class=\"wp-image-7573\" srcset=\"https:\/\/charente.catholique.fr\/est-charente\/wp-content\/uploads\/sites\/3\/2025\/07\/100_0963-810x1080.jpg 810w, https:\/\/charente.catholique.fr\/est-charente\/wp-content\/uploads\/sites\/3\/2025\/07\/100_0963-225x300.jpg 225w, https:\/\/charente.catholique.fr\/est-charente\/wp-content\/uploads\/sites\/3\/2025\/07\/100_0963-768x1024.jpg 768w, https:\/\/charente.catholique.fr\/est-charente\/wp-content\/uploads\/sites\/3\/2025\/07\/100_0963-1152x1536.jpg 1152w, https:\/\/charente.catholique.fr\/est-charente\/wp-content\/uploads\/sites\/3\/2025\/07\/100_0963-1536x2048.jpg 1536w, https:\/\/charente.catholique.fr\/est-charente\/wp-content\/uploads\/sites\/3\/2025\/07\/100_0963-1320x1760.jpg 1320w, https:\/\/charente.catholique.fr\/est-charente\/wp-content\/uploads\/sites\/3\/2025\/07\/100_0963-scaled.jpg 1920w\" sizes=\"auto, (max-width: 810px) 100vw, 810px\" \/><figcaption class=\"wp-element-caption\">KODAK Digital Still Camera<\/figcaption><\/figure>\n<\/div>\n\n\n\n<div class=\"wp-block-column is-layout-flow wp-block-column-is-layout-flow\" style=\"flex-basis:50%\">\n<figure class=\"wp-block-image alignfull size-large\"><img loading=\"lazy\" decoding=\"async\" width=\"1440\" height=\"1080\" src=\"https:\/\/charente.catholique.fr\/est-charente\/wp-content\/uploads\/sites\/3\/2025\/07\/100_0972-1440x1080.jpg\" alt=\"\" class=\"wp-image-7574\" srcset=\"https:\/\/charente.catholique.fr\/est-charente\/wp-content\/uploads\/sites\/3\/2025\/07\/100_0972-1440x1080.jpg 1440w, https:\/\/charente.catholique.fr\/est-charente\/wp-content\/uploads\/sites\/3\/2025\/07\/100_0972-300x225.jpg 300w, https:\/\/charente.catholique.fr\/est-charente\/wp-content\/uploads\/sites\/3\/2025\/07\/100_0972-768x576.jpg 768w, https:\/\/charente.catholique.fr\/est-charente\/wp-content\/uploads\/sites\/3\/2025\/07\/100_0972-1536x1152.jpg 1536w, https:\/\/charente.catholique.fr\/est-charente\/wp-content\/uploads\/sites\/3\/2025\/07\/100_0972-2048x1536.jpg 2048w, https:\/\/charente.catholique.fr\/est-charente\/wp-content\/uploads\/sites\/3\/2025\/07\/100_0972-1320x990.jpg 1320w\" sizes=\"auto, (max-width: 1440px) 100vw, 1440px\" \/><figcaption class=\"wp-element-caption\">KODAK Digital Still Camera<\/figcaption><\/figure>\n<\/div>\n<\/div>\n\n\n\n<div class=\"wp-block-columns is-layout-flex wp-container-core-columns-is-layout-28f84493 wp-block-columns-is-layout-flex\">\n<div class=\"wp-block-column is-layout-flow wp-block-column-is-layout-flow\" style=\"flex-basis:50%\">\n<figure class=\"wp-block-image size-large\"><img loading=\"lazy\" decoding=\"async\" width=\"1440\" height=\"1080\" src=\"https:\/\/charente.catholique.fr\/est-charente\/wp-content\/uploads\/sites\/3\/2025\/07\/100_0961-1440x1080.jpg\" alt=\"\" class=\"wp-image-7572\" srcset=\"https:\/\/charente.catholique.fr\/est-charente\/wp-content\/uploads\/sites\/3\/2025\/07\/100_0961-1440x1080.jpg 1440w, https:\/\/charente.catholique.fr\/est-charente\/wp-content\/uploads\/sites\/3\/2025\/07\/100_0961-300x225.jpg 300w, https:\/\/charente.catholique.fr\/est-charente\/wp-content\/uploads\/sites\/3\/2025\/07\/100_0961-768x576.jpg 768w, https:\/\/charente.catholique.fr\/est-charente\/wp-content\/uploads\/sites\/3\/2025\/07\/100_0961-1536x1152.jpg 1536w, https:\/\/charente.catholique.fr\/est-charente\/wp-content\/uploads\/sites\/3\/2025\/07\/100_0961-2048x1536.jpg 2048w, https:\/\/charente.catholique.fr\/est-charente\/wp-content\/uploads\/sites\/3\/2025\/07\/100_0961-1320x990.jpg 1320w\" sizes=\"auto, (max-width: 1440px) 100vw, 1440px\" \/><figcaption class=\"wp-element-caption\">KODAK Digital Still Camera<\/figcaption><\/figure>\n<\/div>\n\n\n\n<div class=\"wp-block-column is-layout-flow wp-block-column-is-layout-flow\" style=\"flex-basis:50%\">\n<figure class=\"wp-block-image size-large\"><img loading=\"lazy\" decoding=\"async\" width=\"1440\" height=\"1080\" src=\"https:\/\/charente.catholique.fr\/est-charente\/wp-content\/uploads\/sites\/3\/2025\/07\/100_0966-1440x1080.jpg\" alt=\"\" class=\"wp-image-7575\" srcset=\"https:\/\/charente.catholique.fr\/est-charente\/wp-content\/uploads\/sites\/3\/2025\/07\/100_0966-1440x1080.jpg 1440w, https:\/\/charente.catholique.fr\/est-charente\/wp-content\/uploads\/sites\/3\/2025\/07\/100_0966-300x225.jpg 300w, https:\/\/charente.catholique.fr\/est-charente\/wp-content\/uploads\/sites\/3\/2025\/07\/100_0966-768x576.jpg 768w, https:\/\/charente.catholique.fr\/est-charente\/wp-content\/uploads\/sites\/3\/2025\/07\/100_0966-1536x1152.jpg 1536w, https:\/\/charente.catholique.fr\/est-charente\/wp-content\/uploads\/sites\/3\/2025\/07\/100_0966-2048x1536.jpg 2048w, https:\/\/charente.catholique.fr\/est-charente\/wp-content\/uploads\/sites\/3\/2025\/07\/100_0966-1320x990.jpg 1320w\" sizes=\"auto, (max-width: 1440px) 100vw, 1440px\" \/><figcaption class=\"wp-element-caption\">KODAK Digital Still Camera<\/figcaption><\/figure>\n<\/div>\n<\/div>\n\n\n<a href=\"https:\/\/charente.catholique.fr\/est-charente\/wp-content\/uploads\/sites\/3\/2025\/07\/montemboeuf.pdf\" class=\"pdfemb-viewer\" style=\"\" data-width=\"max\" data-height=\"max\" data-toolbar=\"bottom\" data-toolbar-fixed=\"off\">montemboeuf<\/a>","protected":false},"author":17,"featured_media":7572,"template":"","meta":{"_acf_changed":false,"paroisse":["9"],"service":["0"],"footnotes":""},"categories":[2],"tags":[],"class_list":["post-7568","evenement","type-evenement","status-publish","has-post-thumbnail","hentry","category-nd-des-terres-en-haute-charente"],"acf":{"start_date":"2025-08-10 10:30:00","end_date":"","location":"\u00e9glise Saint Sixte \u00e0 Montemboeuf","address":{"address":"16310 Montemb\u0153uf, France","lat":45.777137,"lng":0.552755,"zoom":14,"place_id":"ChIJ1_J6_o1Z_kcRELTuYJLTBQQ","name":"Montemb\u0153uf","state":"Nouvelle-Aquitaine","post_code":16310}},"yoast_head":"<!-- This site is optimized with the Yoast SEO plugin v27.1.1 - https:\/\/yoast.com\/product\/yoast-seo-wordpress\/ -->\n<title>120 ans de l&#039;\u00e9glise de Montemboeuf, f\u00eate patronale de Saint Sixte pr\u00e9sid\u00e9e par Monseigneur Herv\u00e9 Gosselin le Dimanche 10 Ao\u00fbt 2025 - Doyenne Est Charente<\/title>\n<meta name=\"robots\" content=\"index, follow, max-snippet:-1, max-image-preview:large, max-video-preview:-1\" \/>\n<link rel=\"canonical\" href=\"https:\/\/charente.catholique.fr\/est-charente\/agenda\/120-ans-de-leglise-de-montemboeuf-fete-patronale-de-saint-sixte-presidee-par-monseigneur-herve-gosselin-le-dimanche-10-aout-2025\/\" \/>\n<meta property=\"og:locale\" content=\"fr_FR\" \/>\n<meta property=\"og:type\" content=\"article\" \/>\n<meta property=\"og:title\" content=\"120 ans de l&#039;\u00e9glise de Montemboeuf, f\u00eate patronale de Saint Sixte pr\u00e9sid\u00e9e par Monseigneur Herv\u00e9 Gosselin le Dimanche 10 Ao\u00fbt 2025 - Doyenne Est Charente\" \/>\n<meta property=\"og:description\" content=\"Dimanche 10 Ao\u00fbt 2025, nous c\u00e9l\u00e9brerons les 120 ans de l&#8217;\u00e9glise de Montemboeuf ainsi que sa f\u00eate patronale Saint SIXTE. Cette messe sera pr\u00e9sid\u00e9e par notre Ev\u00eaque, Monseigneur Herv\u00e9 Gosselin \u00e0 10h30, ce sera l&#8217;occasion de proc\u00e9der \u00e0 la b\u00e9n\u00e9diction des ailes de l&#8217;Archange Saint Michel qui seront remise en place fin septembre. Par ailleurs, [&hellip;]\" \/>\n<meta property=\"og:url\" content=\"https:\/\/charente.catholique.fr\/est-charente\/agenda\/120-ans-de-leglise-de-montemboeuf-fete-patronale-de-saint-sixte-presidee-par-monseigneur-herve-gosselin-le-dimanche-10-aout-2025\/\" \/>\n<meta property=\"og:site_name\" content=\"Doyenne Est Charente\" \/>\n<meta property=\"article:publisher\" content=\"https:\/\/www.facebook.com\/EgliseCatholiqueCharente\" \/>\n<meta property=\"article:modified_time\" content=\"2025-07-29T06:53:52+00:00\" \/>\n<meta property=\"og:image\" content=\"https:\/\/charente.catholique.fr\/est-charente\/wp-content\/uploads\/sites\/3\/2025\/07\/100_0961-scaled.jpg\" \/>\n\t<meta property=\"og:image:width\" content=\"2560\" \/>\n\t<meta property=\"og:image:height\" content=\"1920\" \/>\n\t<meta property=\"og:image:type\" content=\"image\/jpeg\" \/>\n<meta name=\"twitter:card\" content=\"summary_large_image\" \/>\n<meta name=\"twitter:site\" content=\"@diocesecharente\" \/>\n<meta name=\"twitter:label1\" content=\"Dur\u00e9e de lecture estim\u00e9e\" \/>\n\t<meta name=\"twitter:data1\" content=\"2 minutes\" \/>\n<script type=\"application\/ld+json\" class=\"yoast-schema-graph\">{\"@context\":\"https:\/\/schema.org\",\"@graph\":[{\"@type\":\"WebPage\",\"@id\":\"https:\/\/charente.catholique.fr\/est-charente\/agenda\/120-ans-de-leglise-de-montemboeuf-fete-patronale-de-saint-sixte-presidee-par-monseigneur-herve-gosselin-le-dimanche-10-aout-2025\/\",\"url\":\"https:\/\/charente.catholique.fr\/est-charente\/agenda\/120-ans-de-leglise-de-montemboeuf-fete-patronale-de-saint-sixte-presidee-par-monseigneur-herve-gosselin-le-dimanche-10-aout-2025\/\",\"name\":\"120 ans de l'\u00e9glise de Montemboeuf, f\u00eate patronale de Saint Sixte pr\u00e9sid\u00e9e par Monseigneur Herv\u00e9 Gosselin le Dimanche 10 Ao\u00fbt 2025 - Doyenne Est Charente\",\"isPartOf\":{\"@id\":\"https:\/\/charente.catholique.fr\/est-charente\/#website\"},\"primaryImageOfPage\":{\"@id\":\"https:\/\/charente.catholique.fr\/est-charente\/agenda\/120-ans-de-leglise-de-montemboeuf-fete-patronale-de-saint-sixte-presidee-par-monseigneur-herve-gosselin-le-dimanche-10-aout-2025\/#primaryimage\"},\"image\":{\"@id\":\"https:\/\/charente.catholique.fr\/est-charente\/agenda\/120-ans-de-leglise-de-montemboeuf-fete-patronale-de-saint-sixte-presidee-par-monseigneur-herve-gosselin-le-dimanche-10-aout-2025\/#primaryimage\"},\"thumbnailUrl\":\"https:\/\/charente.catholique.fr\/est-charente\/wp-content\/uploads\/sites\/3\/2025\/07\/100_0961-scaled.jpg\",\"datePublished\":\"2025-07-24T16:58:11+00:00\",\"dateModified\":\"2025-07-29T06:53:52+00:00\",\"breadcrumb\":{\"@id\":\"https:\/\/charente.catholique.fr\/est-charente\/agenda\/120-ans-de-leglise-de-montemboeuf-fete-patronale-de-saint-sixte-presidee-par-monseigneur-herve-gosselin-le-dimanche-10-aout-2025\/#breadcrumb\"},\"inLanguage\":\"fr-FR\",\"potentialAction\":[{\"@type\":\"ReadAction\",\"target\":[\"https:\/\/charente.catholique.fr\/est-charente\/agenda\/120-ans-de-leglise-de-montemboeuf-fete-patronale-de-saint-sixte-presidee-par-monseigneur-herve-gosselin-le-dimanche-10-aout-2025\/\"]}]},{\"@type\":\"ImageObject\",\"inLanguage\":\"fr-FR\",\"@id\":\"https:\/\/charente.catholique.fr\/est-charente\/agenda\/120-ans-de-leglise-de-montemboeuf-fete-patronale-de-saint-sixte-presidee-par-monseigneur-herve-gosselin-le-dimanche-10-aout-2025\/#primaryimage\",\"url\":\"https:\/\/charente.catholique.fr\/est-charente\/wp-content\/uploads\/sites\/3\/2025\/07\/100_0961-scaled.jpg\",\"contentUrl\":\"https:\/\/charente.catholique.fr\/est-charente\/wp-content\/uploads\/sites\/3\/2025\/07\/100_0961-scaled.jpg\",\"width\":2560,\"height\":1920,\"caption\":\"KODAK Digital Still Camera\"},{\"@type\":\"BreadcrumbList\",\"@id\":\"https:\/\/charente.catholique.fr\/est-charente\/agenda\/120-ans-de-leglise-de-montemboeuf-fete-patronale-de-saint-sixte-presidee-par-monseigneur-herve-gosselin-le-dimanche-10-aout-2025\/#breadcrumb\",\"itemListElement\":[{\"@type\":\"ListItem\",\"position\":1,\"name\":\"Accueil\",\"item\":\"https:\/\/charente.catholique.fr\/est-charente\/\"},{\"@type\":\"ListItem\",\"position\":2,\"name\":\"120 ans de l&#8217;\u00e9glise de Montemboeuf, f\u00eate patronale de Saint Sixte pr\u00e9sid\u00e9e par Monseigneur Herv\u00e9 Gosselin le Dimanche 10 Ao\u00fbt 2025\"}]},{\"@type\":\"WebSite\",\"@id\":\"https:\/\/charente.catholique.fr\/est-charente\/#website\",\"url\":\"https:\/\/charente.catholique.fr\/est-charente\/\",\"name\":\"Doyenn\u00e9 Est Charente - Dioc\u00e8se d'Angoul\u00eame\",\"description\":\"Dioc\u00e8se d&#039;Angoul\u00eame\",\"publisher\":{\"@id\":\"https:\/\/charente.catholique.fr\/est-charente\/#organization\"},\"potentialAction\":[{\"@type\":\"SearchAction\",\"target\":{\"@type\":\"EntryPoint\",\"urlTemplate\":\"https:\/\/charente.catholique.fr\/est-charente\/?s={search_term_string}\"},\"query-input\":{\"@type\":\"PropertyValueSpecification\",\"valueRequired\":true,\"valueName\":\"search_term_string\"}}],\"inLanguage\":\"fr-FR\"},{\"@type\":\"Organization\",\"@id\":\"https:\/\/charente.catholique.fr\/est-charente\/#organization\",\"name\":\"Association dioc\u00e9saine d'Angoul\u00eame\",\"url\":\"https:\/\/charente.catholique.fr\/est-charente\/\",\"logo\":{\"@type\":\"ImageObject\",\"inLanguage\":\"fr-FR\",\"@id\":\"https:\/\/charente.catholique.fr\/est-charente\/#\/schema\/logo\/image\/\",\"url\":\"https:\/\/charente.catholique.fr\/est-charente\/wp-content\/uploads\/sites\/3\/2020\/10\/logos.png\",\"contentUrl\":\"https:\/\/charente.catholique.fr\/est-charente\/wp-content\/uploads\/sites\/3\/2020\/10\/logos.png\",\"width\":600,\"height\":257,\"caption\":\"Association dioc\u00e9saine d'Angoul\u00eame\"},\"image\":{\"@id\":\"https:\/\/charente.catholique.fr\/est-charente\/#\/schema\/logo\/image\/\"},\"sameAs\":[\"https:\/\/www.facebook.com\/EgliseCatholiqueCharente\",\"https:\/\/x.com\/diocesecharente\",\"https:\/\/www.instagram.com\/eglisecharente\",\"https:\/\/www.youtube.com\/channel\/UCByyFWApZbw3gDTiADoiAaQ\"]}]}<\/script>\n<!-- \/ Yoast SEO plugin. -->","yoast_head_json":{"title":"120 ans de l'\u00e9glise de Montemboeuf, f\u00eate patronale de Saint Sixte pr\u00e9sid\u00e9e par Monseigneur Herv\u00e9 Gosselin le Dimanche 10 Ao\u00fbt 2025 - Doyenne Est Charente","robots":{"index":"index","follow":"follow","max-snippet":"max-snippet:-1","max-image-preview":"max-image-preview:large","max-video-preview":"max-video-preview:-1"},"canonical":"https:\/\/charente.catholique.fr\/est-charente\/agenda\/120-ans-de-leglise-de-montemboeuf-fete-patronale-de-saint-sixte-presidee-par-monseigneur-herve-gosselin-le-dimanche-10-aout-2025\/","og_locale":"fr_FR","og_type":"article","og_title":"120 ans de l'\u00e9glise de Montemboeuf, f\u00eate patronale de Saint Sixte pr\u00e9sid\u00e9e par Monseigneur Herv\u00e9 Gosselin le Dimanche 10 Ao\u00fbt 2025 - Doyenne Est Charente","og_description":"Dimanche 10 Ao\u00fbt 2025, nous c\u00e9l\u00e9brerons les 120 ans de l&#8217;\u00e9glise de Montemboeuf ainsi que sa f\u00eate patronale Saint SIXTE. Cette messe sera pr\u00e9sid\u00e9e par notre Ev\u00eaque, Monseigneur Herv\u00e9 Gosselin \u00e0 10h30, ce sera l&#8217;occasion de proc\u00e9der \u00e0 la b\u00e9n\u00e9diction des ailes de l&#8217;Archange Saint Michel qui seront remise en place fin septembre. Par ailleurs, [&hellip;]","og_url":"https:\/\/charente.catholique.fr\/est-charente\/agenda\/120-ans-de-leglise-de-montemboeuf-fete-patronale-de-saint-sixte-presidee-par-monseigneur-herve-gosselin-le-dimanche-10-aout-2025\/","og_site_name":"Doyenne Est Charente","article_publisher":"https:\/\/www.facebook.com\/EgliseCatholiqueCharente","article_modified_time":"2025-07-29T06:53:52+00:00","og_image":[{"width":2560,"height":1920,"url":"https:\/\/charente.catholique.fr\/est-charente\/wp-content\/uploads\/sites\/3\/2025\/07\/100_0961-scaled.jpg","type":"image\/jpeg"}],"twitter_card":"summary_large_image","twitter_site":"@diocesecharente","twitter_misc":{"Dur\u00e9e de lecture estim\u00e9e":"2 minutes"},"schema":{"@context":"https:\/\/schema.org","@graph":[{"@type":"WebPage","@id":"https:\/\/charente.catholique.fr\/est-charente\/agenda\/120-ans-de-leglise-de-montemboeuf-fete-patronale-de-saint-sixte-presidee-par-monseigneur-herve-gosselin-le-dimanche-10-aout-2025\/","url":"https:\/\/charente.catholique.fr\/est-charente\/agenda\/120-ans-de-leglise-de-montemboeuf-fete-patronale-de-saint-sixte-presidee-par-monseigneur-herve-gosselin-le-dimanche-10-aout-2025\/","name":"120 ans de l'\u00e9glise de Montemboeuf, f\u00eate patronale de Saint Sixte pr\u00e9sid\u00e9e par Monseigneur Herv\u00e9 Gosselin le Dimanche 10 Ao\u00fbt 2025 - Doyenne Est Charente","isPartOf":{"@id":"https:\/\/charente.catholique.fr\/est-charente\/#website"},"primaryImageOfPage":{"@id":"https:\/\/charente.catholique.fr\/est-charente\/agenda\/120-ans-de-leglise-de-montemboeuf-fete-patronale-de-saint-sixte-presidee-par-monseigneur-herve-gosselin-le-dimanche-10-aout-2025\/#primaryimage"},"image":{"@id":"https:\/\/charente.catholique.fr\/est-charente\/agenda\/120-ans-de-leglise-de-montemboeuf-fete-patronale-de-saint-sixte-presidee-par-monseigneur-herve-gosselin-le-dimanche-10-aout-2025\/#primaryimage"},"thumbnailUrl":"https:\/\/charente.catholique.fr\/est-charente\/wp-content\/uploads\/sites\/3\/2025\/07\/100_0961-scaled.jpg","datePublished":"2025-07-24T16:58:11+00:00","dateModified":"2025-07-29T06:53:52+00:00","breadcrumb":{"@id":"https:\/\/charente.catholique.fr\/est-charente\/agenda\/120-ans-de-leglise-de-montemboeuf-fete-patronale-de-saint-sixte-presidee-par-monseigneur-herve-gosselin-le-dimanche-10-aout-2025\/#breadcrumb"},"inLanguage":"fr-FR","potentialAction":[{"@type":"ReadAction","target":["https:\/\/charente.catholique.fr\/est-charente\/agenda\/120-ans-de-leglise-de-montemboeuf-fete-patronale-de-saint-sixte-presidee-par-monseigneur-herve-gosselin-le-dimanche-10-aout-2025\/"]}]},{"@type":"ImageObject","inLanguage":"fr-FR","@id":"https:\/\/charente.catholique.fr\/est-charente\/agenda\/120-ans-de-leglise-de-montemboeuf-fete-patronale-de-saint-sixte-presidee-par-monseigneur-herve-gosselin-le-dimanche-10-aout-2025\/#primaryimage","url":"https:\/\/charente.catholique.fr\/est-charente\/wp-content\/uploads\/sites\/3\/2025\/07\/100_0961-scaled.jpg","contentUrl":"https:\/\/charente.catholique.fr\/est-charente\/wp-content\/uploads\/sites\/3\/2025\/07\/100_0961-scaled.jpg","width":2560,"height":1920,"caption":"KODAK Digital Still Camera"},{"@type":"BreadcrumbList","@id":"https:\/\/charente.catholique.fr\/est-charente\/agenda\/120-ans-de-leglise-de-montemboeuf-fete-patronale-de-saint-sixte-presidee-par-monseigneur-herve-gosselin-le-dimanche-10-aout-2025\/#breadcrumb","itemListElement":[{"@type":"ListItem","position":1,"name":"Accueil","item":"https:\/\/charente.catholique.fr\/est-charente\/"},{"@type":"ListItem","position":2,"name":"120 ans de l&#8217;\u00e9glise de Montemboeuf, f\u00eate patronale de Saint Sixte pr\u00e9sid\u00e9e par Monseigneur Herv\u00e9 Gosselin le Dimanche 10 Ao\u00fbt 2025"}]},{"@type":"WebSite","@id":"https:\/\/charente.catholique.fr\/est-charente\/#website","url":"https:\/\/charente.catholique.fr\/est-charente\/","name":"Doyenn\u00e9 Est Charente - Dioc\u00e8se d'Angoul\u00eame","description":"Dioc\u00e8se d&#039;Angoul\u00eame","publisher":{"@id":"https:\/\/charente.catholique.fr\/est-charente\/#organization"},"potentialAction":[{"@type":"SearchAction","target":{"@type":"EntryPoint","urlTemplate":"https:\/\/charente.catholique.fr\/est-charente\/?s={search_term_string}"},"query-input":{"@type":"PropertyValueSpecification","valueRequired":true,"valueName":"search_term_string"}}],"inLanguage":"fr-FR"},{"@type":"Organization","@id":"https:\/\/charente.catholique.fr\/est-charente\/#organization","name":"Association dioc\u00e9saine d'Angoul\u00eame","url":"https:\/\/charente.catholique.fr\/est-charente\/","logo":{"@type":"ImageObject","inLanguage":"fr-FR","@id":"https:\/\/charente.catholique.fr\/est-charente\/#\/schema\/logo\/image\/","url":"https:\/\/charente.catholique.fr\/est-charente\/wp-content\/uploads\/sites\/3\/2020\/10\/logos.png","contentUrl":"https:\/\/charente.catholique.fr\/est-charente\/wp-content\/uploads\/sites\/3\/2020\/10\/logos.png","width":600,"height":257,"caption":"Association dioc\u00e9saine d'Angoul\u00eame"},"image":{"@id":"https:\/\/charente.catholique.fr\/est-charente\/#\/schema\/logo\/image\/"},"sameAs":["https:\/\/www.facebook.com\/EgliseCatholiqueCharente","https:\/\/x.com\/diocesecharente","https:\/\/www.instagram.com\/eglisecharente","https:\/\/www.youtube.com\/channel\/UCByyFWApZbw3gDTiADoiAaQ"]}]}},"_links":{"self":[{"href":"https:\/\/charente.catholique.fr\/est-charente\/wp-json\/wp\/v2\/evenement\/7568","targetHints":{"allow":["GET"]}}],"collection":[{"href":"https:\/\/charente.catholique.fr\/est-charente\/wp-json\/wp\/v2\/evenement"}],"about":[{"href":"https:\/\/charente.catholique.fr\/est-charente\/wp-json\/wp\/v2\/types\/evenement"}],"author":[{"embeddable":true,"href":"https:\/\/charente.catholique.fr\/est-charente\/wp-json\/wp\/v2\/users\/17"}],"version-history":[{"count":6,"href":"https:\/\/charente.catholique.fr\/est-charente\/wp-json\/wp\/v2\/evenement\/7568\/revisions"}],"predecessor-version":[{"id":7600,"href":"https:\/\/charente.catholique.fr\/est-charente\/wp-json\/wp\/v2\/evenement\/7568\/revisions\/7600"}],"wp:featuredmedia":[{"embeddable":true,"href":"https:\/\/charente.catholique.fr\/est-charente\/wp-json\/wp\/v2\/media\/7572"}],"wp:attachment":[{"href":"https:\/\/charente.catholique.fr\/est-charente\/wp-json\/wp\/v2\/media?parent=7568"}],"wp:term":[{"taxonomy":"category","embeddable":true,"href":"https:\/\/charente.catholique.fr\/est-charente\/wp-json\/wp\/v2\/categories?post=7568"},{"taxonomy":"post_tag","embeddable":true,"href":"https:\/\/charente.catholique.fr\/est-charente\/wp-json\/wp\/v2\/tags?post=7568"}],"curies":[{"name":"wp","href":"https:\/\/api.w.org\/{rel}","templated":true}]}}