{"id":7563,"date":"2025-07-22T11:35:13","date_gmt":"2025-07-22T09:35:13","guid":{"rendered":"https:\/\/charente.catholique.fr\/est-charente\/?post_type=evenement&#038;p=7563"},"modified":"2025-07-22T11:35:14","modified_gmt":"2025-07-22T09:35:14","slug":"montbron-15-aout-2025-a-21h00-procession-aux-flambeaux-fetons-marie","status":"publish","type":"evenement","link":"https:\/\/charente.catholique.fr\/est-charente\/agenda\/montbron-15-aout-2025-a-21h00-procession-aux-flambeaux-fetons-marie\/","title":{"rendered":"MONTBRON 15 Ao\u00fbt 2025 \u00e0 21H00 Procession aux flambeaux f\u00eatons MARIE!!"},"content":{"rendered":"\n<p><strong>Jeudi 15 ao\u00fbt, f\u00eate de l\u2019Assomption<\/strong><\/p>\n\n\n\n<p>Procession aux flambeaux \u00e0 la mani\u00e8re de Lourdes.<\/p>\n\n\n\n<p>Au soir de sa f\u00eate, nous confierons \u00e0 la Vierge Marie<\/p>\n\n\n\n<p>la France, notre commune et nos familles.<\/p>\n\n\n\n<p>D\u00e9part de l\u2019\u00e9glise \u00e0 21h et circuit dans la commune<\/p>\n\n\n\n<p>en passant par la chapelle des l\u00e9preux. Cierges fournis.<\/p>\n\n\n\n<p>Contact&nbsp;: 05 45 70 71 82 (Presbyt\u00e8re)&nbsp;<\/p>\n\n\n\n<figure class=\"wp-block-image size-large\"><img loading=\"lazy\" decoding=\"async\" width=\"763\" height=\"1080\" src=\"https:\/\/charente.catholique.fr\/est-charente\/wp-content\/uploads\/sites\/3\/2025\/07\/Affiche-procession-15-aout-2025-763x1080.png\" alt=\"\" class=\"wp-image-7550\" srcset=\"https:\/\/charente.catholique.fr\/est-charente\/wp-content\/uploads\/sites\/3\/2025\/07\/Affiche-procession-15-aout-2025-763x1080.png 763w, https:\/\/charente.catholique.fr\/est-charente\/wp-content\/uploads\/sites\/3\/2025\/07\/Affiche-procession-15-aout-2025-212x300.png 212w, https:\/\/charente.catholique.fr\/est-charente\/wp-content\/uploads\/sites\/3\/2025\/07\/Affiche-procession-15-aout-2025-768x1086.png 768w, https:\/\/charente.catholique.fr\/est-charente\/wp-content\/uploads\/sites\/3\/2025\/07\/Affiche-procession-15-aout-2025-1086x1536.png 1086w, https:\/\/charente.catholique.fr\/est-charente\/wp-content\/uploads\/sites\/3\/2025\/07\/Affiche-procession-15-aout-2025-1448x2048.png 1448w, https:\/\/charente.catholique.fr\/est-charente\/wp-content\/uploads\/sites\/3\/2025\/07\/Affiche-procession-15-aout-2025-1320x1867.png 1320w, https:\/\/charente.catholique.fr\/est-charente\/wp-content\/uploads\/sites\/3\/2025\/07\/Affiche-procession-15-aout-2025.png 1587w\" sizes=\"auto, (max-width: 763px) 100vw, 763px\" \/><\/figure>\n","protected":false},"author":17,"featured_media":6334,"template":"","meta":{"_acf_changed":false,"paroisse":["9"],"service":["0"],"footnotes":""},"categories":[2],"tags":[],"class_list":["post-7563","evenement","type-evenement","status-publish","has-post-thumbnail","hentry","category-nd-des-terres-en-haute-charente"],"acf":{"start_date":"2025-08-15 21:00:00","end_date":"","location":"Montbron","address":{"address":"\u00c9glise Saint-Maurice de Montbron, Montbron, France","lat":45.6693614,"lng":0.5029779,"zoom":14,"place_id":"ChIJe_ySldNT_kcR7TRkVb9AWWM","name":"\u00c9glise Saint-Maurice de Montbron","city":"Montbron","state":"Nouvelle-Aquitaine","post_code":16220,"country":"France","country_short":"FR"}},"yoast_head":"<!-- This site is optimized with the Yoast SEO plugin v27.1.1 - https:\/\/yoast.com\/product\/yoast-seo-wordpress\/ -->\n<title>MONTBRON 15 Ao\u00fbt 2025 \u00e0 21H00 Procession aux flambeaux f\u00eatons MARIE!! - Doyenne Est Charente<\/title>\n<meta name=\"robots\" content=\"index, follow, max-snippet:-1, max-image-preview:large, max-video-preview:-1\" \/>\n<link rel=\"canonical\" href=\"https:\/\/charente.catholique.fr\/est-charente\/agenda\/montbron-15-aout-2025-a-21h00-procession-aux-flambeaux-fetons-marie\/\" \/>\n<meta property=\"og:locale\" content=\"fr_FR\" \/>\n<meta property=\"og:type\" content=\"article\" \/>\n<meta property=\"og:title\" content=\"MONTBRON 15 Ao\u00fbt 2025 \u00e0 21H00 Procession aux flambeaux f\u00eatons MARIE!! - Doyenne Est Charente\" \/>\n<meta property=\"og:description\" content=\"Jeudi 15 ao\u00fbt, f\u00eate de l\u2019Assomption Procession aux flambeaux \u00e0 la mani\u00e8re de Lourdes. Au soir de sa f\u00eate, nous confierons \u00e0 la Vierge Marie la France, notre commune et nos familles. D\u00e9part de l\u2019\u00e9glise \u00e0 21h et circuit dans la commune en passant par la chapelle des l\u00e9preux. Cierges fournis. Contact&nbsp;: 05 45 70 [&hellip;]\" \/>\n<meta property=\"og:url\" content=\"https:\/\/charente.catholique.fr\/est-charente\/agenda\/montbron-15-aout-2025-a-21h00-procession-aux-flambeaux-fetons-marie\/\" \/>\n<meta property=\"og:site_name\" content=\"Doyenne Est Charente\" \/>\n<meta property=\"article:publisher\" content=\"https:\/\/www.facebook.com\/EgliseCatholiqueCharente\" \/>\n<meta property=\"article:modified_time\" content=\"2025-07-22T09:35:14+00:00\" \/>\n<meta property=\"og:image\" content=\"https:\/\/charente.catholique.fr\/est-charente\/wp-content\/uploads\/sites\/3\/2024\/08\/vierge-marie.jpg\" \/>\n\t<meta property=\"og:image:width\" content=\"640\" \/>\n\t<meta property=\"og:image:height\" content=\"427\" \/>\n\t<meta property=\"og:image:type\" content=\"image\/jpeg\" \/>\n<meta name=\"twitter:card\" content=\"summary_large_image\" \/>\n<meta name=\"twitter:site\" content=\"@diocesecharente\" \/>\n<meta name=\"twitter:label1\" content=\"Dur\u00e9e de lecture estim\u00e9e\" \/>\n\t<meta name=\"twitter:data1\" content=\"1 minute\" \/>\n<script type=\"application\/ld+json\" class=\"yoast-schema-graph\">{\"@context\":\"https:\/\/schema.org\",\"@graph\":[{\"@type\":\"WebPage\",\"@id\":\"https:\/\/charente.catholique.fr\/est-charente\/agenda\/montbron-15-aout-2025-a-21h00-procession-aux-flambeaux-fetons-marie\/\",\"url\":\"https:\/\/charente.catholique.fr\/est-charente\/agenda\/montbron-15-aout-2025-a-21h00-procession-aux-flambeaux-fetons-marie\/\",\"name\":\"MONTBRON 15 Ao\u00fbt 2025 \u00e0 21H00 Procession aux flambeaux f\u00eatons MARIE!! - Doyenne Est Charente\",\"isPartOf\":{\"@id\":\"https:\/\/charente.catholique.fr\/est-charente\/#website\"},\"primaryImageOfPage\":{\"@id\":\"https:\/\/charente.catholique.fr\/est-charente\/agenda\/montbron-15-aout-2025-a-21h00-procession-aux-flambeaux-fetons-marie\/#primaryimage\"},\"image\":{\"@id\":\"https:\/\/charente.catholique.fr\/est-charente\/agenda\/montbron-15-aout-2025-a-21h00-procession-aux-flambeaux-fetons-marie\/#primaryimage\"},\"thumbnailUrl\":\"https:\/\/charente.catholique.fr\/est-charente\/wp-content\/uploads\/sites\/3\/2024\/08\/vierge-marie.jpg\",\"datePublished\":\"2025-07-22T09:35:13+00:00\",\"dateModified\":\"2025-07-22T09:35:14+00:00\",\"breadcrumb\":{\"@id\":\"https:\/\/charente.catholique.fr\/est-charente\/agenda\/montbron-15-aout-2025-a-21h00-procession-aux-flambeaux-fetons-marie\/#breadcrumb\"},\"inLanguage\":\"fr-FR\",\"potentialAction\":[{\"@type\":\"ReadAction\",\"target\":[\"https:\/\/charente.catholique.fr\/est-charente\/agenda\/montbron-15-aout-2025-a-21h00-procession-aux-flambeaux-fetons-marie\/\"]}]},{\"@type\":\"ImageObject\",\"inLanguage\":\"fr-FR\",\"@id\":\"https:\/\/charente.catholique.fr\/est-charente\/agenda\/montbron-15-aout-2025-a-21h00-procession-aux-flambeaux-fetons-marie\/#primaryimage\",\"url\":\"https:\/\/charente.catholique.fr\/est-charente\/wp-content\/uploads\/sites\/3\/2024\/08\/vierge-marie.jpg\",\"contentUrl\":\"https:\/\/charente.catholique.fr\/est-charente\/wp-content\/uploads\/sites\/3\/2024\/08\/vierge-marie.jpg\",\"width\":640,\"height\":427},{\"@type\":\"BreadcrumbList\",\"@id\":\"https:\/\/charente.catholique.fr\/est-charente\/agenda\/montbron-15-aout-2025-a-21h00-procession-aux-flambeaux-fetons-marie\/#breadcrumb\",\"itemListElement\":[{\"@type\":\"ListItem\",\"position\":1,\"name\":\"Accueil\",\"item\":\"https:\/\/charente.catholique.fr\/est-charente\/\"},{\"@type\":\"ListItem\",\"position\":2,\"name\":\"MONTBRON 15 Ao\u00fbt 2025 \u00e0 21H00 Procession aux flambeaux f\u00eatons MARIE!!\"}]},{\"@type\":\"WebSite\",\"@id\":\"https:\/\/charente.catholique.fr\/est-charente\/#website\",\"url\":\"https:\/\/charente.catholique.fr\/est-charente\/\",\"name\":\"Doyenn\u00e9 Est Charente - Dioc\u00e8se d'Angoul\u00eame\",\"description\":\"Dioc\u00e8se d&#039;Angoul\u00eame\",\"publisher\":{\"@id\":\"https:\/\/charente.catholique.fr\/est-charente\/#organization\"},\"potentialAction\":[{\"@type\":\"SearchAction\",\"target\":{\"@type\":\"EntryPoint\",\"urlTemplate\":\"https:\/\/charente.catholique.fr\/est-charente\/?s={search_term_string}\"},\"query-input\":{\"@type\":\"PropertyValueSpecification\",\"valueRequired\":true,\"valueName\":\"search_term_string\"}}],\"inLanguage\":\"fr-FR\"},{\"@type\":\"Organization\",\"@id\":\"https:\/\/charente.catholique.fr\/est-charente\/#organization\",\"name\":\"Association dioc\u00e9saine d'Angoul\u00eame\",\"url\":\"https:\/\/charente.catholique.fr\/est-charente\/\",\"logo\":{\"@type\":\"ImageObject\",\"inLanguage\":\"fr-FR\",\"@id\":\"https:\/\/charente.catholique.fr\/est-charente\/#\/schema\/logo\/image\/\",\"url\":\"https:\/\/charente.catholique.fr\/est-charente\/wp-content\/uploads\/sites\/3\/2020\/10\/logos.png\",\"contentUrl\":\"https:\/\/charente.catholique.fr\/est-charente\/wp-content\/uploads\/sites\/3\/2020\/10\/logos.png\",\"width\":600,\"height\":257,\"caption\":\"Association dioc\u00e9saine d'Angoul\u00eame\"},\"image\":{\"@id\":\"https:\/\/charente.catholique.fr\/est-charente\/#\/schema\/logo\/image\/\"},\"sameAs\":[\"https:\/\/www.facebook.com\/EgliseCatholiqueCharente\",\"https:\/\/x.com\/diocesecharente\",\"https:\/\/www.instagram.com\/eglisecharente\",\"https:\/\/www.youtube.com\/channel\/UCByyFWApZbw3gDTiADoiAaQ\"]}]}<\/script>\n<!-- \/ Yoast SEO plugin. -->","yoast_head_json":{"title":"MONTBRON 15 Ao\u00fbt 2025 \u00e0 21H00 Procession aux flambeaux f\u00eatons MARIE!! - Doyenne Est Charente","robots":{"index":"index","follow":"follow","max-snippet":"max-snippet:-1","max-image-preview":"max-image-preview:large","max-video-preview":"max-video-preview:-1"},"canonical":"https:\/\/charente.catholique.fr\/est-charente\/agenda\/montbron-15-aout-2025-a-21h00-procession-aux-flambeaux-fetons-marie\/","og_locale":"fr_FR","og_type":"article","og_title":"MONTBRON 15 Ao\u00fbt 2025 \u00e0 21H00 Procession aux flambeaux f\u00eatons MARIE!! - Doyenne Est Charente","og_description":"Jeudi 15 ao\u00fbt, f\u00eate de l\u2019Assomption Procession aux flambeaux \u00e0 la mani\u00e8re de Lourdes. Au soir de sa f\u00eate, nous confierons \u00e0 la Vierge Marie la France, notre commune et nos familles. D\u00e9part de l\u2019\u00e9glise \u00e0 21h et circuit dans la commune en passant par la chapelle des l\u00e9preux. Cierges fournis. Contact&nbsp;: 05 45 70 [&hellip;]","og_url":"https:\/\/charente.catholique.fr\/est-charente\/agenda\/montbron-15-aout-2025-a-21h00-procession-aux-flambeaux-fetons-marie\/","og_site_name":"Doyenne Est Charente","article_publisher":"https:\/\/www.facebook.com\/EgliseCatholiqueCharente","article_modified_time":"2025-07-22T09:35:14+00:00","og_image":[{"width":640,"height":427,"url":"https:\/\/charente.catholique.fr\/est-charente\/wp-content\/uploads\/sites\/3\/2024\/08\/vierge-marie.jpg","type":"image\/jpeg"}],"twitter_card":"summary_large_image","twitter_site":"@diocesecharente","twitter_misc":{"Dur\u00e9e de lecture estim\u00e9e":"1 minute"},"schema":{"@context":"https:\/\/schema.org","@graph":[{"@type":"WebPage","@id":"https:\/\/charente.catholique.fr\/est-charente\/agenda\/montbron-15-aout-2025-a-21h00-procession-aux-flambeaux-fetons-marie\/","url":"https:\/\/charente.catholique.fr\/est-charente\/agenda\/montbron-15-aout-2025-a-21h00-procession-aux-flambeaux-fetons-marie\/","name":"MONTBRON 15 Ao\u00fbt 2025 \u00e0 21H00 Procession aux flambeaux f\u00eatons MARIE!! - Doyenne Est Charente","isPartOf":{"@id":"https:\/\/charente.catholique.fr\/est-charente\/#website"},"primaryImageOfPage":{"@id":"https:\/\/charente.catholique.fr\/est-charente\/agenda\/montbron-15-aout-2025-a-21h00-procession-aux-flambeaux-fetons-marie\/#primaryimage"},"image":{"@id":"https:\/\/charente.catholique.fr\/est-charente\/agenda\/montbron-15-aout-2025-a-21h00-procession-aux-flambeaux-fetons-marie\/#primaryimage"},"thumbnailUrl":"https:\/\/charente.catholique.fr\/est-charente\/wp-content\/uploads\/sites\/3\/2024\/08\/vierge-marie.jpg","datePublished":"2025-07-22T09:35:13+00:00","dateModified":"2025-07-22T09:35:14+00:00","breadcrumb":{"@id":"https:\/\/charente.catholique.fr\/est-charente\/agenda\/montbron-15-aout-2025-a-21h00-procession-aux-flambeaux-fetons-marie\/#breadcrumb"},"inLanguage":"fr-FR","potentialAction":[{"@type":"ReadAction","target":["https:\/\/charente.catholique.fr\/est-charente\/agenda\/montbron-15-aout-2025-a-21h00-procession-aux-flambeaux-fetons-marie\/"]}]},{"@type":"ImageObject","inLanguage":"fr-FR","@id":"https:\/\/charente.catholique.fr\/est-charente\/agenda\/montbron-15-aout-2025-a-21h00-procession-aux-flambeaux-fetons-marie\/#primaryimage","url":"https:\/\/charente.catholique.fr\/est-charente\/wp-content\/uploads\/sites\/3\/2024\/08\/vierge-marie.jpg","contentUrl":"https:\/\/charente.catholique.fr\/est-charente\/wp-content\/uploads\/sites\/3\/2024\/08\/vierge-marie.jpg","width":640,"height":427},{"@type":"BreadcrumbList","@id":"https:\/\/charente.catholique.fr\/est-charente\/agenda\/montbron-15-aout-2025-a-21h00-procession-aux-flambeaux-fetons-marie\/#breadcrumb","itemListElement":[{"@type":"ListItem","position":1,"name":"Accueil","item":"https:\/\/charente.catholique.fr\/est-charente\/"},{"@type":"ListItem","position":2,"name":"MONTBRON 15 Ao\u00fbt 2025 \u00e0 21H00 Procession aux flambeaux f\u00eatons MARIE!!"}]},{"@type":"WebSite","@id":"https:\/\/charente.catholique.fr\/est-charente\/#website","url":"https:\/\/charente.catholique.fr\/est-charente\/","name":"Doyenn\u00e9 Est Charente - Dioc\u00e8se d'Angoul\u00eame","description":"Dioc\u00e8se d&#039;Angoul\u00eame","publisher":{"@id":"https:\/\/charente.catholique.fr\/est-charente\/#organization"},"potentialAction":[{"@type":"SearchAction","target":{"@type":"EntryPoint","urlTemplate":"https:\/\/charente.catholique.fr\/est-charente\/?s={search_term_string}"},"query-input":{"@type":"PropertyValueSpecification","valueRequired":true,"valueName":"search_term_string"}}],"inLanguage":"fr-FR"},{"@type":"Organization","@id":"https:\/\/charente.catholique.fr\/est-charente\/#organization","name":"Association dioc\u00e9saine d'Angoul\u00eame","url":"https:\/\/charente.catholique.fr\/est-charente\/","logo":{"@type":"ImageObject","inLanguage":"fr-FR","@id":"https:\/\/charente.catholique.fr\/est-charente\/#\/schema\/logo\/image\/","url":"https:\/\/charente.catholique.fr\/est-charente\/wp-content\/uploads\/sites\/3\/2020\/10\/logos.png","contentUrl":"https:\/\/charente.catholique.fr\/est-charente\/wp-content\/uploads\/sites\/3\/2020\/10\/logos.png","width":600,"height":257,"caption":"Association dioc\u00e9saine d'Angoul\u00eame"},"image":{"@id":"https:\/\/charente.catholique.fr\/est-charente\/#\/schema\/logo\/image\/"},"sameAs":["https:\/\/www.facebook.com\/EgliseCatholiqueCharente","https:\/\/x.com\/diocesecharente","https:\/\/www.instagram.com\/eglisecharente","https:\/\/www.youtube.com\/channel\/UCByyFWApZbw3gDTiADoiAaQ"]}]}},"_links":{"self":[{"href":"https:\/\/charente.catholique.fr\/est-charente\/wp-json\/wp\/v2\/evenement\/7563","targetHints":{"allow":["GET"]}}],"collection":[{"href":"https:\/\/charente.catholique.fr\/est-charente\/wp-json\/wp\/v2\/evenement"}],"about":[{"href":"https:\/\/charente.catholique.fr\/est-charente\/wp-json\/wp\/v2\/types\/evenement"}],"author":[{"embeddable":true,"href":"https:\/\/charente.catholique.fr\/est-charente\/wp-json\/wp\/v2\/users\/17"}],"version-history":[{"count":4,"href":"https:\/\/charente.catholique.fr\/est-charente\/wp-json\/wp\/v2\/evenement\/7563\/revisions"}],"predecessor-version":[{"id":7567,"href":"https:\/\/charente.catholique.fr\/est-charente\/wp-json\/wp\/v2\/evenement\/7563\/revisions\/7567"}],"wp:featuredmedia":[{"embeddable":true,"href":"https:\/\/charente.catholique.fr\/est-charente\/wp-json\/wp\/v2\/media\/6334"}],"wp:attachment":[{"href":"https:\/\/charente.catholique.fr\/est-charente\/wp-json\/wp\/v2\/media?parent=7563"}],"wp:term":[{"taxonomy":"category","embeddable":true,"href":"https:\/\/charente.catholique.fr\/est-charente\/wp-json\/wp\/v2\/categories?post=7563"},{"taxonomy":"post_tag","embeddable":true,"href":"https:\/\/charente.catholique.fr\/est-charente\/wp-json\/wp\/v2\/tags?post=7563"}],"curies":[{"name":"wp","href":"https:\/\/api.w.org\/{rel}","templated":true}]}}