{"id":5679,"date":"2024-03-26T15:30:12","date_gmt":"2024-03-26T14:30:12","guid":{"rendered":"https:\/\/charente.catholique.fr\/est-charente\/?post_type=evenement&#038;p=5679"},"modified":"2024-03-26T18:58:29","modified_gmt":"2024-03-26T17:58:29","slug":"festival-dorgue-en-charente-a-la-rochefoucauld","status":"publish","type":"evenement","link":"https:\/\/charente.catholique.fr\/est-charente\/agenda\/festival-dorgue-en-charente-a-la-rochefoucauld\/","title":{"rendered":"Duo trompette et orgue \u00e0 La Rochefoucauld"},"content":{"rendered":"\n<p class=\"has-medium-font-size\">Dans le cadre du 30\u00e8me &#8220;Festival International d&#8217;Orgue en Charente&#8221;, duo trompette et orgue avec Pascal Clarhaut et Fr\u00e9d\u00e9ric Ledroit.<\/p>\n\n\n\n<div style=\"height:24px\" aria-hidden=\"true\" class=\"wp-block-spacer\"><\/div>\n\n\n\n<div class=\"wp-block-media-text is-stacked-on-mobile\" style=\"grid-template-columns:31% auto\"><figure class=\"wp-block-media-text__media\"><img loading=\"lazy\" decoding=\"async\" width=\"1280\" height=\"853\" src=\"https:\/\/charente.catholique.fr\/est-charente\/wp-content\/uploads\/sites\/3\/2024\/03\/church-3599447_1280.jpg\" alt=\"Orgue\" class=\"wp-image-5655 size-full\" srcset=\"https:\/\/charente.catholique.fr\/est-charente\/wp-content\/uploads\/sites\/3\/2024\/03\/church-3599447_1280.jpg 1280w, https:\/\/charente.catholique.fr\/est-charente\/wp-content\/uploads\/sites\/3\/2024\/03\/church-3599447_1280-300x200.jpg 300w, https:\/\/charente.catholique.fr\/est-charente\/wp-content\/uploads\/sites\/3\/2024\/03\/church-3599447_1280-768x512.jpg 768w\" sizes=\"auto, (max-width: 1280px) 100vw, 1280px\" \/><\/figure><div class=\"wp-block-media-text__content\">\n<p class=\"has-text-align-center has-medium-font-size\">Samedi 27 avril \u00e0 21 h \u00e0 la Coll\u00e9giale de La Rochefoucauld<br>Avec retransmission vid\u00e9o.<\/p>\n<\/div><\/div>\n\n\n\n<div style=\"height:30px\" aria-hidden=\"true\" class=\"wp-block-spacer\"><\/div>\n\n\n\n<p><strong>Trompette : <\/strong>Pascal Clarhaut (solo de l&#8217;orchestre de l&#8217;Op\u00e9ra national de Paris)<br><strong>Orgue :<\/strong> Fr\u00e9d\u00e9ric Ledroit<\/p>\n\n\n\n<p><strong>Programme<\/strong> : Handael, Eric Schmidt, Jean Rivier, Fr\u00e9d\u00e9ric Ledroit<\/p>\n\n\n\n<p class=\"has-text-align-center has-very-light-gray-to-cyan-bluish-gray-gradient-background has-background has-medium-font-size\"><strong><a href=\"https:\/\/charente.catholique.fr\/actualites\/30eme-festival-international-dorgue-en-charente\/\">Retrouvez tous le programme du festival 2024<\/a><\/strong><\/p>\n","protected":false},"author":5,"featured_media":5655,"template":"","meta":{"_acf_changed":false,"paroisse":["11"],"service":["0"],"footnotes":""},"categories":[3],"tags":[],"class_list":["post-5679","evenement","type-evenement","status-publish","has-post-thumbnail","hentry","category-saint-augustin-en-tardoire-et-bandiat","validated"],"acf":{"start_date":"2024-04-27 21:00:00","end_date":"","location":"Coll\u00e9giale","address":{"address":"La Rochefoucauld, La Rochefoucauld-en-Angoumois, France","lat":45.73813699999999,"lng":0.38579,"zoom":14,"place_id":"ChIJO962oUVP_kcR0LDuYJLTBQQ","name":"La Rochefoucauld","city":"La Rochefoucauld-en-Angoumois","state":"Nouvelle-Aquitaine","post_code":16110,"country":"France","country_short":"FR"}},"yoast_head":"<!-- This site is optimized with the Yoast SEO plugin v27.1.1 - https:\/\/yoast.com\/product\/yoast-seo-wordpress\/ -->\n<title>Duo trompette et orgue \u00e0 La Rochefoucauld - Doyenne Est Charente<\/title>\n<meta name=\"robots\" content=\"index, follow, max-snippet:-1, max-image-preview:large, max-video-preview:-1\" \/>\n<link rel=\"canonical\" href=\"https:\/\/charente.catholique.fr\/est-charente\/agenda\/festival-dorgue-en-charente-a-la-rochefoucauld\/\" \/>\n<meta property=\"og:locale\" content=\"fr_FR\" \/>\n<meta property=\"og:type\" content=\"article\" \/>\n<meta property=\"og:title\" content=\"Duo trompette et orgue \u00e0 La Rochefoucauld - Doyenne Est Charente\" \/>\n<meta property=\"og:description\" content=\"Dans le cadre du 30\u00e8me &#8220;Festival International d&#8217;Orgue en Charente&#8221;, duo trompette et orgue avec Pascal Clarhaut et Fr\u00e9d\u00e9ric Ledroit. Samedi 27 avril \u00e0 21 h \u00e0 la Coll\u00e9giale de La RochefoucauldAvec retransmission vid\u00e9o. Trompette : Pascal Clarhaut (solo de l&#8217;orchestre de l&#8217;Op\u00e9ra national de Paris)Orgue : Fr\u00e9d\u00e9ric Ledroit Programme : Handael, Eric Schmidt, Jean [&hellip;]\" \/>\n<meta property=\"og:url\" content=\"https:\/\/charente.catholique.fr\/est-charente\/agenda\/festival-dorgue-en-charente-a-la-rochefoucauld\/\" \/>\n<meta property=\"og:site_name\" content=\"Doyenne Est Charente\" \/>\n<meta property=\"article:publisher\" content=\"https:\/\/www.facebook.com\/EgliseCatholiqueCharente\" \/>\n<meta property=\"article:modified_time\" content=\"2024-03-26T17:58:29+00:00\" \/>\n<meta property=\"og:image\" content=\"https:\/\/charente.catholique.fr\/est-charente\/wp-content\/uploads\/sites\/3\/2024\/03\/church-3599447_1280.jpg\" \/>\n\t<meta property=\"og:image:width\" content=\"1280\" \/>\n\t<meta property=\"og:image:height\" content=\"853\" \/>\n\t<meta property=\"og:image:type\" content=\"image\/jpeg\" \/>\n<meta name=\"twitter:card\" content=\"summary_large_image\" \/>\n<meta name=\"twitter:site\" content=\"@diocesecharente\" \/>\n<meta name=\"twitter:label1\" content=\"Dur\u00e9e de lecture estim\u00e9e\" \/>\n\t<meta name=\"twitter:data1\" content=\"1 minute\" \/>\n<script type=\"application\/ld+json\" class=\"yoast-schema-graph\">{\"@context\":\"https:\/\/schema.org\",\"@graph\":[{\"@type\":\"WebPage\",\"@id\":\"https:\/\/charente.catholique.fr\/est-charente\/agenda\/festival-dorgue-en-charente-a-la-rochefoucauld\/\",\"url\":\"https:\/\/charente.catholique.fr\/est-charente\/agenda\/festival-dorgue-en-charente-a-la-rochefoucauld\/\",\"name\":\"Duo trompette et orgue \u00e0 La Rochefoucauld - Doyenne Est Charente\",\"isPartOf\":{\"@id\":\"https:\/\/charente.catholique.fr\/est-charente\/#website\"},\"primaryImageOfPage\":{\"@id\":\"https:\/\/charente.catholique.fr\/est-charente\/agenda\/festival-dorgue-en-charente-a-la-rochefoucauld\/#primaryimage\"},\"image\":{\"@id\":\"https:\/\/charente.catholique.fr\/est-charente\/agenda\/festival-dorgue-en-charente-a-la-rochefoucauld\/#primaryimage\"},\"thumbnailUrl\":\"https:\/\/charente.catholique.fr\/est-charente\/wp-content\/uploads\/sites\/3\/2024\/03\/church-3599447_1280.jpg\",\"datePublished\":\"2024-03-26T14:30:12+00:00\",\"dateModified\":\"2024-03-26T17:58:29+00:00\",\"breadcrumb\":{\"@id\":\"https:\/\/charente.catholique.fr\/est-charente\/agenda\/festival-dorgue-en-charente-a-la-rochefoucauld\/#breadcrumb\"},\"inLanguage\":\"fr-FR\",\"potentialAction\":[{\"@type\":\"ReadAction\",\"target\":[\"https:\/\/charente.catholique.fr\/est-charente\/agenda\/festival-dorgue-en-charente-a-la-rochefoucauld\/\"]}]},{\"@type\":\"ImageObject\",\"inLanguage\":\"fr-FR\",\"@id\":\"https:\/\/charente.catholique.fr\/est-charente\/agenda\/festival-dorgue-en-charente-a-la-rochefoucauld\/#primaryimage\",\"url\":\"https:\/\/charente.catholique.fr\/est-charente\/wp-content\/uploads\/sites\/3\/2024\/03\/church-3599447_1280.jpg\",\"contentUrl\":\"https:\/\/charente.catholique.fr\/est-charente\/wp-content\/uploads\/sites\/3\/2024\/03\/church-3599447_1280.jpg\",\"width\":1280,\"height\":853,\"caption\":\"Orgue\"},{\"@type\":\"BreadcrumbList\",\"@id\":\"https:\/\/charente.catholique.fr\/est-charente\/agenda\/festival-dorgue-en-charente-a-la-rochefoucauld\/#breadcrumb\",\"itemListElement\":[{\"@type\":\"ListItem\",\"position\":1,\"name\":\"Accueil\",\"item\":\"https:\/\/charente.catholique.fr\/est-charente\/\"},{\"@type\":\"ListItem\",\"position\":2,\"name\":\"Duo trompette et orgue \u00e0 La Rochefoucauld\"}]},{\"@type\":\"WebSite\",\"@id\":\"https:\/\/charente.catholique.fr\/est-charente\/#website\",\"url\":\"https:\/\/charente.catholique.fr\/est-charente\/\",\"name\":\"Doyenn\u00e9 Est Charente - Dioc\u00e8se d'Angoul\u00eame\",\"description\":\"Dioc\u00e8se d&#039;Angoul\u00eame\",\"publisher\":{\"@id\":\"https:\/\/charente.catholique.fr\/est-charente\/#organization\"},\"potentialAction\":[{\"@type\":\"SearchAction\",\"target\":{\"@type\":\"EntryPoint\",\"urlTemplate\":\"https:\/\/charente.catholique.fr\/est-charente\/?s={search_term_string}\"},\"query-input\":{\"@type\":\"PropertyValueSpecification\",\"valueRequired\":true,\"valueName\":\"search_term_string\"}}],\"inLanguage\":\"fr-FR\"},{\"@type\":\"Organization\",\"@id\":\"https:\/\/charente.catholique.fr\/est-charente\/#organization\",\"name\":\"Association dioc\u00e9saine d'Angoul\u00eame\",\"url\":\"https:\/\/charente.catholique.fr\/est-charente\/\",\"logo\":{\"@type\":\"ImageObject\",\"inLanguage\":\"fr-FR\",\"@id\":\"https:\/\/charente.catholique.fr\/est-charente\/#\/schema\/logo\/image\/\",\"url\":\"https:\/\/charente.catholique.fr\/est-charente\/wp-content\/uploads\/sites\/3\/2020\/10\/logos.png\",\"contentUrl\":\"https:\/\/charente.catholique.fr\/est-charente\/wp-content\/uploads\/sites\/3\/2020\/10\/logos.png\",\"width\":600,\"height\":257,\"caption\":\"Association dioc\u00e9saine d'Angoul\u00eame\"},\"image\":{\"@id\":\"https:\/\/charente.catholique.fr\/est-charente\/#\/schema\/logo\/image\/\"},\"sameAs\":[\"https:\/\/www.facebook.com\/EgliseCatholiqueCharente\",\"https:\/\/x.com\/diocesecharente\",\"https:\/\/www.instagram.com\/eglisecharente\",\"https:\/\/www.youtube.com\/channel\/UCByyFWApZbw3gDTiADoiAaQ\"]}]}<\/script>\n<!-- \/ Yoast SEO plugin. -->","yoast_head_json":{"title":"Duo trompette et orgue \u00e0 La Rochefoucauld - Doyenne Est Charente","robots":{"index":"index","follow":"follow","max-snippet":"max-snippet:-1","max-image-preview":"max-image-preview:large","max-video-preview":"max-video-preview:-1"},"canonical":"https:\/\/charente.catholique.fr\/est-charente\/agenda\/festival-dorgue-en-charente-a-la-rochefoucauld\/","og_locale":"fr_FR","og_type":"article","og_title":"Duo trompette et orgue \u00e0 La Rochefoucauld - Doyenne Est Charente","og_description":"Dans le cadre du 30\u00e8me &#8220;Festival International d&#8217;Orgue en Charente&#8221;, duo trompette et orgue avec Pascal Clarhaut et Fr\u00e9d\u00e9ric Ledroit. Samedi 27 avril \u00e0 21 h \u00e0 la Coll\u00e9giale de La RochefoucauldAvec retransmission vid\u00e9o. Trompette : Pascal Clarhaut (solo de l&#8217;orchestre de l&#8217;Op\u00e9ra national de Paris)Orgue : Fr\u00e9d\u00e9ric Ledroit Programme : Handael, Eric Schmidt, Jean [&hellip;]","og_url":"https:\/\/charente.catholique.fr\/est-charente\/agenda\/festival-dorgue-en-charente-a-la-rochefoucauld\/","og_site_name":"Doyenne Est Charente","article_publisher":"https:\/\/www.facebook.com\/EgliseCatholiqueCharente","article_modified_time":"2024-03-26T17:58:29+00:00","og_image":[{"width":1280,"height":853,"url":"https:\/\/charente.catholique.fr\/est-charente\/wp-content\/uploads\/sites\/3\/2024\/03\/church-3599447_1280.jpg","type":"image\/jpeg"}],"twitter_card":"summary_large_image","twitter_site":"@diocesecharente","twitter_misc":{"Dur\u00e9e de lecture estim\u00e9e":"1 minute"},"schema":{"@context":"https:\/\/schema.org","@graph":[{"@type":"WebPage","@id":"https:\/\/charente.catholique.fr\/est-charente\/agenda\/festival-dorgue-en-charente-a-la-rochefoucauld\/","url":"https:\/\/charente.catholique.fr\/est-charente\/agenda\/festival-dorgue-en-charente-a-la-rochefoucauld\/","name":"Duo trompette et orgue \u00e0 La Rochefoucauld - Doyenne Est Charente","isPartOf":{"@id":"https:\/\/charente.catholique.fr\/est-charente\/#website"},"primaryImageOfPage":{"@id":"https:\/\/charente.catholique.fr\/est-charente\/agenda\/festival-dorgue-en-charente-a-la-rochefoucauld\/#primaryimage"},"image":{"@id":"https:\/\/charente.catholique.fr\/est-charente\/agenda\/festival-dorgue-en-charente-a-la-rochefoucauld\/#primaryimage"},"thumbnailUrl":"https:\/\/charente.catholique.fr\/est-charente\/wp-content\/uploads\/sites\/3\/2024\/03\/church-3599447_1280.jpg","datePublished":"2024-03-26T14:30:12+00:00","dateModified":"2024-03-26T17:58:29+00:00","breadcrumb":{"@id":"https:\/\/charente.catholique.fr\/est-charente\/agenda\/festival-dorgue-en-charente-a-la-rochefoucauld\/#breadcrumb"},"inLanguage":"fr-FR","potentialAction":[{"@type":"ReadAction","target":["https:\/\/charente.catholique.fr\/est-charente\/agenda\/festival-dorgue-en-charente-a-la-rochefoucauld\/"]}]},{"@type":"ImageObject","inLanguage":"fr-FR","@id":"https:\/\/charente.catholique.fr\/est-charente\/agenda\/festival-dorgue-en-charente-a-la-rochefoucauld\/#primaryimage","url":"https:\/\/charente.catholique.fr\/est-charente\/wp-content\/uploads\/sites\/3\/2024\/03\/church-3599447_1280.jpg","contentUrl":"https:\/\/charente.catholique.fr\/est-charente\/wp-content\/uploads\/sites\/3\/2024\/03\/church-3599447_1280.jpg","width":1280,"height":853,"caption":"Orgue"},{"@type":"BreadcrumbList","@id":"https:\/\/charente.catholique.fr\/est-charente\/agenda\/festival-dorgue-en-charente-a-la-rochefoucauld\/#breadcrumb","itemListElement":[{"@type":"ListItem","position":1,"name":"Accueil","item":"https:\/\/charente.catholique.fr\/est-charente\/"},{"@type":"ListItem","position":2,"name":"Duo trompette et orgue \u00e0 La Rochefoucauld"}]},{"@type":"WebSite","@id":"https:\/\/charente.catholique.fr\/est-charente\/#website","url":"https:\/\/charente.catholique.fr\/est-charente\/","name":"Doyenn\u00e9 Est Charente - Dioc\u00e8se d'Angoul\u00eame","description":"Dioc\u00e8se d&#039;Angoul\u00eame","publisher":{"@id":"https:\/\/charente.catholique.fr\/est-charente\/#organization"},"potentialAction":[{"@type":"SearchAction","target":{"@type":"EntryPoint","urlTemplate":"https:\/\/charente.catholique.fr\/est-charente\/?s={search_term_string}"},"query-input":{"@type":"PropertyValueSpecification","valueRequired":true,"valueName":"search_term_string"}}],"inLanguage":"fr-FR"},{"@type":"Organization","@id":"https:\/\/charente.catholique.fr\/est-charente\/#organization","name":"Association dioc\u00e9saine d'Angoul\u00eame","url":"https:\/\/charente.catholique.fr\/est-charente\/","logo":{"@type":"ImageObject","inLanguage":"fr-FR","@id":"https:\/\/charente.catholique.fr\/est-charente\/#\/schema\/logo\/image\/","url":"https:\/\/charente.catholique.fr\/est-charente\/wp-content\/uploads\/sites\/3\/2020\/10\/logos.png","contentUrl":"https:\/\/charente.catholique.fr\/est-charente\/wp-content\/uploads\/sites\/3\/2020\/10\/logos.png","width":600,"height":257,"caption":"Association dioc\u00e9saine d'Angoul\u00eame"},"image":{"@id":"https:\/\/charente.catholique.fr\/est-charente\/#\/schema\/logo\/image\/"},"sameAs":["https:\/\/www.facebook.com\/EgliseCatholiqueCharente","https:\/\/x.com\/diocesecharente","https:\/\/www.instagram.com\/eglisecharente","https:\/\/www.youtube.com\/channel\/UCByyFWApZbw3gDTiADoiAaQ"]}]}},"_links":{"self":[{"href":"https:\/\/charente.catholique.fr\/est-charente\/wp-json\/wp\/v2\/evenement\/5679","targetHints":{"allow":["GET"]}}],"collection":[{"href":"https:\/\/charente.catholique.fr\/est-charente\/wp-json\/wp\/v2\/evenement"}],"about":[{"href":"https:\/\/charente.catholique.fr\/est-charente\/wp-json\/wp\/v2\/types\/evenement"}],"author":[{"embeddable":true,"href":"https:\/\/charente.catholique.fr\/est-charente\/wp-json\/wp\/v2\/users\/5"}],"version-history":[{"count":6,"href":"https:\/\/charente.catholique.fr\/est-charente\/wp-json\/wp\/v2\/evenement\/5679\/revisions"}],"predecessor-version":[{"id":5747,"href":"https:\/\/charente.catholique.fr\/est-charente\/wp-json\/wp\/v2\/evenement\/5679\/revisions\/5747"}],"wp:featuredmedia":[{"embeddable":true,"href":"https:\/\/charente.catholique.fr\/est-charente\/wp-json\/wp\/v2\/media\/5655"}],"wp:attachment":[{"href":"https:\/\/charente.catholique.fr\/est-charente\/wp-json\/wp\/v2\/media?parent=5679"}],"wp:term":[{"taxonomy":"category","embeddable":true,"href":"https:\/\/charente.catholique.fr\/est-charente\/wp-json\/wp\/v2\/categories?post=5679"},{"taxonomy":"post_tag","embeddable":true,"href":"https:\/\/charente.catholique.fr\/est-charente\/wp-json\/wp\/v2\/tags?post=5679"}],"curies":[{"name":"wp","href":"https:\/\/api.w.org\/{rel}","templated":true}]}}